{"id":282,"date":"2025-02-15T12:28:25","date_gmt":"2025-02-15T12:28:25","guid":{"rendered":"https:\/\/euroshorts-filmfestival.eu\/?page_id=282"},"modified":"2025-05-31T12:59:41","modified_gmt":"2025-05-31T11:59:41","slug":"elementor-282","status":"publish","type":"page","link":"https:\/\/euroshorts-filmfestival.eu\/es\/","title":{"rendered":"P\u00e1gina principal"},"content":{"rendered":"<p class=\"attachment\"><a href='https:\/\/euroshorts-filmfestival.eu\/wp-content\/uploads\/2025\/05\/Fred-Pauline.png'><img fetchpriority=\"high\" decoding=\"async\" width=\"240\" height=\"300\" src=\"https:\/\/euroshorts-filmfestival.eu\/wp-content\/uploads\/2025\/05\/Fred-Pauline-240x300.png\" class=\"attachment-medium size-medium\" alt=\"\" srcset=\"https:\/\/euroshorts-filmfestival.eu\/wp-content\/uploads\/2025\/05\/Fred-Pauline-240x300.png 240w, https:\/\/euroshorts-filmfestival.eu\/wp-content\/uploads\/2025\/05\/Fred-Pauline-819x1024.png 819w, https:\/\/euroshorts-filmfestival.eu\/wp-content\/uploads\/2025\/05\/Fred-Pauline-768x960.png 768w, https:\/\/euroshorts-filmfestival.eu\/wp-content\/uploads\/2025\/05\/Fred-Pauline-10x12.png 10w, https:\/\/euroshorts-filmfestival.eu\/wp-content\/uploads\/2025\/05\/Fred-Pauline.png 1080w\" sizes=\"(max-width: 240px) 100vw, 240px\" \/><\/a><\/p>\n\t\t<div data-elementor-type=\"wp-page\" data-elementor-id=\"282\" class=\"elementor elementor-282\" data-elementor-post-type=\"page\">\n\t\t\t\t<div class=\"elementor-element elementor-element-226b55 e-flex e-con-boxed wpr-jarallax-no wpr-parallax-no wpr-sticky-section-no e-con e-parent\" data-id=\"226b55\" data-element_type=\"container\" data-settings=\"{&quot;background_background&quot;:&quot;gradient&quot;}\">\n\t\t\t\t\t<div class=\"e-con-inner\">\n\t\t\t\t<div class=\"elementor-element elementor-element-437928e5 wpr-fancy-text-clip elementor-hidden-desktop elementor-hidden-tablet wpr-advanced-text-style-animated wpr-animated-text-infinite-yes elementor-invisible elementor-widget elementor-widget-wpr-advanced-text\" data-id=\"437928e5\" data-element_type=\"widget\" data-settings=\"{&quot;_animation&quot;:&quot;zoomIn&quot;,&quot;anim_loop&quot;:&quot;yes&quot;}\" data-widget_type=\"wpr-advanced-text.default\">\n\t\t\t\t<div class=\"elementor-widget-container\">\n\t\t\t\t\t\n\t\t<h1 class=\"wpr-advanced-text\">\n\n\t\t\t\t\t\n\t\t\t\t\t\t\t<span class=\"wpr-advanced-text-preffix\"><span style=\"color: #014C92\">EURO<\/span><br \/><span style=\"color: #EFAD04\">BERMUDAS<\/span><br \/><\/span>\n\t\t\t\n\t\t<span class=\"wpr-anim-text wpr-anim-text-type-clip\" data-anim-duration=\"1000,2000\" data-anim-loop=\"yes\">\n\t\t\t<span class=\"wpr-anim-text-inner\">\n\t\t\t\t\t\t\t\t\t<b>Festival de Cortometrajes<\/b>\n\t\t\t\t\t\t\t\t\t<b>creatividad<\/b>\n\t\t\t\t\t\t\t\t\t<b>Intercambio cultural<\/b>\n\t\t\t\t\t\t\t\t\t<b>Libertad art\u00edstica<\/b>\n\t\t\t\t\t\t\t\t\t<b>diversidad<\/b>\n\t\t\t\t\t\t\t<\/span>\n\t\t\t<span class=\"wpr-anim-text-cursor\">|<\/span>\t\t<\/span>\n\n\t\t\t\t\n\t\t<\/h1>\n\t\t\n\t\t\t\t\t\t<\/div>\n\t\t\t\t<\/div>\n\t\t\t\t<div class=\"elementor-element elementor-element-1d1b609f wpr-fancy-text-clip elementor-hidden-mobile wpr-advanced-text-style-animated wpr-animated-text-infinite-yes elementor-invisible elementor-widget elementor-widget-wpr-advanced-text\" data-id=\"1d1b609f\" data-element_type=\"widget\" data-settings=\"{&quot;_animation&quot;:&quot;zoomIn&quot;,&quot;anim_loop&quot;:&quot;yes&quot;}\" data-widget_type=\"wpr-advanced-text.default\">\n\t\t\t\t<div class=\"elementor-widget-container\">\n\t\t\t\t\t\n\t\t<h1 class=\"wpr-advanced-text\">\n\n\t\t\t\t\t\n\t\t\t\t\t\t\t<span class=\"wpr-advanced-text-preffix\"><span style=\"color: #014C92\">EURO<\/span><span style=\"color: #EFAD04\">BERMUDAS<\/span><br \/><\/span>\n\t\t\t\n\t\t<span class=\"wpr-anim-text wpr-anim-text-type-clip\" data-anim-duration=\"1000,2000\" data-anim-loop=\"yes\">\n\t\t\t<span class=\"wpr-anim-text-inner\">\n\t\t\t\t\t\t\t\t\t<b>Festival de Cortometrajes<\/b>\n\t\t\t\t\t\t\t\t\t<b>creatividad<\/b>\n\t\t\t\t\t\t\t\t\t<b>Intercambio cultural<\/b>\n\t\t\t\t\t\t\t\t\t<b>Libertad art\u00edstica<\/b>\n\t\t\t\t\t\t\t\t\t<b>diversidad<\/b>\n\t\t\t\t\t\t\t<\/span>\n\t\t\t<span class=\"wpr-anim-text-cursor\">|<\/span>\t\t<\/span>\n\n\t\t\t\t\n\t\t<\/h1>\n\t\t\n\t\t\t\t\t\t<\/div>\n\t\t\t\t<\/div>\n\t\t\t\t<div class=\"elementor-element elementor-element-770c5d62 elementor-widget elementor-widget-image\" data-id=\"770c5d62\" data-element_type=\"widget\" data-widget_type=\"image.default\">\n\t\t\t\t<div class=\"elementor-widget-container\">\n\t\t\t\t\t\t\t\t\t\t\t\t\t\t\t<img decoding=\"async\" width=\"300\" height=\"176\" src=\"https:\/\/euroshorts-filmfestival.eu\/wp-content\/uploads\/2025\/02\/Logo-Euroshorts-300x176.png\" class=\"attachment-medium size-medium wp-image-237\" alt=\"\" srcset=\"https:\/\/euroshorts-filmfestival.eu\/wp-content\/uploads\/2025\/02\/Logo-Euroshorts-300x176.png 300w, https:\/\/euroshorts-filmfestival.eu\/wp-content\/uploads\/2025\/02\/Logo-Euroshorts-1024x601.png 1024w, https:\/\/euroshorts-filmfestival.eu\/wp-content\/uploads\/2025\/02\/Logo-Euroshorts-768x451.png 768w, https:\/\/euroshorts-filmfestival.eu\/wp-content\/uploads\/2025\/02\/Logo-Euroshorts-1536x901.png 1536w, https:\/\/euroshorts-filmfestival.eu\/wp-content\/uploads\/2025\/02\/Logo-Euroshorts.png 2023w\" sizes=\"(max-width: 300px) 100vw, 300px\" \/>\t\t\t\t\t\t\t\t\t\t\t\t\t\t\t<\/div>\n\t\t\t\t<\/div>\n\t\t\t\t\t<\/div>\n\t\t\t\t<\/div>\n\t\t<div class=\"elementor-element elementor-element-18bc4d0 e-flex e-con-boxed wpr-particle-no wpr-jarallax-no wpr-parallax-no wpr-sticky-section-no e-con e-parent\" data-id=\"18bc4d0\" data-element_type=\"container\" data-settings=\"{&quot;background_background&quot;:&quot;classic&quot;}\">\n\t\t\t\t\t<div class=\"e-con-inner\">\n\t\t\t\t<div class=\"elementor-element elementor-element-604ffdb elementor-headline--style-highlight elementor-widget elementor-widget-animated-headline\" data-id=\"604ffdb\" data-element_type=\"widget\" data-settings=\"{&quot;marker&quot;:&quot;double_underline&quot;,&quot;highlighted_text&quot;:&quot;Euroshorts Filmfestival&quot;,&quot;headline_style&quot;:&quot;highlight&quot;,&quot;loop&quot;:&quot;yes&quot;,&quot;highlight_animation_duration&quot;:1200,&quot;highlight_iteration_delay&quot;:8000}\" data-widget_type=\"animated-headline.default\">\n\t\t\t\t<div class=\"elementor-widget-container\">\n\t\t\t\t\t\t\t<h3 class=\"elementor-headline\">\n\t\t\t\t\t<span class=\"elementor-headline-plain-text elementor-headline-text-wrapper\">31.05.2025 Final de la<\/span>\n\t\t\t\t<span class=\"elementor-headline-dynamic-wrapper elementor-headline-text-wrapper\">\n\t\t\t\t\t<span class=\"elementor-headline-dynamic-text elementor-headline-text-active\">Festival de Cine Euroshorts<\/span>\n\t\t\t\t<\/span>\n\t\t\t\t<\/h3>\n\t\t\t\t\t\t<\/div>\n\t\t\t\t<\/div>\n\t\t\t\t<div class=\"elementor-element elementor-element-891a109 elementor-widget elementor-widget-image\" data-id=\"891a109\" data-element_type=\"widget\" data-widget_type=\"image.default\">\n\t\t\t\t<div class=\"elementor-widget-container\">\n\t\t\t\t\t\t\t\t\t\t\t\t\t\t\t<img decoding=\"async\" width=\"821\" height=\"1024\" src=\"https:\/\/euroshorts-filmfestival.eu\/wp-content\/uploads\/2025\/05\/Screenshot-2025-05-31-135022-821x1024.png\" class=\"attachment-large size-large wp-image-674\" alt=\"\" srcset=\"https:\/\/euroshorts-filmfestival.eu\/wp-content\/uploads\/2025\/05\/Screenshot-2025-05-31-135022-821x1024.png 821w, https:\/\/euroshorts-filmfestival.eu\/wp-content\/uploads\/2025\/05\/Screenshot-2025-05-31-135022-240x300.png 240w, https:\/\/euroshorts-filmfestival.eu\/wp-content\/uploads\/2025\/05\/Screenshot-2025-05-31-135022-768x958.png 768w, https:\/\/euroshorts-filmfestival.eu\/wp-content\/uploads\/2025\/05\/Screenshot-2025-05-31-135022-1231x1536.png 1231w, https:\/\/euroshorts-filmfestival.eu\/wp-content\/uploads\/2025\/05\/Screenshot-2025-05-31-135022-10x12.png 10w, https:\/\/euroshorts-filmfestival.eu\/wp-content\/uploads\/2025\/05\/Screenshot-2025-05-31-135022.png 1462w\" sizes=\"(max-width: 821px) 100vw, 821px\" \/>\t\t\t\t\t\t\t\t\t\t\t\t\t\t\t<\/div>\n\t\t\t\t<\/div>\n\t\t\t\t<div class=\"elementor-element elementor-element-ef72451 elementor-widget elementor-widget-heading\" data-id=\"ef72451\" data-element_type=\"widget\" data-widget_type=\"heading.default\">\n\t\t\t\t<div class=\"elementor-widget-container\">\n\t\t\t\t\t<h1 class=\"elementor-heading-title elementor-size-default\">a partir de las 19:00 horas en el Schauspielhaus Dortmund <br><\/h1>\t\t\t\t<\/div>\n\t\t\t\t<\/div>\n\t\t<div class=\"elementor-element elementor-element-bbf058c e-grid e-con-full wpr-particle-no wpr-jarallax-no wpr-parallax-no wpr-sticky-section-no e-con e-child\" data-id=\"bbf058c\" data-element_type=\"container\">\n\t\t\t\t<div class=\"elementor-element elementor-element-c922de6 elementor-align-center elementor-widget elementor-widget-button\" data-id=\"c922de6\" data-element_type=\"widget\" data-widget_type=\"button.default\">\n\t\t\t\t<div class=\"elementor-widget-container\">\n\t\t\t\t\t\t\t\t\t<div class=\"elementor-button-wrapper\">\n\t\t\t\t\t<a class=\"elementor-button elementor-button-link elementor-size-sm\" href=\"https:\/\/www.theaterdo.de\/produktionen\/detail\/abschluss-der-europaeischen-filmfestival-woche\/\">\n\t\t\t\t\t\t<span class=\"elementor-button-content-wrapper\">\n\t\t\t\t\t\t\t\t\t<span class=\"elementor-button-text\">M\u00e1s informaci\u00f3n<\/span>\n\t\t\t\t\t<\/span>\n\t\t\t\t\t<\/a>\n\t\t\t\t<\/div>\n\t\t\t\t\t\t\t\t<\/div>\n\t\t\t\t<\/div>\n\t\t\t\t<div class=\"elementor-element elementor-element-708ec4b elementor-align-center elementor-widget elementor-widget-button\" data-id=\"708ec4b\" data-element_type=\"widget\" data-widget_type=\"button.default\">\n\t\t\t\t<div class=\"elementor-widget-container\">\n\t\t\t\t\t\t\t\t\t<div class=\"elementor-button-wrapper\">\n\t\t\t\t\t<a class=\"elementor-button elementor-button-link elementor-size-sm\" href=\"https:\/\/ticket.theaterdo.de\/eventim.webshop\/webticket\/seatmap?eventId=12822\">\n\t\t\t\t\t\t<span class=\"elementor-button-content-wrapper\">\n\t\t\t\t\t\t\t\t\t<span class=\"elementor-button-text\">Comprar entradas<\/span>\n\t\t\t\t\t<\/span>\n\t\t\t\t\t<\/a>\n\t\t\t\t<\/div>\n\t\t\t\t\t\t\t\t<\/div>\n\t\t\t\t<\/div>\n\t\t\t\t<\/div>\n\t\t\t\t<div class=\"elementor-element elementor-element-fb3b7fd elementor-widget elementor-widget-text-editor\" data-id=\"fb3b7fd\" data-element_type=\"widget\" data-widget_type=\"text-editor.default\">\n\t\t\t\t<div class=\"elementor-widget-container\">\n\t\t\t\t\t\t\t\t\t<p><strong>Hiltropwall 15, 44137 Dortmund<\/strong><\/p><p><strong>Parada de metro Stadtgarten<\/strong><\/p><p><strong>Las entradas individuales para el evento tambi\u00e9n se pueden adquirir en taquilla.<\/strong><\/p>\t\t\t\t\t\t\t\t<\/div>\n\t\t\t\t<\/div>\n\t\t<div class=\"elementor-element elementor-element-57bc695 e-con-full e-flex wpr-particle-no wpr-jarallax-no wpr-parallax-no wpr-sticky-section-no e-con e-child\" data-id=\"57bc695\" data-element_type=\"container\">\n\t\t\t\t<div class=\"elementor-element elementor-element-ca7ced2 elementor-widget elementor-widget-video\" data-id=\"ca7ced2\" data-element_type=\"widget\" data-settings=\"{&quot;video_type&quot;:&quot;vimeo&quot;}\" data-widget_type=\"video.default\">\n\t\t\t\t<div class=\"elementor-widget-container\">\n\t\t\t\t\t\t\t<div class=\"elementor-wrapper elementor-open-inline\">\n\t\t\t<iframe class=\"elementor-video-iframe\" allowfullscreen allow=\"clipboard-write\" title=\"Reproductor de v\u00eddeo de Vimeo\" src=\"https:\/\/player.vimeo.com\/video\/1088003729?color&amp;autopause=0&amp;loop=0&amp;muted=0&amp;title=1&amp;portrait=1&amp;byline=1#t=\"><\/iframe>\t\t<\/div>\n\t\t\t\t\t\t<\/div>\n\t\t\t\t<\/div>\n\t\t\t\t<\/div>\n\t\t\t\t<div class=\"elementor-element elementor-element-ecf4028 elementor-widget elementor-widget-heading\" data-id=\"ecf4028\" data-element_type=\"widget\" data-widget_type=\"heading.default\">\n\t\t\t\t<div class=\"elementor-widget-container\">\n\t\t\t\t\t<h1 class=\"elementor-heading-title elementor-size-default\">Festival de Cine Euroshorts<\/h1>\t\t\t\t<\/div>\n\t\t\t\t<\/div>\n\t\t\t\t<div class=\"elementor-element elementor-element-d224263 elementor-widget elementor-widget-text-editor\" data-id=\"d224263\" data-element_type=\"widget\" data-widget_type=\"text-editor.default\">\n\t\t\t\t<div class=\"elementor-widget-container\">\n\t\t\t\t\t\t\t\t\t<p>\u00a1Por primera vez Dortmund invita a Europa al EuroShorts Film Festival! Te espera una semana llena de emoci\u00f3n, risas y pel\u00edculas que invitan a la reflexi\u00f3n: entretenimiento fant\u00e1stico de cineastas europeos.<\/p><p>Europa como hu\u00e9sped de amigos: una frase muy utilizada y que suena bien en t\u00e9rminos publicitarios. Pero en Dortmund \u00a1se vive! Aqu\u00ed, en el coraz\u00f3n de Renania del Norte-Westfalia, se sienten como en casa 81 nacionalidades diferentes. Dortmund es una ciudad diversa, llena de color y diversidad vivida. Aunque para algunos extranjeros Dortmund todav\u00eda se asocia con acero y carb\u00f3n, \u00a1nuestra ciudad no es nada gris!<\/p><p>Durante la Semana de Europa se ofrecer\u00e1n festivales de cine sobre diferentes tem\u00e1ticas en cuatro cines de arte y ensayo diferentes. Cada noche, el p\u00fablico tiene mucho que elegir: elige las dos mejores pel\u00edculas del d\u00eda. Las obras se presentar\u00e1n nuevamente la noche final en el Teatro de Dortmund y ser\u00e1n evaluadas por un jurado de expertos de la pol\u00edtica, los medios de comunicaci\u00f3n y la cultura.<\/p><p>Los festivales de cine son:<\/p>\t\t\t\t\t\t\t\t<\/div>\n\t\t\t\t<\/div>\n\t\t\t\t<div class=\"elementor-element elementor-element-289cdae wpr-list-style-none elementor-widget elementor-widget-wpr-posts-timeline\" data-id=\"289cdae\" data-element_type=\"widget\" data-settings=\"{&quot;animation_offset&quot;:150,&quot;aos_animation_duration&quot;:600}\" data-widget_type=\"wpr-posts-timeline.default\">\n\t\t\t\t<div class=\"elementor-widget-container\">\n\t\t\t\t\t\n\t\t<div class=\"wpr-wrapper wpr-vertical wpr-centered\">\n\t\t\t<div class=\"wpr-timeline-centered wpr-line wpr-both-sided-timeline\"><div class=\"wpr-middle-line\"><\/div><div class=\"wpr-timeline-fill\" data-layout=\"centered\"><\/div><span class=\"wpr-year-wrap\"><span class=\"wpr-year-label wpr-year\">2025<\/span><\/span><article class=\"wpr-timeline-entry wpr-left-aligned elementor-repeater-item-a6fc4f3\" data-item-id=\"elementor-repeater-item-a6fc4f3\"><time class=\"wpr-extra-label\" data-aos=\"fade\" data-aos-left=\"\" data-aos-right=\"\" data-animation-offset=\"150\" data-animation-duration=\"600\"><span class=\"wpr-label\">27.05.2025<\/span><span class=\"wpr-sub-label\">Dulces diecis\u00e9is<\/span><\/time><div class=\"wpr-timeline-entry-inner\"><div class=\"wpr-main-line-icon wpr-icon\"><svg aria-hidden=\"true\" class=\"e-font-icon-svg e-far-calendar-alt\" viewbox=\"0 0 448 512\" xmlns=\"http:\/\/www.w3.org\/2000\/svg\"><path d=\"M148 288h-40c-6.6 0-12-5.4-12-12v-40c0-6.6 5.4-12 12-12h40c6.6 0 12 5.4 12 12v40c0 6.6-5.4 12-12 12zm108-12v-40c0-6.6-5.4-12-12-12h-40c-6.6 0-12 5.4-12 12v40c0 6.6 5.4 12 12 12h40c6.6 0 12-5.4 12-12zm96 0v-40c0-6.6-5.4-12-12-12h-40c-6.6 0-12 5.4-12 12v40c0 6.6 5.4 12 12 12h40c6.6 0 12-5.4 12-12zm-96 96v-40c0-6.6-5.4-12-12-12h-40c-6.6 0-12 5.4-12 12v40c0 6.6 5.4 12 12 12h40c6.6 0 12-5.4 12-12zm-96 0v-40c0-6.6-5.4-12-12-12h-40c-6.6 0-12 5.4-12 12v40c0 6.6 5.4 12 12 12h40c6.6 0 12-5.4 12-12zm192 0v-40c0-6.6-5.4-12-12-12h-40c-6.6 0-12 5.4-12 12v40c0 6.6 5.4 12 12 12h40c6.6 0 12-5.4 12-12zm96-260v352c0 26.5-21.5 48-48 48H48c-26.5 0-48-21.5-48-48V112c0-26.5 21.5-48 48-48h48V12c0-6.6 5.4-12 12-12h40c6.6 0 12 5.4 12 12v52h128V12c0-6.6 5.4-12 12-12h40c6.6 0 12 5.4 12 12v52h48c26.5 0 48 21.5 48 48zm-48 346V160H48v298c0 3.3 2.7 6 6 6h340c3.3 0 6-2.7 6-6z\"><\/path><\/svg><\/div><div class=\"wpr-story-info-vertical wpr-data-wrap\"  data-aos=\"fade\" data-aos-left=\"\" data-aos-right=\"\" data-animation-offset=\"150\" data-animation-duration=\"600\"><div class=\"wpr-animation-wrap wpr-timeline-media\"><img loading=\"lazy\" decoding=\"async\" width=\"706\" height=\"240\" src=\"https:\/\/euroshorts-filmfestival.eu\/wp-content\/uploads\/2025\/02\/308625652_461430249338656_4277463132029065821_n2.png\" class=\"attachment-full size-full\" alt=\"\" srcset=\"https:\/\/euroshorts-filmfestival.eu\/wp-content\/uploads\/2025\/02\/308625652_461430249338656_4277463132029065821_n2.png 706w, https:\/\/euroshorts-filmfestival.eu\/wp-content\/uploads\/2025\/02\/308625652_461430249338656_4277463132029065821_n2-300x102.png 300w\" sizes=\"(max-width: 706px) 100vw, 706px\" \/><\/div><div class=\"wpr-timeline-content-wrapper\"><div class=\"wpr-content-wrapper\"><p class=\"wpr-title-wrap\"><a href=\"https:\/\/www.sweetsixteen-kino.de\/eintritt-oeffnungszeiten\/\" target=\"_blank\" rel=\"nofollow\" class=\"wpr-title\">Colorido: Celebrando la diversidad de colores y cultura de Europa<\/a><\/p><div class=\"wpr-description\"><p>La diversidad nos hace \u00fanicos. Todos los seres humanos somos diferentes y eso es exactamente lo que debemos preservar y celebrar. Europa es colorida y compartimos valores comunes: libertad, apertura y diversidad. La diversidad y la inclusi\u00f3n est\u00e1n en el coraz\u00f3n del proyecto, ya sea en t\u00e9rminos de cultura, g\u00e9nero, sexualidad o historias personales. Inspir\u00e9monos juntos, construyamos puentes y celebremos la diversidad de Europa.<\/p><p>Puede encontrar m\u00e1s informaci\u00f3n sobre los eventos que se celebrar\u00e1n en el Sweet Sixteen Cinema aqu\u00ed:<br \/><strong><a style=\"color: white\" href=\"https:\/\/www.sweetsixteen-kino.de\/eintritt-oeffnungszeiten\/\">ENLACE<\/a><\/strong><\/p><\/div><\/div><\/div><\/div>\n\t\t\t\t\t\t<\/div>\n\t\t\t\t<\/article><article class=\"wpr-timeline-entry wpr-right-aligned elementor-repeater-item-61b86eb\" data-item-id=\"elementor-repeater-item-61b86eb\"><time class=\"wpr-extra-label\" data-aos=\"fade\" data-aos-left=\"\" data-aos-right=\"\" data-animation-offset=\"150\" data-animation-duration=\"600\"><span class=\"wpr-label\">28.05.2025<\/span><span class=\"wpr-sub-label\">Universidad de Dortmund<\/span><\/time><div class=\"wpr-timeline-entry-inner\"><div class=\"wpr-main-line-icon wpr-icon\"><svg aria-hidden=\"true\" class=\"e-font-icon-svg e-far-calendar-alt\" viewbox=\"0 0 448 512\" xmlns=\"http:\/\/www.w3.org\/2000\/svg\"><path d=\"M148 288h-40c-6.6 0-12-5.4-12-12v-40c0-6.6 5.4-12 12-12h40c6.6 0 12 5.4 12 12v40c0 6.6-5.4 12-12 12zm108-12v-40c0-6.6-5.4-12-12-12h-40c-6.6 0-12 5.4-12 12v40c0 6.6 5.4 12 12 12h40c6.6 0 12-5.4 12-12zm96 0v-40c0-6.6-5.4-12-12-12h-40c-6.6 0-12 5.4-12 12v40c0 6.6 5.4 12 12 12h40c6.6 0 12-5.4 12-12zm-96 96v-40c0-6.6-5.4-12-12-12h-40c-6.6 0-12 5.4-12 12v40c0 6.6 5.4 12 12 12h40c6.6 0 12-5.4 12-12zm-96 0v-40c0-6.6-5.4-12-12-12h-40c-6.6 0-12 5.4-12 12v40c0 6.6 5.4 12 12 12h40c6.6 0 12-5.4 12-12zm192 0v-40c0-6.6-5.4-12-12-12h-40c-6.6 0-12 5.4-12 12v40c0 6.6 5.4 12 12 12h40c6.6 0 12-5.4 12-12zm96-260v352c0 26.5-21.5 48-48 48H48c-26.5 0-48-21.5-48-48V112c0-26.5 21.5-48 48-48h48V12c0-6.6 5.4-12 12-12h40c6.6 0 12 5.4 12 12v52h128V12c0-6.6 5.4-12 12-12h40c6.6 0 12 5.4 12 12v52h48c26.5 0 48 21.5 48 48zm-48 346V160H48v298c0 3.3 2.7 6 6 6h340c3.3 0 6-2.7 6-6z\"><\/path><\/svg><\/div><div class=\"wpr-story-info-vertical wpr-data-wrap\"  data-aos=\"fade\" data-aos-left=\"\" data-aos-right=\"\" data-animation-offset=\"150\" data-animation-duration=\"600\"><div class=\"wpr-animation-wrap wpr-timeline-media\"><img loading=\"lazy\" decoding=\"async\" width=\"4010\" height=\"435\" src=\"https:\/\/euroshorts-filmfestival.eu\/wp-content\/uploads\/2025\/03\/Dortmunder_U_01_Wortmarke_01_ohne_Zusatz_RGB_weiss.png\" class=\"attachment-full size-full\" alt=\"\" srcset=\"https:\/\/euroshorts-filmfestival.eu\/wp-content\/uploads\/2025\/03\/Dortmunder_U_01_Wortmarke_01_ohne_Zusatz_RGB_weiss.png 4010w, https:\/\/euroshorts-filmfestival.eu\/wp-content\/uploads\/2025\/03\/Dortmunder_U_01_Wortmarke_01_ohne_Zusatz_RGB_weiss-300x33.png 300w, https:\/\/euroshorts-filmfestival.eu\/wp-content\/uploads\/2025\/03\/Dortmunder_U_01_Wortmarke_01_ohne_Zusatz_RGB_weiss-1024x111.png 1024w, https:\/\/euroshorts-filmfestival.eu\/wp-content\/uploads\/2025\/03\/Dortmunder_U_01_Wortmarke_01_ohne_Zusatz_RGB_weiss-768x83.png 768w, https:\/\/euroshorts-filmfestival.eu\/wp-content\/uploads\/2025\/03\/Dortmunder_U_01_Wortmarke_01_ohne_Zusatz_RGB_weiss-1536x167.png 1536w, https:\/\/euroshorts-filmfestival.eu\/wp-content\/uploads\/2025\/03\/Dortmunder_U_01_Wortmarke_01_ohne_Zusatz_RGB_weiss-2048x222.png 2048w\" sizes=\"(max-width: 4010px) 100vw, 4010px\" \/><\/div><div class=\"wpr-timeline-content-wrapper\"><div class=\"wpr-content-wrapper\"><p class=\"wpr-title-wrap\"><span class=\"wpr-title\">Responsabilidad Europea \u2013 Juntos por un futuro mejor<\/span><\/p><div class=\"wpr-description\"><p>S\u00f3lo tenemos un planeta y la responsabilidad de protegerlo. Pero la sostenibilidad significa m\u00e1s que la protecci\u00f3n del medio ambiente. Tambi\u00e9n se trata de c\u00f3mo nos tratamos unos a otros como sociedad. \u00bfC\u00f3mo podemos hacer nuestras vidas m\u00e1s conscientes, m\u00e1s justas y m\u00e1s sostenibles? Este festival busca cortometrajes inspiradores que presenten soluciones, estimulen el pensamiento y abran nuevas perspectivas para un mundo sostenible en el que el medio ambiente y la comunidad est\u00e9n en armon\u00eda.<\/p><\/div><\/div><\/div><\/div>\n\t\t\t\t\t\t<\/div>\n\t\t\t\t<\/article><article class=\"wpr-timeline-entry wpr-left-aligned elementor-repeater-item-c44e113\" data-item-id=\"elementor-repeater-item-c44e113\"><time class=\"wpr-extra-label\" data-aos=\"fade\" data-aos-left=\"\" data-aos-right=\"\" data-animation-offset=\"150\" data-animation-duration=\"600\"><span class=\"wpr-label\">29.05.2025<\/span><span class=\"wpr-sub-label\">Schauburg<\/span><\/time><div class=\"wpr-timeline-entry-inner\"><div class=\"wpr-main-line-icon wpr-icon\"><svg aria-hidden=\"true\" class=\"e-font-icon-svg e-far-calendar-alt\" viewbox=\"0 0 448 512\" xmlns=\"http:\/\/www.w3.org\/2000\/svg\"><path d=\"M148 288h-40c-6.6 0-12-5.4-12-12v-40c0-6.6 5.4-12 12-12h40c6.6 0 12 5.4 12 12v40c0 6.6-5.4 12-12 12zm108-12v-40c0-6.6-5.4-12-12-12h-40c-6.6 0-12 5.4-12 12v40c0 6.6 5.4 12 12 12h40c6.6 0 12-5.4 12-12zm96 0v-40c0-6.6-5.4-12-12-12h-40c-6.6 0-12 5.4-12 12v40c0 6.6 5.4 12 12 12h40c6.6 0 12-5.4 12-12zm-96 96v-40c0-6.6-5.4-12-12-12h-40c-6.6 0-12 5.4-12 12v40c0 6.6 5.4 12 12 12h40c6.6 0 12-5.4 12-12zm-96 0v-40c0-6.6-5.4-12-12-12h-40c-6.6 0-12 5.4-12 12v40c0 6.6 5.4 12 12 12h40c6.6 0 12-5.4 12-12zm192 0v-40c0-6.6-5.4-12-12-12h-40c-6.6 0-12 5.4-12 12v40c0 6.6 5.4 12 12 12h40c6.6 0 12-5.4 12-12zm96-260v352c0 26.5-21.5 48-48 48H48c-26.5 0-48-21.5-48-48V112c0-26.5 21.5-48 48-48h48V12c0-6.6 5.4-12 12-12h40c6.6 0 12 5.4 12 12v52h128V12c0-6.6 5.4-12 12-12h40c6.6 0 12 5.4 12 12v52h48c26.5 0 48 21.5 48 48zm-48 346V160H48v298c0 3.3 2.7 6 6 6h340c3.3 0 6-2.7 6-6z\"><\/path><\/svg><\/div><div class=\"wpr-story-info-vertical wpr-data-wrap\"  data-aos=\"fade\" data-aos-left=\"\" data-aos-right=\"\" data-animation-offset=\"150\" data-animation-duration=\"600\"><div class=\"wpr-animation-wrap wpr-timeline-media\"><img loading=\"lazy\" decoding=\"async\" width=\"280\" height=\"70\" src=\"https:\/\/euroshorts-filmfestival.eu\/wp-content\/uploads\/2025\/02\/NpthXNPXbDkmF3Zro9lNdafgeJOAYY5hzF28C3Vd.png\" class=\"attachment-full size-full\" alt=\"\" \/><\/div><div class=\"wpr-timeline-content-wrapper\"><div class=\"wpr-content-wrapper\"><p class=\"wpr-title-wrap\"><span class=\"wpr-title\">Riendo sin fronteras: los cortos m\u00e1s divertidos de Europa<\/span><\/p><div class=\"wpr-description\"><p>La risa es el lenguaje universal que nos conecta a todos: la mejor medicina contra la vida cotidiana, contra las preocupaciones, contra los l\u00edmites. \u00a1Estamos buscando los cortometrajes m\u00e1s divertidos y encantadores de Europa! Ya se trate del sutil humor franc\u00e9s, del humor italiano lleno de energ\u00eda o de los chistes maravillosamente extravagantes de Escandinavia, nadie permanecer\u00e1 con los ojos secos esta noche. \u00bfListo para un viaje humor\u00edstico por Europa? \u00a1Entonces trabajemos juntos nuestros m\u00fasculos de la risa!<\/p><\/div><\/div><\/div><\/div>\n\t\t\t\t\t\t<\/div>\n\t\t\t\t<\/article><article class=\"wpr-timeline-entry wpr-right-aligned elementor-repeater-item-f8c9aae\" data-item-id=\"elementor-repeater-item-f8c9aae\"><time class=\"wpr-extra-label\" data-aos=\"fade\" data-aos-left=\"\" data-aos-right=\"\" data-animation-offset=\"150\" data-animation-duration=\"600\"><span class=\"wpr-label\">30.05.2025<\/span><span class=\"wpr-sub-label\">Roxy<\/span><\/time><div class=\"wpr-timeline-entry-inner\"><div class=\"wpr-main-line-icon wpr-icon\"><svg aria-hidden=\"true\" class=\"e-font-icon-svg e-far-calendar-alt\" viewbox=\"0 0 448 512\" xmlns=\"http:\/\/www.w3.org\/2000\/svg\"><path d=\"M148 288h-40c-6.6 0-12-5.4-12-12v-40c0-6.6 5.4-12 12-12h40c6.6 0 12 5.4 12 12v40c0 6.6-5.4 12-12 12zm108-12v-40c0-6.6-5.4-12-12-12h-40c-6.6 0-12 5.4-12 12v40c0 6.6 5.4 12 12 12h40c6.6 0 12-5.4 12-12zm96 0v-40c0-6.6-5.4-12-12-12h-40c-6.6 0-12 5.4-12 12v40c0 6.6 5.4 12 12 12h40c6.6 0 12-5.4 12-12zm-96 96v-40c0-6.6-5.4-12-12-12h-40c-6.6 0-12 5.4-12 12v40c0 6.6 5.4 12 12 12h40c6.6 0 12-5.4 12-12zm-96 0v-40c0-6.6-5.4-12-12-12h-40c-6.6 0-12 5.4-12 12v40c0 6.6 5.4 12 12 12h40c6.6 0 12-5.4 12-12zm192 0v-40c0-6.6-5.4-12-12-12h-40c-6.6 0-12 5.4-12 12v40c0 6.6 5.4 12 12 12h40c6.6 0 12-5.4 12-12zm96-260v352c0 26.5-21.5 48-48 48H48c-26.5 0-48-21.5-48-48V112c0-26.5 21.5-48 48-48h48V12c0-6.6 5.4-12 12-12h40c6.6 0 12 5.4 12 12v52h128V12c0-6.6 5.4-12 12-12h40c6.6 0 12 5.4 12 12v52h48c26.5 0 48 21.5 48 48zm-48 346V160H48v298c0 3.3 2.7 6 6 6h340c3.3 0 6-2.7 6-6z\"><\/path><\/svg><\/div><div class=\"wpr-story-info-vertical wpr-data-wrap\"  data-aos=\"fade\" data-aos-left=\"\" data-aos-right=\"\" data-animation-offset=\"150\" data-animation-duration=\"600\"><div class=\"wpr-animation-wrap wpr-timeline-media\"><img decoding=\"async\" src=\"https:\/\/euroshorts-filmfestival.eu\/wp-content\/uploads\/2025\/02\/roxy-logo.svg\" class=\"attachment-full size-full\" alt=\"\" \/><\/div><div class=\"wpr-timeline-content-wrapper\"><div class=\"wpr-content-wrapper\"><p class=\"wpr-title-wrap\"><a href=\"https:\/\/www.roxy-lichtspielhaus.de\/monatsprogramm\/\" target=\"_blank\" rel=\"nofollow\" class=\"wpr-title\">Unidos en la Amistad \u2013 Historias de Uni\u00f3n<\/a><\/p><div class=\"wpr-description\"><p>\u201cUn amigo, un buen amigo\u201d: eso cantaba Heinz R\u00fchmann, y no podr\u00eda ser m\u00e1s acertado. La amistad es la base de nuestra uni\u00f3n. No conoce fronteras, ni diferencias, s\u00f3lo conexi\u00f3n. \u00bfQu\u00e9 ser\u00edamos sin amigos? \u00bfSin los momentos que nos unen, sin las risas que compartimos? Buscamos pel\u00edculas que celebren exactamente eso: la uni\u00f3n, el poder de la comunidad y el significado de la verdadera amistad, m\u00e1s all\u00e1 de todas las fronteras. Porque la amistad no es s\u00f3lo un sentimiento, es un v\u00ednculo que nos conecta.<\/p><p>Puede encontrar m\u00e1s informaci\u00f3n sobre los eventos en el Cine Roxy aqu\u00ed:<br \/><strong><a style=\"color: white\" href=\"https:\/\/www.roxy-lichtspielhaus.de\/monatsprogramm\/\">ENLACE<\/a><\/strong><\/p><\/div><\/div><\/div><\/div>\n\t\t\t\t\t\t<\/div>\n\t\t\t\t<\/article><article class=\"wpr-timeline-entry wpr-left-aligned elementor-repeater-item-a9578d9\" data-item-id=\"elementor-repeater-item-a9578d9\"><time class=\"wpr-extra-label\" data-aos=\"fade\" data-aos-left=\"\" data-aos-right=\"\" data-animation-offset=\"150\" data-animation-duration=\"600\"><span class=\"wpr-label\">31.05.2025<\/span><span class=\"wpr-sub-label\">Teatro Dortmund<\/span><\/time><div class=\"wpr-timeline-entry-inner\"><div class=\"wpr-main-line-icon wpr-icon\"><svg aria-hidden=\"true\" class=\"e-font-icon-svg e-far-calendar-alt\" viewbox=\"0 0 448 512\" xmlns=\"http:\/\/www.w3.org\/2000\/svg\"><path d=\"M148 288h-40c-6.6 0-12-5.4-12-12v-40c0-6.6 5.4-12 12-12h40c6.6 0 12 5.4 12 12v40c0 6.6-5.4 12-12 12zm108-12v-40c0-6.6-5.4-12-12-12h-40c-6.6 0-12 5.4-12 12v40c0 6.6 5.4 12 12 12h40c6.6 0 12-5.4 12-12zm96 0v-40c0-6.6-5.4-12-12-12h-40c-6.6 0-12 5.4-12 12v40c0 6.6 5.4 12 12 12h40c6.6 0 12-5.4 12-12zm-96 96v-40c0-6.6-5.4-12-12-12h-40c-6.6 0-12 5.4-12 12v40c0 6.6 5.4 12 12 12h40c6.6 0 12-5.4 12-12zm-96 0v-40c0-6.6-5.4-12-12-12h-40c-6.6 0-12 5.4-12 12v40c0 6.6 5.4 12 12 12h40c6.6 0 12-5.4 12-12zm192 0v-40c0-6.6-5.4-12-12-12h-40c-6.6 0-12 5.4-12 12v40c0 6.6 5.4 12 12 12h40c6.6 0 12-5.4 12-12zm96-260v352c0 26.5-21.5 48-48 48H48c-26.5 0-48-21.5-48-48V112c0-26.5 21.5-48 48-48h48V12c0-6.6 5.4-12 12-12h40c6.6 0 12 5.4 12 12v52h128V12c0-6.6 5.4-12 12-12h40c6.6 0 12 5.4 12 12v52h48c26.5 0 48 21.5 48 48zm-48 346V160H48v298c0 3.3 2.7 6 6 6h340c3.3 0 6-2.7 6-6z\"><\/path><\/svg><\/div><div class=\"wpr-story-info-vertical wpr-data-wrap\"  data-aos=\"fade\" data-aos-left=\"\" data-aos-right=\"\" data-animation-offset=\"150\" data-animation-duration=\"600\"><div class=\"wpr-animation-wrap wpr-timeline-media\"><img loading=\"lazy\" decoding=\"async\" width=\"350\" height=\"250\" src=\"https:\/\/euroshorts-filmfestival.eu\/wp-content\/uploads\/2025\/03\/tdo-logo_1_RGB-wei\u251c\u0192.png\" class=\"attachment-full size-full\" alt=\"\" srcset=\"https:\/\/euroshorts-filmfestival.eu\/wp-content\/uploads\/2025\/03\/tdo-logo_1_RGB-wei\u251c\u0192.png 350w, https:\/\/euroshorts-filmfestival.eu\/wp-content\/uploads\/2025\/03\/tdo-logo_1_RGB-wei\u251c\u0192-300x214.png 300w\" sizes=\"(max-width: 350px) 100vw, 350px\" \/><\/div><div class=\"wpr-timeline-content-wrapper\"><div class=\"wpr-content-wrapper\"><p class=\"wpr-title-wrap\"><a href=\"https:\/\/ticket.theaterdo.de\/eventim.webshop\/webticket\/seatmap?eventId=12822\" target=\"_blank\" rel=\"nofollow\" class=\"wpr-title\">final<\/a><\/p><div class=\"wpr-description\"><p>Las entradas para la final de la Semana de Festivales de Cine Europeo en el Teatro Dortmund tambi\u00e9n se pueden comprar aqu\u00ed: <br \/><strong><a style=\"color: white\" href=\"https:\/\/ticket.theaterdo.de\/eventim.webshop\/webticket\/seatmap?eventId=12822\">ENLACE<\/a><\/strong><\/p><\/div><\/div><\/div><\/div>\n\t\t\t\t\t\t<\/div>\n\t\t\t\t<\/article><\/div>    \n\t\t\t<\/div>\t\t\t\t<\/div>\n\t\t\t\t<\/div>\n\t\t\t\t<div class=\"elementor-element elementor-element-ba304e0 elementor-widget elementor-widget-heading\" data-id=\"ba304e0\" data-element_type=\"widget\" data-widget_type=\"heading.default\">\n\t\t\t\t<div class=\"elementor-widget-container\">\n\t\t\t\t\t<h2 class=\"elementor-heading-title elementor-size-default\">Las siguientes pel\u00edculas se proyectar\u00e1n el 27 de mayo. Presentado a las 18:30 horas. en los dulces diecis\u00e9is.<\/h2>\t\t\t\t<\/div>\n\t\t\t\t<\/div>\n\t\t\t\t<div class=\"elementor-element elementor-element-5d77f9b elementor-widget elementor-widget-video\" data-id=\"5d77f9b\" data-element_type=\"widget\" data-settings=\"{&quot;video_type&quot;:&quot;vimeo&quot;}\" data-widget_type=\"video.default\">\n\t\t\t\t<div class=\"elementor-widget-container\">\n\t\t\t\t\t\t\t<div class=\"elementor-wrapper elementor-open-inline\">\n\t\t\t<iframe class=\"elementor-video-iframe\" allowfullscreen allow=\"clipboard-write\" title=\"Reproductor de v\u00eddeo de Vimeo\" src=\"https:\/\/player.vimeo.com\/video\/1087997015?color&amp;autopause=0&amp;loop=0&amp;muted=0&amp;title=1&amp;portrait=1&amp;byline=1#t=\"><\/iframe>\t\t<\/div>\n\t\t\t\t\t\t<\/div>\n\t\t\t\t<\/div>\n\t\t\t\t<div class=\"elementor-element elementor-element-e5c1633 wpr-grid-columns-5 wpr-grid-columns--mobile2 wpr-grid-columns--tablet2 wpr-grid-pagination-center elementor-widget elementor-widget-wpr-media-grid\" data-id=\"e5c1633\" data-element_type=\"widget\" data-widget_type=\"wpr-media-grid.default\">\n\t\t\t\t<div class=\"elementor-widget-container\">\n\t\t\t\t\t<section class=\"wpr-grid wpr-media-grid elementor-clearfix\" data-settings=\"{&quot;layout&quot;:&quot;masonry&quot;,&quot;columns_desktop&quot;:&quot;5&quot;,&quot;gutter_hr&quot;:15,&quot;gutter_hr_mobile&quot;:15,&quot;gutter_hr_mobile_extra&quot;:15,&quot;gutter_hr_tablet&quot;:15,&quot;gutter_hr_tablet_extra&quot;:15,&quot;gutter_hr_laptop&quot;:15,&quot;gutter_hr_widescreen&quot;:15,&quot;gutter_vr&quot;:15,&quot;gutter_vr_mobile&quot;:15,&quot;gutter_vr_mobile_extra&quot;:15,&quot;gutter_vr_tablet&quot;:15,&quot;gutter_vr_tablet_extra&quot;:15,&quot;gutter_vr_laptop&quot;:15,&quot;gutter_vr_widescreen&quot;:15,&quot;animation&quot;:&quot;default&quot;,&quot;animation_duration&quot;:0.299999999999999988897769753748434595763683319091796875,&quot;animation_delay&quot;:0.1000000000000000055511151231257827021181583404541015625,&quot;deeplinking&quot;:&quot;no&quot;,&quot;filters_default_filter&quot;:&quot;&quot;,&quot;filters_linkable&quot;:&quot;no&quot;,&quot;filters_count&quot;:&quot;no&quot;,&quot;filters_hide_empty&quot;:&quot;no&quot;,&quot;filters_animation&quot;:&quot;default&quot;,&quot;filters_animation_duration&quot;:0.299999999999999988897769753748434595763683319091796875,&quot;filters_animation_delay&quot;:0.1000000000000000055511151231257827021181583404541015625,&quot;pagination_type&quot;:&quot;load-more&quot;,&quot;pagination_max_pages&quot;:1,&quot;lightbox&quot;:{&quot;selector&quot;:&quot;.wpr-grid-image-wrap&quot;,&quot;iframeMaxWidth&quot;:&quot;60%&quot;,&quot;hash&quot;:false,&quot;autoplay&quot;:&quot;true&quot;,&quot;pause&quot;:5000,&quot;progressBar&quot;:&quot;true&quot;,&quot;counter&quot;:&quot;true&quot;,&quot;controls&quot;:&quot;true&quot;,&quot;getCaptionFromTitleOrAlt&quot;:&quot;true&quot;,&quot;thumbnail&quot;:&quot;true&quot;,&quot;showThumbByDefault&quot;:&quot;true&quot;,&quot;share&quot;:&quot;true&quot;,&quot;zoom&quot;:&quot;true&quot;,&quot;fullScreen&quot;:&quot;true&quot;,&quot;download&quot;:&quot;true&quot;}}\"><article class=\"wpr-grid-item elementor-clearfix post-604 attachment type-attachment status-inherit hentry\"><div class=\"wpr-grid-item-inner\"><div class=\"wpr-grid-media-wrap wpr-effect-size-small\"><div class=\"wpr-grid-image-wrap\" data-src=\"https:\/\/euroshorts-filmfestival.eu\/wp-content\/uploads\/2025\/05\/Love-Letter-tu-Asian-restaurant.png\"><img decoding=\"async\" src=\"https:\/\/euroshorts-filmfestival.eu\/wp-content\/uploads\/2025\/05\/Love-Letter-tu-Asian-restaurant.png\" alt=\"Love Letter tu Asian restaurant\" class=\"wpr-anim-timing-ease-default\"><\/div><div class=\"wpr-grid-media-hover wpr-animation-wrap\"><div class=\"wpr-grid-media-hover-bg  wpr-overlay-fade-in wpr-anim-size-large wpr-anim-timing-ease-default wpr-anim-transparency\" data-url=\"https:\/\/euroshorts-filmfestival.eu\/es\/elementor-282\/love-letter-tu-asian-restaurant\/\"><\/div><div class=\"wpr-cv-container\"><div class=\"wpr-cv-outer\"><div class=\"wpr-cv-inner\"><div class=\"wpr-grid-media-hover-middle elementor-clearfix\"><div class=\"wpr-grid-item-lightbox elementor-repeater-item-9fff957 wpr-grid-item-display-block wpr-grid-item-align-center wpr-element-fade-in wpr-anim-size-large wpr-anim-timing-ease-default wpr-anim-transparency\"><div class=\"inner-block\"><span data-src=\"https:\/\/euroshorts-filmfestival.eu\/wp-content\/uploads\/2025\/05\/Love-Letter-tu-Asian-restaurant.png\"><i class=\"fas fa-search\"><\/i><\/span><div class=\"wpr-grid-lightbox-overlay\"><\/div><\/div><\/div><h2 class=\"wpr-grid-item-title elementor-repeater-item-d364075 wpr-grid-item-display-block wpr-grid-item-align-center wpr-element-fade-in wpr-anim-size-large wpr-anim-timing-ease-default wpr-anim-transparency wpr-pointer-none wpr-pointer-line-fx wpr-pointer-fx-slide\"><div class=\"inner-block\"><a  href=\"https:\/\/euroshorts-filmfestival.eu\/es\/elementor-282\/love-letter-tu-asian-restaurant\/\">Carta de amor a un restaurante asi\u00e1tico<\/a><\/div><\/h2><\/div><\/div><\/div><\/div><\/div><\/div><\/div><\/article><article class=\"wpr-grid-item elementor-clearfix post-605 attachment type-attachment status-inherit hentry\"><div class=\"wpr-grid-item-inner\"><div class=\"wpr-grid-media-wrap wpr-effect-size-small\"><div class=\"wpr-grid-image-wrap\" data-src=\"https:\/\/euroshorts-filmfestival.eu\/wp-content\/uploads\/2025\/05\/The-Exchange.png\"><img decoding=\"async\" src=\"https:\/\/euroshorts-filmfestival.eu\/wp-content\/uploads\/2025\/05\/The-Exchange.png\" alt=\"The Exchange\" class=\"wpr-anim-timing-ease-default\"><\/div><div class=\"wpr-grid-media-hover wpr-animation-wrap\"><div class=\"wpr-grid-media-hover-bg  wpr-overlay-fade-in wpr-anim-size-large wpr-anim-timing-ease-default wpr-anim-transparency\" data-url=\"https:\/\/euroshorts-filmfestival.eu\/es\/elementor-282\/the-exchange\/\"><\/div><div class=\"wpr-cv-container\"><div class=\"wpr-cv-outer\"><div class=\"wpr-cv-inner\"><div class=\"wpr-grid-media-hover-middle elementor-clearfix\"><div class=\"wpr-grid-item-lightbox elementor-repeater-item-9fff957 wpr-grid-item-display-block wpr-grid-item-align-center wpr-element-fade-in wpr-anim-size-large wpr-anim-timing-ease-default wpr-anim-transparency\"><div class=\"inner-block\"><span data-src=\"https:\/\/euroshorts-filmfestival.eu\/wp-content\/uploads\/2025\/05\/The-Exchange.png\"><i class=\"fas fa-search\"><\/i><\/span><div class=\"wpr-grid-lightbox-overlay\"><\/div><\/div><\/div><h2 class=\"wpr-grid-item-title elementor-repeater-item-d364075 wpr-grid-item-display-block wpr-grid-item-align-center wpr-element-fade-in wpr-anim-size-large wpr-anim-timing-ease-default wpr-anim-transparency wpr-pointer-none wpr-pointer-line-fx wpr-pointer-fx-slide\"><div class=\"inner-block\"><a  href=\"https:\/\/euroshorts-filmfestival.eu\/es\/elementor-282\/the-exchange\/\">El Intercambio<\/a><\/div><\/h2><\/div><\/div><\/div><\/div><\/div><\/div><\/div><\/article><article class=\"wpr-grid-item elementor-clearfix post-607 attachment type-attachment status-inherit hentry\"><div class=\"wpr-grid-item-inner\"><div class=\"wpr-grid-media-wrap wpr-effect-size-small\"><div class=\"wpr-grid-image-wrap\" data-src=\"https:\/\/euroshorts-filmfestival.eu\/wp-content\/uploads\/2025\/05\/Was-i-Easier-to-Love-insta.png\"><img decoding=\"async\" src=\"https:\/\/euroshorts-filmfestival.eu\/wp-content\/uploads\/2025\/05\/Was-i-Easier-to-Love-insta.png\" alt=\"Was i Easier to Love insta\" class=\"wpr-anim-timing-ease-default\"><\/div><div class=\"wpr-grid-media-hover wpr-animation-wrap\"><div class=\"wpr-grid-media-hover-bg  wpr-overlay-fade-in wpr-anim-size-large wpr-anim-timing-ease-default wpr-anim-transparency\" data-url=\"https:\/\/euroshorts-filmfestival.eu\/es\/elementor-282\/was-i-easier-to-love-insta\/\"><\/div><div class=\"wpr-cv-container\"><div class=\"wpr-cv-outer\"><div class=\"wpr-cv-inner\"><div class=\"wpr-grid-media-hover-middle elementor-clearfix\"><div class=\"wpr-grid-item-lightbox elementor-repeater-item-9fff957 wpr-grid-item-display-block wpr-grid-item-align-center wpr-element-fade-in wpr-anim-size-large wpr-anim-timing-ease-default wpr-anim-transparency\"><div class=\"inner-block\"><span data-src=\"https:\/\/euroshorts-filmfestival.eu\/wp-content\/uploads\/2025\/05\/Was-i-Easier-to-Love-insta.png\"><i class=\"fas fa-search\"><\/i><\/span><div class=\"wpr-grid-lightbox-overlay\"><\/div><\/div><\/div><h2 class=\"wpr-grid-item-title elementor-repeater-item-d364075 wpr-grid-item-display-block wpr-grid-item-align-center wpr-element-fade-in wpr-anim-size-large wpr-anim-timing-ease-default wpr-anim-transparency wpr-pointer-none wpr-pointer-line-fx wpr-pointer-fx-slide\"><div class=\"inner-block\"><a  href=\"https:\/\/euroshorts-filmfestival.eu\/es\/elementor-282\/was-i-easier-to-love-insta\/\">\u00bfFue m\u00e1s f\u00e1cil amar Instagram?<\/a><\/div><\/h2><\/div><\/div><\/div><\/div><\/div><\/div><\/div><\/article><article class=\"wpr-grid-item elementor-clearfix post-606 attachment type-attachment status-inherit hentry\"><div class=\"wpr-grid-item-inner\"><div class=\"wpr-grid-media-wrap wpr-effect-size-small\"><div class=\"wpr-grid-image-wrap\" data-src=\"https:\/\/euroshorts-filmfestival.eu\/wp-content\/uploads\/2025\/05\/Unerreichbar-Nah.png\"><img decoding=\"async\" src=\"https:\/\/euroshorts-filmfestival.eu\/wp-content\/uploads\/2025\/05\/Unerreichbar-Nah.png\" alt=\"Unerreichbar Nah\" class=\"wpr-anim-timing-ease-default\"><\/div><div class=\"wpr-grid-media-hover wpr-animation-wrap\"><div class=\"wpr-grid-media-hover-bg  wpr-overlay-fade-in wpr-anim-size-large wpr-anim-timing-ease-default wpr-anim-transparency\" data-url=\"https:\/\/euroshorts-filmfestival.eu\/es\/elementor-282\/unerreichbar-nah\/\"><\/div><div class=\"wpr-cv-container\"><div class=\"wpr-cv-outer\"><div class=\"wpr-cv-inner\"><div class=\"wpr-grid-media-hover-middle elementor-clearfix\"><div class=\"wpr-grid-item-lightbox elementor-repeater-item-9fff957 wpr-grid-item-display-block wpr-grid-item-align-center wpr-element-fade-in wpr-anim-size-large wpr-anim-timing-ease-default wpr-anim-transparency\"><div class=\"inner-block\"><span data-src=\"https:\/\/euroshorts-filmfestival.eu\/wp-content\/uploads\/2025\/05\/Unerreichbar-Nah.png\"><i class=\"fas fa-search\"><\/i><\/span><div class=\"wpr-grid-lightbox-overlay\"><\/div><\/div><\/div><h2 class=\"wpr-grid-item-title elementor-repeater-item-d364075 wpr-grid-item-display-block wpr-grid-item-align-center wpr-element-fade-in wpr-anim-size-large wpr-anim-timing-ease-default wpr-anim-transparency wpr-pointer-none wpr-pointer-line-fx wpr-pointer-fx-slide\"><div class=\"inner-block\"><a  href=\"https:\/\/euroshorts-filmfestival.eu\/es\/elementor-282\/unerreichbar-nah\/\">Inalcanzablemente cerca<\/a><\/div><\/h2><\/div><\/div><\/div><\/div><\/div><\/div><\/div><\/article><article class=\"wpr-grid-item elementor-clearfix post-608 attachment type-attachment status-inherit hentry\"><div class=\"wpr-grid-item-inner\"><div class=\"wpr-grid-media-wrap wpr-effect-size-small\"><div class=\"wpr-grid-image-wrap\" data-src=\"https:\/\/euroshorts-filmfestival.eu\/wp-content\/uploads\/2025\/05\/Who-am-i-Now-Instagram-Post-45.png\"><img decoding=\"async\" src=\"https:\/\/euroshorts-filmfestival.eu\/wp-content\/uploads\/2025\/05\/Who-am-i-Now-Instagram-Post-45.png\" alt=\"Who am i Now (Instagram-Post (45))\" class=\"wpr-anim-timing-ease-default\"><\/div><div class=\"wpr-grid-media-hover wpr-animation-wrap\"><div class=\"wpr-grid-media-hover-bg  wpr-overlay-fade-in wpr-anim-size-large wpr-anim-timing-ease-default wpr-anim-transparency\" data-url=\"https:\/\/euroshorts-filmfestival.eu\/es\/elementor-282\/who-am-i-now-instagram-post-45\/\"><\/div><div class=\"wpr-cv-container\"><div class=\"wpr-cv-outer\"><div class=\"wpr-cv-inner\"><div class=\"wpr-grid-media-hover-middle elementor-clearfix\"><div class=\"wpr-grid-item-lightbox elementor-repeater-item-9fff957 wpr-grid-item-display-block wpr-grid-item-align-center wpr-element-fade-in wpr-anim-size-large wpr-anim-timing-ease-default wpr-anim-transparency\"><div class=\"inner-block\"><span data-src=\"https:\/\/euroshorts-filmfestival.eu\/wp-content\/uploads\/2025\/05\/Who-am-i-Now-Instagram-Post-45.png\"><i class=\"fas fa-search\"><\/i><\/span><div class=\"wpr-grid-lightbox-overlay\"><\/div><\/div><\/div><h2 class=\"wpr-grid-item-title elementor-repeater-item-d364075 wpr-grid-item-display-block wpr-grid-item-align-center wpr-element-fade-in wpr-anim-size-large wpr-anim-timing-ease-default wpr-anim-transparency wpr-pointer-none wpr-pointer-line-fx wpr-pointer-fx-slide\"><div class=\"inner-block\"><a  href=\"https:\/\/euroshorts-filmfestival.eu\/es\/elementor-282\/who-am-i-now-instagram-post-45\/\">\u00bfQui\u00e9n soy ahora? (Publicaci\u00f3n de Instagram (45))<\/a><\/div><\/h2><\/div><\/div><\/div><\/div><\/div><\/div><\/div><\/article><article class=\"wpr-grid-item elementor-clearfix post-609 attachment type-attachment status-inherit hentry\"><div class=\"wpr-grid-item-inner\"><div class=\"wpr-grid-media-wrap wpr-effect-size-small\"><div class=\"wpr-grid-image-wrap\" data-src=\"https:\/\/euroshorts-filmfestival.eu\/wp-content\/uploads\/2025\/05\/Gloria-Insta.png\"><img decoding=\"async\" src=\"https:\/\/euroshorts-filmfestival.eu\/wp-content\/uploads\/2025\/05\/Gloria-Insta.png\" alt=\"Gloria Insta\" class=\"wpr-anim-timing-ease-default\"><\/div><div class=\"wpr-grid-media-hover wpr-animation-wrap\"><div class=\"wpr-grid-media-hover-bg  wpr-overlay-fade-in wpr-anim-size-large wpr-anim-timing-ease-default wpr-anim-transparency\" data-url=\"https:\/\/euroshorts-filmfestival.eu\/es\/elementor-282\/gloria-insta\/\"><\/div><div class=\"wpr-cv-container\"><div class=\"wpr-cv-outer\"><div class=\"wpr-cv-inner\"><div class=\"wpr-grid-media-hover-middle elementor-clearfix\"><div class=\"wpr-grid-item-lightbox elementor-repeater-item-9fff957 wpr-grid-item-display-block wpr-grid-item-align-center wpr-element-fade-in wpr-anim-size-large wpr-anim-timing-ease-default wpr-anim-transparency\"><div class=\"inner-block\"><span data-src=\"https:\/\/euroshorts-filmfestival.eu\/wp-content\/uploads\/2025\/05\/Gloria-Insta.png\"><i class=\"fas fa-search\"><\/i><\/span><div class=\"wpr-grid-lightbox-overlay\"><\/div><\/div><\/div><h2 class=\"wpr-grid-item-title elementor-repeater-item-d364075 wpr-grid-item-display-block wpr-grid-item-align-center wpr-element-fade-in wpr-anim-size-large wpr-anim-timing-ease-default wpr-anim-transparency wpr-pointer-none wpr-pointer-line-fx wpr-pointer-fx-slide\"><div class=\"inner-block\"><a  href=\"https:\/\/euroshorts-filmfestival.eu\/es\/elementor-282\/gloria-insta\/\">Gloria Instagram<\/a><\/div><\/h2><\/div><\/div><\/div><\/div><\/div><\/div><\/div><\/article><article class=\"wpr-grid-item elementor-clearfix post-610 attachment type-attachment status-inherit hentry\"><div class=\"wpr-grid-item-inner\"><div class=\"wpr-grid-media-wrap wpr-effect-size-small\"><div class=\"wpr-grid-image-wrap\" data-src=\"https:\/\/euroshorts-filmfestival.eu\/wp-content\/uploads\/2025\/05\/Going-to-be-Dutch-Insta.png\"><img decoding=\"async\" src=\"https:\/\/euroshorts-filmfestival.eu\/wp-content\/uploads\/2025\/05\/Going-to-be-Dutch-Insta.png\" alt=\"Going to be Dutch Insta\" class=\"wpr-anim-timing-ease-default\"><\/div><div class=\"wpr-grid-media-hover wpr-animation-wrap\"><div class=\"wpr-grid-media-hover-bg  wpr-overlay-fade-in wpr-anim-size-large wpr-anim-timing-ease-default wpr-anim-transparency\" data-url=\"https:\/\/euroshorts-filmfestival.eu\/es\/elementor-282\/going-to-be-dutch-insta\/\"><\/div><div class=\"wpr-cv-container\"><div class=\"wpr-cv-outer\"><div class=\"wpr-cv-inner\"><div class=\"wpr-grid-media-hover-middle elementor-clearfix\"><div class=\"wpr-grid-item-lightbox elementor-repeater-item-9fff957 wpr-grid-item-display-block wpr-grid-item-align-center wpr-element-fade-in wpr-anim-size-large wpr-anim-timing-ease-default wpr-anim-transparency\"><div class=\"inner-block\"><span data-src=\"https:\/\/euroshorts-filmfestival.eu\/wp-content\/uploads\/2025\/05\/Going-to-be-Dutch-Insta.png\"><i class=\"fas fa-search\"><\/i><\/span><div class=\"wpr-grid-lightbox-overlay\"><\/div><\/div><\/div><h2 class=\"wpr-grid-item-title elementor-repeater-item-d364075 wpr-grid-item-display-block wpr-grid-item-align-center wpr-element-fade-in wpr-anim-size-large wpr-anim-timing-ease-default wpr-anim-transparency wpr-pointer-none wpr-pointer-line-fx wpr-pointer-fx-slide\"><div class=\"inner-block\"><a  href=\"https:\/\/euroshorts-filmfestival.eu\/es\/elementor-282\/going-to-be-dutch-insta\/\">Voy a ser holand\u00e9s Insta<\/a><\/div><\/h2><\/div><\/div><\/div><\/div><\/div><\/div><\/div><\/article><article class=\"wpr-grid-item elementor-clearfix post-612 attachment type-attachment status-inherit hentry\"><div class=\"wpr-grid-item-inner\"><div class=\"wpr-grid-media-wrap wpr-effect-size-small\"><div class=\"wpr-grid-image-wrap\" data-src=\"https:\/\/euroshorts-filmfestival.eu\/wp-content\/uploads\/2025\/05\/Little-tto-much-Foam.png\"><img decoding=\"async\" src=\"https:\/\/euroshorts-filmfestival.eu\/wp-content\/uploads\/2025\/05\/Little-tto-much-Foam.png\" alt=\"Little tto much Foam\" class=\"wpr-anim-timing-ease-default\"><\/div><div class=\"wpr-grid-media-hover wpr-animation-wrap\"><div class=\"wpr-grid-media-hover-bg  wpr-overlay-fade-in wpr-anim-size-large wpr-anim-timing-ease-default wpr-anim-transparency\" data-url=\"https:\/\/euroshorts-filmfestival.eu\/es\/elementor-282\/little-tto-much-foam\/\"><\/div><div class=\"wpr-cv-container\"><div class=\"wpr-cv-outer\"><div class=\"wpr-cv-inner\"><div class=\"wpr-grid-media-hover-middle elementor-clearfix\"><div class=\"wpr-grid-item-lightbox elementor-repeater-item-9fff957 wpr-grid-item-display-block wpr-grid-item-align-center wpr-element-fade-in wpr-anim-size-large wpr-anim-timing-ease-default wpr-anim-transparency\"><div class=\"inner-block\"><span data-src=\"https:\/\/euroshorts-filmfestival.eu\/wp-content\/uploads\/2025\/05\/Little-tto-much-Foam.png\"><i class=\"fas fa-search\"><\/i><\/span><div class=\"wpr-grid-lightbox-overlay\"><\/div><\/div><\/div><h2 class=\"wpr-grid-item-title elementor-repeater-item-d364075 wpr-grid-item-display-block wpr-grid-item-align-center wpr-element-fade-in wpr-anim-size-large wpr-anim-timing-ease-default wpr-anim-transparency wpr-pointer-none wpr-pointer-line-fx wpr-pointer-fx-slide\"><div class=\"inner-block\"><a  href=\"https:\/\/euroshorts-filmfestival.eu\/es\/elementor-282\/little-tto-much-foam\/\">Demasiada espuma<\/a><\/div><\/h2><\/div><\/div><\/div><\/div><\/div><\/div><\/div><\/article><article class=\"wpr-grid-item elementor-clearfix post-625 attachment type-attachment status-inherit hentry\"><div class=\"wpr-grid-item-inner\"><div class=\"wpr-grid-media-wrap wpr-effect-size-small\"><div class=\"wpr-grid-image-wrap\" data-src=\"https:\/\/euroshorts-filmfestival.eu\/wp-content\/uploads\/2025\/05\/In-the-Darkened-Rooms.png\"><img decoding=\"async\" src=\"https:\/\/euroshorts-filmfestival.eu\/wp-content\/uploads\/2025\/05\/In-the-Darkened-Rooms.png\" alt=\"In the Darkened Rooms\" class=\"wpr-anim-timing-ease-default\"><\/div><div class=\"wpr-grid-media-hover wpr-animation-wrap\"><div class=\"wpr-grid-media-hover-bg  wpr-overlay-fade-in wpr-anim-size-large wpr-anim-timing-ease-default wpr-anim-transparency\" data-url=\"https:\/\/euroshorts-filmfestival.eu\/es\/elementor-282\/in-the-darkened-rooms\/\"><\/div><div class=\"wpr-cv-container\"><div class=\"wpr-cv-outer\"><div class=\"wpr-cv-inner\"><div class=\"wpr-grid-media-hover-middle elementor-clearfix\"><div class=\"wpr-grid-item-lightbox elementor-repeater-item-9fff957 wpr-grid-item-display-block wpr-grid-item-align-center wpr-element-fade-in wpr-anim-size-large wpr-anim-timing-ease-default wpr-anim-transparency\"><div class=\"inner-block\"><span data-src=\"https:\/\/euroshorts-filmfestival.eu\/wp-content\/uploads\/2025\/05\/In-the-Darkened-Rooms.png\"><i class=\"fas fa-search\"><\/i><\/span><div class=\"wpr-grid-lightbox-overlay\"><\/div><\/div><\/div><h2 class=\"wpr-grid-item-title elementor-repeater-item-d364075 wpr-grid-item-display-block wpr-grid-item-align-center wpr-element-fade-in wpr-anim-size-large wpr-anim-timing-ease-default wpr-anim-transparency wpr-pointer-none wpr-pointer-line-fx wpr-pointer-fx-slide\"><div class=\"inner-block\"><a  href=\"https:\/\/euroshorts-filmfestival.eu\/es\/elementor-282\/in-the-darkened-rooms\/\">En las habitaciones oscuras<\/a><\/div><\/h2><\/div><\/div><\/div><\/div><\/div><\/div><\/div><\/article><article class=\"wpr-grid-item elementor-clearfix post-621 attachment type-attachment status-inherit hentry\"><div class=\"wpr-grid-item-inner\"><div class=\"wpr-grid-media-wrap wpr-effect-size-small\"><div class=\"wpr-grid-image-wrap\" data-src=\"https:\/\/euroshorts-filmfestival.eu\/wp-content\/uploads\/2025\/05\/Fred-Pauline.png\"><img decoding=\"async\" src=\"https:\/\/euroshorts-filmfestival.eu\/wp-content\/uploads\/2025\/05\/Fred-Pauline.png\" alt=\"Fred &#038;Pauline\" class=\"wpr-anim-timing-ease-default\"><\/div><div class=\"wpr-grid-media-hover wpr-animation-wrap\"><div class=\"wpr-grid-media-hover-bg  wpr-overlay-fade-in wpr-anim-size-large wpr-anim-timing-ease-default wpr-anim-transparency\" data-url=\"https:\/\/euroshorts-filmfestival.eu\/es\/elementor-282\/fred-pauline\/\"><\/div><div class=\"wpr-cv-container\"><div class=\"wpr-cv-outer\"><div class=\"wpr-cv-inner\"><div class=\"wpr-grid-media-hover-middle elementor-clearfix\"><div class=\"wpr-grid-item-lightbox elementor-repeater-item-9fff957 wpr-grid-item-display-block wpr-grid-item-align-center wpr-element-fade-in wpr-anim-size-large wpr-anim-timing-ease-default wpr-anim-transparency\"><div class=\"inner-block\"><span data-src=\"https:\/\/euroshorts-filmfestival.eu\/wp-content\/uploads\/2025\/05\/Fred-Pauline.png\"><i class=\"fas fa-search\"><\/i><\/span><div class=\"wpr-grid-lightbox-overlay\"><\/div><\/div><\/div><h2 class=\"wpr-grid-item-title elementor-repeater-item-d364075 wpr-grid-item-display-block wpr-grid-item-align-center wpr-element-fade-in wpr-anim-size-large wpr-anim-timing-ease-default wpr-anim-transparency wpr-pointer-none wpr-pointer-line-fx wpr-pointer-fx-slide\"><div class=\"inner-block\"><a  href=\"https:\/\/euroshorts-filmfestival.eu\/es\/elementor-282\/fred-pauline\/\">Fred y Pauline<\/a><\/div><\/h2><\/div><\/div><\/div><\/div><\/div><\/div><\/div><\/article><article class=\"wpr-grid-item elementor-clearfix post-620 attachment type-attachment status-inherit hentry\"><div class=\"wpr-grid-item-inner\"><div class=\"wpr-grid-media-wrap wpr-effect-size-small\"><div class=\"wpr-grid-image-wrap\" data-src=\"https:\/\/euroshorts-filmfestival.eu\/wp-content\/uploads\/2025\/05\/Das-letzte-Stu\u0308ck-insta.png\"><img decoding=\"async\" src=\"https:\/\/euroshorts-filmfestival.eu\/wp-content\/uploads\/2025\/05\/Das-letzte-Stu\u0308ck-insta.png\" alt=\"Das letzte Stu\u0308ck insta\" class=\"wpr-anim-timing-ease-default\"><\/div><div class=\"wpr-grid-media-hover wpr-animation-wrap\"><div class=\"wpr-grid-media-hover-bg  wpr-overlay-fade-in wpr-anim-size-large wpr-anim-timing-ease-default wpr-anim-transparency\" data-url=\"https:\/\/euroshorts-filmfestival.eu\/es\/elementor-282\/das-letzte-stu%cc%88ck-insta\/\"><\/div><div class=\"wpr-cv-container\"><div class=\"wpr-cv-outer\"><div class=\"wpr-cv-inner\"><div class=\"wpr-grid-media-hover-middle elementor-clearfix\"><div class=\"wpr-grid-item-lightbox elementor-repeater-item-9fff957 wpr-grid-item-display-block wpr-grid-item-align-center wpr-element-fade-in wpr-anim-size-large wpr-anim-timing-ease-default wpr-anim-transparency\"><div class=\"inner-block\"><span data-src=\"https:\/\/euroshorts-filmfestival.eu\/wp-content\/uploads\/2025\/05\/Das-letzte-Stu\u0308ck-insta.png\"><i class=\"fas fa-search\"><\/i><\/span><div class=\"wpr-grid-lightbox-overlay\"><\/div><\/div><\/div><h2 class=\"wpr-grid-item-title elementor-repeater-item-d364075 wpr-grid-item-display-block wpr-grid-item-align-center wpr-element-fade-in wpr-anim-size-large wpr-anim-timing-ease-default wpr-anim-transparency wpr-pointer-none wpr-pointer-line-fx wpr-pointer-fx-slide\"><div class=\"inner-block\"><a  href=\"https:\/\/euroshorts-filmfestival.eu\/es\/elementor-282\/das-letzte-stu%cc%88ck-insta\/\">La \u00faltima pieza insta<\/a><\/div><\/h2><\/div><\/div><\/div><\/div><\/div><\/div><\/div><\/article><article class=\"wpr-grid-item elementor-clearfix post-619 attachment type-attachment status-inherit hentry\"><div class=\"wpr-grid-item-inner\"><div class=\"wpr-grid-media-wrap wpr-effect-size-small\"><div class=\"wpr-grid-image-wrap\" data-src=\"https:\/\/euroshorts-filmfestival.eu\/wp-content\/uploads\/2025\/05\/Cooections.png\"><img decoding=\"async\" src=\"https:\/\/euroshorts-filmfestival.eu\/wp-content\/uploads\/2025\/05\/Cooections.png\" alt=\"Cooections\" class=\"wpr-anim-timing-ease-default\"><\/div><div class=\"wpr-grid-media-hover wpr-animation-wrap\"><div class=\"wpr-grid-media-hover-bg  wpr-overlay-fade-in wpr-anim-size-large wpr-anim-timing-ease-default wpr-anim-transparency\" data-url=\"https:\/\/euroshorts-filmfestival.eu\/es\/elementor-282\/cooections\/\"><\/div><div class=\"wpr-cv-container\"><div class=\"wpr-cv-outer\"><div class=\"wpr-cv-inner\"><div class=\"wpr-grid-media-hover-middle elementor-clearfix\"><div class=\"wpr-grid-item-lightbox elementor-repeater-item-9fff957 wpr-grid-item-display-block wpr-grid-item-align-center wpr-element-fade-in wpr-anim-size-large wpr-anim-timing-ease-default wpr-anim-transparency\"><div class=\"inner-block\"><span data-src=\"https:\/\/euroshorts-filmfestival.eu\/wp-content\/uploads\/2025\/05\/Cooections.png\"><i class=\"fas fa-search\"><\/i><\/span><div class=\"wpr-grid-lightbox-overlay\"><\/div><\/div><\/div><h2 class=\"wpr-grid-item-title elementor-repeater-item-d364075 wpr-grid-item-display-block wpr-grid-item-align-center wpr-element-fade-in wpr-anim-size-large wpr-anim-timing-ease-default wpr-anim-transparency wpr-pointer-none wpr-pointer-line-fx wpr-pointer-fx-slide\"><div class=\"inner-block\"><a  href=\"https:\/\/euroshorts-filmfestival.eu\/es\/elementor-282\/cooections\/\">Cooecciones<\/a><\/div><\/h2><\/div><\/div><\/div><\/div><\/div><\/div><\/div><\/article><article class=\"wpr-grid-item elementor-clearfix post-611 attachment type-attachment status-inherit hentry\"><div class=\"wpr-grid-item-inner\"><div class=\"wpr-grid-media-wrap wpr-effect-size-small\"><div class=\"wpr-grid-image-wrap\" data-src=\"https:\/\/euroshorts-filmfestival.eu\/wp-content\/uploads\/2025\/05\/Iam-glitching-.png\"><img decoding=\"async\" src=\"https:\/\/euroshorts-filmfestival.eu\/wp-content\/uploads\/2025\/05\/Iam-glitching-.png\" alt=\"Iam glitching\" class=\"wpr-anim-timing-ease-default\"><\/div><div class=\"wpr-grid-media-hover wpr-animation-wrap\"><div class=\"wpr-grid-media-hover-bg  wpr-overlay-fade-in wpr-anim-size-large wpr-anim-timing-ease-default wpr-anim-transparency\" data-url=\"https:\/\/euroshorts-filmfestival.eu\/es\/elementor-282\/iam-glitching\/\"><\/div><div class=\"wpr-cv-container\"><div class=\"wpr-cv-outer\"><div class=\"wpr-cv-inner\"><div class=\"wpr-grid-media-hover-middle elementor-clearfix\"><div class=\"wpr-grid-item-lightbox elementor-repeater-item-9fff957 wpr-grid-item-display-block wpr-grid-item-align-center wpr-element-fade-in wpr-anim-size-large wpr-anim-timing-ease-default wpr-anim-transparency\"><div class=\"inner-block\"><span data-src=\"https:\/\/euroshorts-filmfestival.eu\/wp-content\/uploads\/2025\/05\/Iam-glitching-.png\"><i class=\"fas fa-search\"><\/i><\/span><div class=\"wpr-grid-lightbox-overlay\"><\/div><\/div><\/div><h2 class=\"wpr-grid-item-title elementor-repeater-item-d364075 wpr-grid-item-display-block wpr-grid-item-align-center wpr-element-fade-in wpr-anim-size-large wpr-anim-timing-ease-default wpr-anim-transparency wpr-pointer-none wpr-pointer-line-fx wpr-pointer-fx-slide\"><div class=\"inner-block\"><a  href=\"https:\/\/euroshorts-filmfestival.eu\/es\/elementor-282\/iam-glitching\/\">Estoy fallando<\/a><\/div><\/h2><\/div><\/div><\/div><\/div><\/div><\/div><\/div><\/article><\/section>\t\t\t\t<\/div>\n\t\t\t\t<\/div>\n\t\t\t\t<div class=\"elementor-element elementor-element-f341170 elementor-widget elementor-widget-heading\" data-id=\"f341170\" data-element_type=\"widget\" data-widget_type=\"heading.default\">\n\t\t\t\t<div class=\"elementor-widget-container\">\n\t\t\t\t\t<h2 class=\"elementor-heading-title elementor-size-default\">Las siguientes pel\u00edculas se proyectar\u00e1n el 28 de mayo. Presentado a partir de las 18:30 horas. en la Universidad de Dortmund<\/h2>\t\t\t\t<\/div>\n\t\t\t\t<\/div>\n\t\t\t\t<div class=\"elementor-element elementor-element-b69462b elementor-widget elementor-widget-video\" data-id=\"b69462b\" data-element_type=\"widget\" data-settings=\"{&quot;video_type&quot;:&quot;vimeo&quot;}\" data-widget_type=\"video.default\">\n\t\t\t\t<div class=\"elementor-widget-container\">\n\t\t\t\t\t\t\t<div class=\"elementor-wrapper elementor-open-inline\">\n\t\t\t<iframe class=\"elementor-video-iframe\" allowfullscreen allow=\"clipboard-write\" title=\"Reproductor de v\u00eddeo de Vimeo\" src=\"https:\/\/player.vimeo.com\/video\/1088000609?color&amp;autopause=0&amp;loop=0&amp;muted=0&amp;title=1&amp;portrait=1&amp;byline=1#t=\"><\/iframe>\t\t<\/div>\n\t\t\t\t\t\t<\/div>\n\t\t\t\t<\/div>\n\t\t\t\t<div class=\"elementor-element elementor-element-2bc8128 wpr-grid-columns-5 wpr-grid-columns--mobile2 wpr-grid-columns--tablet2 wpr-grid-pagination-center elementor-widget elementor-widget-wpr-media-grid\" data-id=\"2bc8128\" data-element_type=\"widget\" data-widget_type=\"wpr-media-grid.default\">\n\t\t\t\t<div class=\"elementor-widget-container\">\n\t\t\t\t\t<section class=\"wpr-grid wpr-media-grid elementor-clearfix\" data-settings=\"{&quot;layout&quot;:&quot;masonry&quot;,&quot;columns_desktop&quot;:&quot;5&quot;,&quot;gutter_hr&quot;:15,&quot;gutter_hr_mobile&quot;:15,&quot;gutter_hr_mobile_extra&quot;:15,&quot;gutter_hr_tablet&quot;:15,&quot;gutter_hr_tablet_extra&quot;:15,&quot;gutter_hr_laptop&quot;:15,&quot;gutter_hr_widescreen&quot;:15,&quot;gutter_vr&quot;:15,&quot;gutter_vr_mobile&quot;:15,&quot;gutter_vr_mobile_extra&quot;:15,&quot;gutter_vr_tablet&quot;:15,&quot;gutter_vr_tablet_extra&quot;:15,&quot;gutter_vr_laptop&quot;:15,&quot;gutter_vr_widescreen&quot;:15,&quot;animation&quot;:&quot;default&quot;,&quot;animation_duration&quot;:0.299999999999999988897769753748434595763683319091796875,&quot;animation_delay&quot;:0.1000000000000000055511151231257827021181583404541015625,&quot;deeplinking&quot;:&quot;no&quot;,&quot;filters_default_filter&quot;:&quot;&quot;,&quot;filters_linkable&quot;:&quot;no&quot;,&quot;filters_count&quot;:&quot;no&quot;,&quot;filters_hide_empty&quot;:&quot;no&quot;,&quot;filters_animation&quot;:&quot;default&quot;,&quot;filters_animation_duration&quot;:0.299999999999999988897769753748434595763683319091796875,&quot;filters_animation_delay&quot;:0.1000000000000000055511151231257827021181583404541015625,&quot;pagination_type&quot;:&quot;load-more&quot;,&quot;pagination_max_pages&quot;:1,&quot;lightbox&quot;:{&quot;selector&quot;:&quot;.wpr-grid-image-wrap&quot;,&quot;iframeMaxWidth&quot;:&quot;60%&quot;,&quot;hash&quot;:false,&quot;autoplay&quot;:&quot;true&quot;,&quot;pause&quot;:5000,&quot;progressBar&quot;:&quot;true&quot;,&quot;counter&quot;:&quot;true&quot;,&quot;controls&quot;:&quot;true&quot;,&quot;getCaptionFromTitleOrAlt&quot;:&quot;true&quot;,&quot;thumbnail&quot;:&quot;true&quot;,&quot;showThumbByDefault&quot;:&quot;true&quot;,&quot;share&quot;:&quot;true&quot;,&quot;zoom&quot;:&quot;true&quot;,&quot;fullScreen&quot;:&quot;true&quot;,&quot;download&quot;:&quot;true&quot;}}\"><article class=\"wpr-grid-item elementor-clearfix post-597 attachment type-attachment status-inherit hentry\"><div class=\"wpr-grid-item-inner\"><div class=\"wpr-grid-media-wrap wpr-effect-size-small\"><div class=\"wpr-grid-image-wrap\" data-src=\"https:\/\/euroshorts-filmfestival.eu\/wp-content\/uploads\/2025\/05\/GOOD-LUCK-RASTGELE.png\"><img decoding=\"async\" src=\"https:\/\/euroshorts-filmfestival.eu\/wp-content\/uploads\/2025\/05\/GOOD-LUCK-RASTGELE.png\" alt=\"GOOD LUCK RASTGELE\" class=\"wpr-anim-timing-ease-default\"><\/div><div class=\"wpr-grid-media-hover wpr-animation-wrap\"><div class=\"wpr-grid-media-hover-bg  wpr-overlay-fade-in wpr-anim-size-large wpr-anim-timing-ease-default wpr-anim-transparency\" data-url=\"https:\/\/euroshorts-filmfestival.eu\/es\/good-luck-rastgele\/\"><\/div><div class=\"wpr-cv-container\"><div class=\"wpr-cv-outer\"><div class=\"wpr-cv-inner\"><div class=\"wpr-grid-media-hover-middle elementor-clearfix\"><div class=\"wpr-grid-item-lightbox elementor-repeater-item-9fff957 wpr-grid-item-display-block wpr-grid-item-align-center wpr-element-fade-in wpr-anim-size-large wpr-anim-timing-ease-default wpr-anim-transparency\"><div class=\"inner-block\"><span data-src=\"https:\/\/euroshorts-filmfestival.eu\/wp-content\/uploads\/2025\/05\/GOOD-LUCK-RASTGELE.png\"><i class=\"fas fa-search\"><\/i><\/span><div class=\"wpr-grid-lightbox-overlay\"><\/div><\/div><\/div><h2 class=\"wpr-grid-item-title elementor-repeater-item-d364075 wpr-grid-item-display-block wpr-grid-item-align-center wpr-element-fade-in wpr-anim-size-large wpr-anim-timing-ease-default wpr-anim-transparency wpr-pointer-none wpr-pointer-line-fx wpr-pointer-fx-slide\"><div class=\"inner-block\"><a  href=\"https:\/\/euroshorts-filmfestival.eu\/es\/good-luck-rastgele\/\">GEL DE DESCANSO BUENA SUERTE<\/a><\/div><\/h2><\/div><\/div><\/div><\/div><\/div><\/div><\/div><\/article><article class=\"wpr-grid-item elementor-clearfix post-572 attachment type-attachment status-inherit hentry\"><div class=\"wpr-grid-item-inner\"><div class=\"wpr-grid-media-wrap wpr-effect-size-small\"><div class=\"wpr-grid-image-wrap\" data-src=\"https:\/\/euroshorts-filmfestival.eu\/wp-content\/uploads\/2025\/05\/galery2.png\"><img decoding=\"async\" src=\"https:\/\/euroshorts-filmfestival.eu\/wp-content\/uploads\/2025\/05\/galery2.png\" alt=\"galery2\" class=\"wpr-anim-timing-ease-default\"><\/div><div class=\"wpr-grid-media-hover wpr-animation-wrap\"><div class=\"wpr-grid-media-hover-bg  wpr-overlay-fade-in wpr-anim-size-large wpr-anim-timing-ease-default wpr-anim-transparency\" data-url=\"https:\/\/euroshorts-filmfestival.eu\/es\/galery2\/\"><\/div><div class=\"wpr-cv-container\"><div class=\"wpr-cv-outer\"><div class=\"wpr-cv-inner\"><div class=\"wpr-grid-media-hover-middle elementor-clearfix\"><div class=\"wpr-grid-item-lightbox elementor-repeater-item-9fff957 wpr-grid-item-display-block wpr-grid-item-align-center wpr-element-fade-in wpr-anim-size-large wpr-anim-timing-ease-default wpr-anim-transparency\"><div class=\"inner-block\"><span data-src=\"https:\/\/euroshorts-filmfestival.eu\/wp-content\/uploads\/2025\/05\/galery2.png\"><i class=\"fas fa-search\"><\/i><\/span><div class=\"wpr-grid-lightbox-overlay\"><\/div><\/div><\/div><h2 class=\"wpr-grid-item-title elementor-repeater-item-d364075 wpr-grid-item-display-block wpr-grid-item-align-center wpr-element-fade-in wpr-anim-size-large wpr-anim-timing-ease-default wpr-anim-transparency wpr-pointer-none wpr-pointer-line-fx wpr-pointer-fx-slide\"><div class=\"inner-block\"><a  href=\"https:\/\/euroshorts-filmfestival.eu\/es\/galery2\/\">galer\u00eda2<\/a><\/div><\/h2><\/div><\/div><\/div><\/div><\/div><\/div><\/div><\/article><article class=\"wpr-grid-item elementor-clearfix post-580 attachment type-attachment status-inherit hentry\"><div class=\"wpr-grid-item-inner\"><div class=\"wpr-grid-media-wrap wpr-effect-size-small\"><div class=\"wpr-grid-image-wrap\" data-src=\"https:\/\/euroshorts-filmfestival.eu\/wp-content\/uploads\/2025\/05\/galery10.png\"><img decoding=\"async\" src=\"https:\/\/euroshorts-filmfestival.eu\/wp-content\/uploads\/2025\/05\/galery10.png\" alt=\"galery10\" class=\"wpr-anim-timing-ease-default\"><\/div><div class=\"wpr-grid-media-hover wpr-animation-wrap\"><div class=\"wpr-grid-media-hover-bg  wpr-overlay-fade-in wpr-anim-size-large wpr-anim-timing-ease-default wpr-anim-transparency\" data-url=\"https:\/\/euroshorts-filmfestival.eu\/es\/galery10\/\"><\/div><div class=\"wpr-cv-container\"><div class=\"wpr-cv-outer\"><div class=\"wpr-cv-inner\"><div class=\"wpr-grid-media-hover-middle elementor-clearfix\"><div class=\"wpr-grid-item-lightbox elementor-repeater-item-9fff957 wpr-grid-item-display-block wpr-grid-item-align-center wpr-element-fade-in wpr-anim-size-large wpr-anim-timing-ease-default wpr-anim-transparency\"><div class=\"inner-block\"><span data-src=\"https:\/\/euroshorts-filmfestival.eu\/wp-content\/uploads\/2025\/05\/galery10.png\"><i class=\"fas fa-search\"><\/i><\/span><div class=\"wpr-grid-lightbox-overlay\"><\/div><\/div><\/div><h2 class=\"wpr-grid-item-title elementor-repeater-item-d364075 wpr-grid-item-display-block wpr-grid-item-align-center wpr-element-fade-in wpr-anim-size-large wpr-anim-timing-ease-default wpr-anim-transparency wpr-pointer-none wpr-pointer-line-fx wpr-pointer-fx-slide\"><div class=\"inner-block\"><a  href=\"https:\/\/euroshorts-filmfestival.eu\/es\/galery10\/\">galer\u00eda10<\/a><\/div><\/h2><\/div><\/div><\/div><\/div><\/div><\/div><\/div><\/article><article class=\"wpr-grid-item elementor-clearfix post-574 attachment type-attachment status-inherit hentry\"><div class=\"wpr-grid-item-inner\"><div class=\"wpr-grid-media-wrap wpr-effect-size-small\"><div class=\"wpr-grid-image-wrap\" data-src=\"https:\/\/euroshorts-filmfestival.eu\/wp-content\/uploads\/2025\/05\/galery4.png\"><img decoding=\"async\" src=\"https:\/\/euroshorts-filmfestival.eu\/wp-content\/uploads\/2025\/05\/galery4.png\" alt=\"galery4\" class=\"wpr-anim-timing-ease-default\"><\/div><div class=\"wpr-grid-media-hover wpr-animation-wrap\"><div class=\"wpr-grid-media-hover-bg  wpr-overlay-fade-in wpr-anim-size-large wpr-anim-timing-ease-default wpr-anim-transparency\" data-url=\"https:\/\/euroshorts-filmfestival.eu\/es\/galery4\/\"><\/div><div class=\"wpr-cv-container\"><div class=\"wpr-cv-outer\"><div class=\"wpr-cv-inner\"><div class=\"wpr-grid-media-hover-middle elementor-clearfix\"><div class=\"wpr-grid-item-lightbox elementor-repeater-item-9fff957 wpr-grid-item-display-block wpr-grid-item-align-center wpr-element-fade-in wpr-anim-size-large wpr-anim-timing-ease-default wpr-anim-transparency\"><div class=\"inner-block\"><span data-src=\"https:\/\/euroshorts-filmfestival.eu\/wp-content\/uploads\/2025\/05\/galery4.png\"><i class=\"fas fa-search\"><\/i><\/span><div class=\"wpr-grid-lightbox-overlay\"><\/div><\/div><\/div><h2 class=\"wpr-grid-item-title elementor-repeater-item-d364075 wpr-grid-item-display-block wpr-grid-item-align-center wpr-element-fade-in wpr-anim-size-large wpr-anim-timing-ease-default wpr-anim-transparency wpr-pointer-none wpr-pointer-line-fx wpr-pointer-fx-slide\"><div class=\"inner-block\"><a  href=\"https:\/\/euroshorts-filmfestival.eu\/es\/galery4\/\">galer\u00eda4<\/a><\/div><\/h2><\/div><\/div><\/div><\/div><\/div><\/div><\/div><\/article><article class=\"wpr-grid-item elementor-clearfix post-575 attachment type-attachment status-inherit hentry\"><div class=\"wpr-grid-item-inner\"><div class=\"wpr-grid-media-wrap wpr-effect-size-small\"><div class=\"wpr-grid-image-wrap\" data-src=\"https:\/\/euroshorts-filmfestival.eu\/wp-content\/uploads\/2025\/05\/galery5.png\"><img decoding=\"async\" src=\"https:\/\/euroshorts-filmfestival.eu\/wp-content\/uploads\/2025\/05\/galery5.png\" alt=\"galery5\" class=\"wpr-anim-timing-ease-default\"><\/div><div class=\"wpr-grid-media-hover wpr-animation-wrap\"><div class=\"wpr-grid-media-hover-bg  wpr-overlay-fade-in wpr-anim-size-large wpr-anim-timing-ease-default wpr-anim-transparency\" data-url=\"https:\/\/euroshorts-filmfestival.eu\/es\/galery5\/\"><\/div><div class=\"wpr-cv-container\"><div class=\"wpr-cv-outer\"><div class=\"wpr-cv-inner\"><div class=\"wpr-grid-media-hover-middle elementor-clearfix\"><div class=\"wpr-grid-item-lightbox elementor-repeater-item-9fff957 wpr-grid-item-display-block wpr-grid-item-align-center wpr-element-fade-in wpr-anim-size-large wpr-anim-timing-ease-default wpr-anim-transparency\"><div class=\"inner-block\"><span data-src=\"https:\/\/euroshorts-filmfestival.eu\/wp-content\/uploads\/2025\/05\/galery5.png\"><i class=\"fas fa-search\"><\/i><\/span><div class=\"wpr-grid-lightbox-overlay\"><\/div><\/div><\/div><h2 class=\"wpr-grid-item-title elementor-repeater-item-d364075 wpr-grid-item-display-block wpr-grid-item-align-center wpr-element-fade-in wpr-anim-size-large wpr-anim-timing-ease-default wpr-anim-transparency wpr-pointer-none wpr-pointer-line-fx wpr-pointer-fx-slide\"><div class=\"inner-block\"><a  href=\"https:\/\/euroshorts-filmfestival.eu\/es\/galery5\/\">galer\u00eda5<\/a><\/div><\/h2><\/div><\/div><\/div><\/div><\/div><\/div><\/div><\/article><article class=\"wpr-grid-item elementor-clearfix post-576 attachment type-attachment status-inherit hentry\"><div class=\"wpr-grid-item-inner\"><div class=\"wpr-grid-media-wrap wpr-effect-size-small\"><div class=\"wpr-grid-image-wrap\" data-src=\"https:\/\/euroshorts-filmfestival.eu\/wp-content\/uploads\/2025\/05\/galery6.png\"><img decoding=\"async\" src=\"https:\/\/euroshorts-filmfestival.eu\/wp-content\/uploads\/2025\/05\/galery6.png\" alt=\"galery6\" class=\"wpr-anim-timing-ease-default\"><\/div><div class=\"wpr-grid-media-hover wpr-animation-wrap\"><div class=\"wpr-grid-media-hover-bg  wpr-overlay-fade-in wpr-anim-size-large wpr-anim-timing-ease-default wpr-anim-transparency\" data-url=\"https:\/\/euroshorts-filmfestival.eu\/es\/galery6\/\"><\/div><div class=\"wpr-cv-container\"><div class=\"wpr-cv-outer\"><div class=\"wpr-cv-inner\"><div class=\"wpr-grid-media-hover-middle elementor-clearfix\"><div class=\"wpr-grid-item-lightbox elementor-repeater-item-9fff957 wpr-grid-item-display-block wpr-grid-item-align-center wpr-element-fade-in wpr-anim-size-large wpr-anim-timing-ease-default wpr-anim-transparency\"><div class=\"inner-block\"><span data-src=\"https:\/\/euroshorts-filmfestival.eu\/wp-content\/uploads\/2025\/05\/galery6.png\"><i class=\"fas fa-search\"><\/i><\/span><div class=\"wpr-grid-lightbox-overlay\"><\/div><\/div><\/div><h2 class=\"wpr-grid-item-title elementor-repeater-item-d364075 wpr-grid-item-display-block wpr-grid-item-align-center wpr-element-fade-in wpr-anim-size-large wpr-anim-timing-ease-default wpr-anim-transparency wpr-pointer-none wpr-pointer-line-fx wpr-pointer-fx-slide\"><div class=\"inner-block\"><a  href=\"https:\/\/euroshorts-filmfestival.eu\/es\/galery6\/\">galer\u00eda6<\/a><\/div><\/h2><\/div><\/div><\/div><\/div><\/div><\/div><\/div><\/article><article class=\"wpr-grid-item elementor-clearfix post-577 attachment type-attachment status-inherit hentry\"><div class=\"wpr-grid-item-inner\"><div class=\"wpr-grid-media-wrap wpr-effect-size-small\"><div class=\"wpr-grid-image-wrap\" data-src=\"https:\/\/euroshorts-filmfestival.eu\/wp-content\/uploads\/2025\/05\/galery7.png\"><img decoding=\"async\" src=\"https:\/\/euroshorts-filmfestival.eu\/wp-content\/uploads\/2025\/05\/galery7.png\" alt=\"galery7\" class=\"wpr-anim-timing-ease-default\"><\/div><div class=\"wpr-grid-media-hover wpr-animation-wrap\"><div class=\"wpr-grid-media-hover-bg  wpr-overlay-fade-in wpr-anim-size-large wpr-anim-timing-ease-default wpr-anim-transparency\" data-url=\"https:\/\/euroshorts-filmfestival.eu\/es\/galery7\/\"><\/div><div class=\"wpr-cv-container\"><div class=\"wpr-cv-outer\"><div class=\"wpr-cv-inner\"><div class=\"wpr-grid-media-hover-middle elementor-clearfix\"><div class=\"wpr-grid-item-lightbox elementor-repeater-item-9fff957 wpr-grid-item-display-block wpr-grid-item-align-center wpr-element-fade-in wpr-anim-size-large wpr-anim-timing-ease-default wpr-anim-transparency\"><div class=\"inner-block\"><span data-src=\"https:\/\/euroshorts-filmfestival.eu\/wp-content\/uploads\/2025\/05\/galery7.png\"><i class=\"fas fa-search\"><\/i><\/span><div class=\"wpr-grid-lightbox-overlay\"><\/div><\/div><\/div><h2 class=\"wpr-grid-item-title elementor-repeater-item-d364075 wpr-grid-item-display-block wpr-grid-item-align-center wpr-element-fade-in wpr-anim-size-large wpr-anim-timing-ease-default wpr-anim-transparency wpr-pointer-none wpr-pointer-line-fx wpr-pointer-fx-slide\"><div class=\"inner-block\"><a  href=\"https:\/\/euroshorts-filmfestival.eu\/es\/galery7\/\">galer\u00eda7<\/a><\/div><\/h2><\/div><\/div><\/div><\/div><\/div><\/div><\/div><\/article><article class=\"wpr-grid-item elementor-clearfix post-578 attachment type-attachment status-inherit hentry\"><div class=\"wpr-grid-item-inner\"><div class=\"wpr-grid-media-wrap wpr-effect-size-small\"><div class=\"wpr-grid-image-wrap\" data-src=\"https:\/\/euroshorts-filmfestival.eu\/wp-content\/uploads\/2025\/05\/galery8.png\"><img decoding=\"async\" src=\"https:\/\/euroshorts-filmfestival.eu\/wp-content\/uploads\/2025\/05\/galery8.png\" alt=\"galery8\" class=\"wpr-anim-timing-ease-default\"><\/div><div class=\"wpr-grid-media-hover wpr-animation-wrap\"><div class=\"wpr-grid-media-hover-bg  wpr-overlay-fade-in wpr-anim-size-large wpr-anim-timing-ease-default wpr-anim-transparency\" data-url=\"https:\/\/euroshorts-filmfestival.eu\/es\/galery8\/\"><\/div><div class=\"wpr-cv-container\"><div class=\"wpr-cv-outer\"><div class=\"wpr-cv-inner\"><div class=\"wpr-grid-media-hover-middle elementor-clearfix\"><div class=\"wpr-grid-item-lightbox elementor-repeater-item-9fff957 wpr-grid-item-display-block wpr-grid-item-align-center wpr-element-fade-in wpr-anim-size-large wpr-anim-timing-ease-default wpr-anim-transparency\"><div class=\"inner-block\"><span data-src=\"https:\/\/euroshorts-filmfestival.eu\/wp-content\/uploads\/2025\/05\/galery8.png\"><i class=\"fas fa-search\"><\/i><\/span><div class=\"wpr-grid-lightbox-overlay\"><\/div><\/div><\/div><h2 class=\"wpr-grid-item-title elementor-repeater-item-d364075 wpr-grid-item-display-block wpr-grid-item-align-center wpr-element-fade-in wpr-anim-size-large wpr-anim-timing-ease-default wpr-anim-transparency wpr-pointer-none wpr-pointer-line-fx wpr-pointer-fx-slide\"><div class=\"inner-block\"><a  href=\"https:\/\/euroshorts-filmfestival.eu\/es\/galery8\/\">galer\u00eda8<\/a><\/div><\/h2><\/div><\/div><\/div><\/div><\/div><\/div><\/div><\/article><article class=\"wpr-grid-item elementor-clearfix post-579 attachment type-attachment status-inherit hentry\"><div class=\"wpr-grid-item-inner\"><div class=\"wpr-grid-media-wrap wpr-effect-size-small\"><div class=\"wpr-grid-image-wrap\" data-src=\"https:\/\/euroshorts-filmfestival.eu\/wp-content\/uploads\/2025\/05\/galery9.png\"><img decoding=\"async\" src=\"https:\/\/euroshorts-filmfestival.eu\/wp-content\/uploads\/2025\/05\/galery9.png\" alt=\"galery9\" class=\"wpr-anim-timing-ease-default\"><\/div><div class=\"wpr-grid-media-hover wpr-animation-wrap\"><div class=\"wpr-grid-media-hover-bg  wpr-overlay-fade-in wpr-anim-size-large wpr-anim-timing-ease-default wpr-anim-transparency\" data-url=\"https:\/\/euroshorts-filmfestival.eu\/es\/galery9\/\"><\/div><div class=\"wpr-cv-container\"><div class=\"wpr-cv-outer\"><div class=\"wpr-cv-inner\"><div class=\"wpr-grid-media-hover-middle elementor-clearfix\"><div class=\"wpr-grid-item-lightbox elementor-repeater-item-9fff957 wpr-grid-item-display-block wpr-grid-item-align-center wpr-element-fade-in wpr-anim-size-large wpr-anim-timing-ease-default wpr-anim-transparency\"><div class=\"inner-block\"><span data-src=\"https:\/\/euroshorts-filmfestival.eu\/wp-content\/uploads\/2025\/05\/galery9.png\"><i class=\"fas fa-search\"><\/i><\/span><div class=\"wpr-grid-lightbox-overlay\"><\/div><\/div><\/div><h2 class=\"wpr-grid-item-title elementor-repeater-item-d364075 wpr-grid-item-display-block wpr-grid-item-align-center wpr-element-fade-in wpr-anim-size-large wpr-anim-timing-ease-default wpr-anim-transparency wpr-pointer-none wpr-pointer-line-fx wpr-pointer-fx-slide\"><div class=\"inner-block\"><a  href=\"https:\/\/euroshorts-filmfestival.eu\/es\/galery9\/\">galer\u00eda9<\/a><\/div><\/h2><\/div><\/div><\/div><\/div><\/div><\/div><\/div><\/article><article class=\"wpr-grid-item elementor-clearfix post-573 attachment type-attachment status-inherit hentry\"><div class=\"wpr-grid-item-inner\"><div class=\"wpr-grid-media-wrap wpr-effect-size-small\"><div class=\"wpr-grid-image-wrap\" data-src=\"https:\/\/euroshorts-filmfestival.eu\/wp-content\/uploads\/2025\/05\/galery3.png\"><img decoding=\"async\" src=\"https:\/\/euroshorts-filmfestival.eu\/wp-content\/uploads\/2025\/05\/galery3.png\" alt=\"galery3\" class=\"wpr-anim-timing-ease-default\"><\/div><div class=\"wpr-grid-media-hover wpr-animation-wrap\"><div class=\"wpr-grid-media-hover-bg  wpr-overlay-fade-in wpr-anim-size-large wpr-anim-timing-ease-default wpr-anim-transparency\" data-url=\"https:\/\/euroshorts-filmfestival.eu\/es\/galery3\/\"><\/div><div class=\"wpr-cv-container\"><div class=\"wpr-cv-outer\"><div class=\"wpr-cv-inner\"><div class=\"wpr-grid-media-hover-middle elementor-clearfix\"><div class=\"wpr-grid-item-lightbox elementor-repeater-item-9fff957 wpr-grid-item-display-block wpr-grid-item-align-center wpr-element-fade-in wpr-anim-size-large wpr-anim-timing-ease-default wpr-anim-transparency\"><div class=\"inner-block\"><span data-src=\"https:\/\/euroshorts-filmfestival.eu\/wp-content\/uploads\/2025\/05\/galery3.png\"><i class=\"fas fa-search\"><\/i><\/span><div class=\"wpr-grid-lightbox-overlay\"><\/div><\/div><\/div><h2 class=\"wpr-grid-item-title elementor-repeater-item-d364075 wpr-grid-item-display-block wpr-grid-item-align-center wpr-element-fade-in wpr-anim-size-large wpr-anim-timing-ease-default wpr-anim-transparency wpr-pointer-none wpr-pointer-line-fx wpr-pointer-fx-slide\"><div class=\"inner-block\"><a  href=\"https:\/\/euroshorts-filmfestival.eu\/es\/galery3\/\">galer\u00eda3<\/a><\/div><\/h2><\/div><\/div><\/div><\/div><\/div><\/div><\/div><\/article><\/section>\t\t\t\t<\/div>\n\t\t\t\t<\/div>\n\t\t\t\t<div class=\"elementor-element elementor-element-8595205 elementor-widget elementor-widget-heading\" data-id=\"8595205\" data-element_type=\"widget\" data-widget_type=\"heading.default\">\n\t\t\t\t<div class=\"elementor-widget-container\">\n\t\t\t\t\t<h2 class=\"elementor-heading-title elementor-size-default\">Las siguientes pel\u00edculas se proyectar\u00e1n el 29 de mayo. Presentado a partir de las 18:30 horas. en el Schauburg.<\/h2>\t\t\t\t<\/div>\n\t\t\t\t<\/div>\n\t\t\t\t<div class=\"elementor-element elementor-element-2e177f0 elementor-widget elementor-widget-video\" data-id=\"2e177f0\" data-element_type=\"widget\" data-settings=\"{&quot;video_type&quot;:&quot;vimeo&quot;}\" data-widget_type=\"video.default\">\n\t\t\t\t<div class=\"elementor-widget-container\">\n\t\t\t\t\t\t\t<div class=\"elementor-wrapper elementor-open-inline\">\n\t\t\t<iframe class=\"elementor-video-iframe\" allowfullscreen allow=\"clipboard-write\" title=\"Reproductor de v\u00eddeo de Vimeo\" src=\"https:\/\/player.vimeo.com\/video\/1088001783?color&amp;autopause=0&amp;loop=0&amp;muted=0&amp;title=1&amp;portrait=1&amp;byline=1#t=\"><\/iframe>\t\t<\/div>\n\t\t\t\t\t\t<\/div>\n\t\t\t\t<\/div>\n\t\t\t\t<div class=\"elementor-element elementor-element-ccc6916 elementor-widget elementor-widget-heading\" data-id=\"ccc6916\" data-element_type=\"widget\" data-widget_type=\"heading.default\">\n\t\t\t\t<div class=\"elementor-widget-container\">\n\t\t\t\t\t<h2 class=\"elementor-heading-title elementor-size-default\">Las siguientes pel\u00edculas se proyectar\u00e1n el 30 de mayo. Presentado a partir de las 18:30 horas. en el Roxy.<\/h2>\t\t\t\t<\/div>\n\t\t\t\t<\/div>\n\t\t\t\t<div class=\"elementor-element elementor-element-3afae03 elementor-widget elementor-widget-video\" data-id=\"3afae03\" data-element_type=\"widget\" data-settings=\"{&quot;video_type&quot;:&quot;vimeo&quot;}\" data-widget_type=\"video.default\">\n\t\t\t\t<div class=\"elementor-widget-container\">\n\t\t\t\t\t\t\t<div class=\"elementor-wrapper elementor-open-inline\">\n\t\t\t<iframe class=\"elementor-video-iframe\" allowfullscreen allow=\"clipboard-write\" title=\"Reproductor de v\u00eddeo de Vimeo\" src=\"https:\/\/player.vimeo.com\/video\/1088002924?color&amp;autopause=0&amp;loop=0&amp;muted=0&amp;title=1&amp;portrait=1&amp;byline=1#t=\"><\/iframe>\t\t<\/div>\n\t\t\t\t\t\t<\/div>\n\t\t\t\t<\/div>\n\t\t\t\t<div class=\"elementor-element elementor-element-93fcd2d wpr-grid-columns-5 wpr-grid-columns--mobile2 wpr-grid-columns--tablet2 wpr-grid-pagination-center elementor-widget elementor-widget-wpr-media-grid\" data-id=\"93fcd2d\" data-element_type=\"widget\" data-widget_type=\"wpr-media-grid.default\">\n\t\t\t\t<div class=\"elementor-widget-container\">\n\t\t\t\t\t<section class=\"wpr-grid wpr-media-grid elementor-clearfix\" data-settings=\"{&quot;layout&quot;:&quot;masonry&quot;,&quot;columns_desktop&quot;:&quot;5&quot;,&quot;gutter_hr&quot;:15,&quot;gutter_hr_mobile&quot;:15,&quot;gutter_hr_mobile_extra&quot;:15,&quot;gutter_hr_tablet&quot;:15,&quot;gutter_hr_tablet_extra&quot;:15,&quot;gutter_hr_laptop&quot;:15,&quot;gutter_hr_widescreen&quot;:15,&quot;gutter_vr&quot;:15,&quot;gutter_vr_mobile&quot;:15,&quot;gutter_vr_mobile_extra&quot;:15,&quot;gutter_vr_tablet&quot;:15,&quot;gutter_vr_tablet_extra&quot;:15,&quot;gutter_vr_laptop&quot;:15,&quot;gutter_vr_widescreen&quot;:15,&quot;animation&quot;:&quot;default&quot;,&quot;animation_duration&quot;:0.299999999999999988897769753748434595763683319091796875,&quot;animation_delay&quot;:0.1000000000000000055511151231257827021181583404541015625,&quot;deeplinking&quot;:&quot;no&quot;,&quot;filters_default_filter&quot;:&quot;&quot;,&quot;filters_linkable&quot;:&quot;no&quot;,&quot;filters_count&quot;:&quot;no&quot;,&quot;filters_hide_empty&quot;:&quot;no&quot;,&quot;filters_animation&quot;:&quot;default&quot;,&quot;filters_animation_duration&quot;:0.299999999999999988897769753748434595763683319091796875,&quot;filters_animation_delay&quot;:0.1000000000000000055511151231257827021181583404541015625,&quot;pagination_type&quot;:&quot;load-more&quot;,&quot;pagination_max_pages&quot;:1,&quot;lightbox&quot;:{&quot;selector&quot;:&quot;.wpr-grid-image-wrap&quot;,&quot;iframeMaxWidth&quot;:&quot;60%&quot;,&quot;hash&quot;:false,&quot;autoplay&quot;:&quot;true&quot;,&quot;pause&quot;:5000,&quot;progressBar&quot;:&quot;true&quot;,&quot;counter&quot;:&quot;true&quot;,&quot;controls&quot;:&quot;true&quot;,&quot;getCaptionFromTitleOrAlt&quot;:&quot;true&quot;,&quot;thumbnail&quot;:&quot;true&quot;,&quot;showThumbByDefault&quot;:&quot;true&quot;,&quot;share&quot;:&quot;true&quot;,&quot;zoom&quot;:&quot;true&quot;,&quot;fullScreen&quot;:&quot;true&quot;,&quot;download&quot;:&quot;true&quot;}}\"><article class=\"wpr-grid-item elementor-clearfix post-616 attachment type-attachment status-inherit hentry\"><div class=\"wpr-grid-item-inner\"><div class=\"wpr-grid-media-wrap wpr-effect-size-small\"><div class=\"wpr-grid-image-wrap\" data-src=\"https:\/\/euroshorts-filmfestival.eu\/wp-content\/uploads\/2025\/05\/Sardine-Roaster.png\"><img decoding=\"async\" src=\"https:\/\/euroshorts-filmfestival.eu\/wp-content\/uploads\/2025\/05\/Sardine-Roaster.png\" alt=\"Sardine Roaster\" class=\"wpr-anim-timing-ease-default\"><\/div><div class=\"wpr-grid-media-hover wpr-animation-wrap\"><div class=\"wpr-grid-media-hover-bg  wpr-overlay-fade-in wpr-anim-size-large wpr-anim-timing-ease-default wpr-anim-transparency\" data-url=\"https:\/\/euroshorts-filmfestival.eu\/es\/elementor-282\/sardine-roaster\/\"><\/div><div class=\"wpr-cv-container\"><div class=\"wpr-cv-outer\"><div class=\"wpr-cv-inner\"><div class=\"wpr-grid-media-hover-middle elementor-clearfix\"><div class=\"wpr-grid-item-lightbox elementor-repeater-item-9fff957 wpr-grid-item-display-block wpr-grid-item-align-center wpr-element-fade-in wpr-anim-size-large wpr-anim-timing-ease-default wpr-anim-transparency\"><div class=\"inner-block\"><span data-src=\"https:\/\/euroshorts-filmfestival.eu\/wp-content\/uploads\/2025\/05\/Sardine-Roaster.png\"><i class=\"fas fa-search\"><\/i><\/span><div class=\"wpr-grid-lightbox-overlay\"><\/div><\/div><\/div><h2 class=\"wpr-grid-item-title elementor-repeater-item-d364075 wpr-grid-item-display-block wpr-grid-item-align-center wpr-element-fade-in wpr-anim-size-large wpr-anim-timing-ease-default wpr-anim-transparency wpr-pointer-none wpr-pointer-line-fx wpr-pointer-fx-slide\"><div class=\"inner-block\"><a  href=\"https:\/\/euroshorts-filmfestival.eu\/es\/elementor-282\/sardine-roaster\/\">Asador de sardinas<\/a><\/div><\/h2><\/div><\/div><\/div><\/div><\/div><\/div><\/div><\/article><article class=\"wpr-grid-item elementor-clearfix post-613 attachment type-attachment status-inherit hentry\"><div class=\"wpr-grid-item-inner\"><div class=\"wpr-grid-media-wrap wpr-effect-size-small\"><div class=\"wpr-grid-image-wrap\" data-src=\"https:\/\/euroshorts-filmfestival.eu\/wp-content\/uploads\/2025\/05\/Maruja-Insta.png\"><img decoding=\"async\" src=\"https:\/\/euroshorts-filmfestival.eu\/wp-content\/uploads\/2025\/05\/Maruja-Insta.png\" alt=\"Maruja Insta\" class=\"wpr-anim-timing-ease-default\"><\/div><div class=\"wpr-grid-media-hover wpr-animation-wrap\"><div class=\"wpr-grid-media-hover-bg  wpr-overlay-fade-in wpr-anim-size-large wpr-anim-timing-ease-default wpr-anim-transparency\" data-url=\"https:\/\/euroshorts-filmfestival.eu\/es\/elementor-282\/maruja-insta\/\"><\/div><div class=\"wpr-cv-container\"><div class=\"wpr-cv-outer\"><div class=\"wpr-cv-inner\"><div class=\"wpr-grid-media-hover-middle elementor-clearfix\"><div class=\"wpr-grid-item-lightbox elementor-repeater-item-9fff957 wpr-grid-item-display-block wpr-grid-item-align-center wpr-element-fade-in wpr-anim-size-large wpr-anim-timing-ease-default wpr-anim-transparency\"><div class=\"inner-block\"><span data-src=\"https:\/\/euroshorts-filmfestival.eu\/wp-content\/uploads\/2025\/05\/Maruja-Insta.png\"><i class=\"fas fa-search\"><\/i><\/span><div class=\"wpr-grid-lightbox-overlay\"><\/div><\/div><\/div><h2 class=\"wpr-grid-item-title elementor-repeater-item-d364075 wpr-grid-item-display-block wpr-grid-item-align-center wpr-element-fade-in wpr-anim-size-large wpr-anim-timing-ease-default wpr-anim-transparency wpr-pointer-none wpr-pointer-line-fx wpr-pointer-fx-slide\"><div class=\"inner-block\"><a  href=\"https:\/\/euroshorts-filmfestival.eu\/es\/elementor-282\/maruja-insta\/\">Maruja Insta<\/a><\/div><\/h2><\/div><\/div><\/div><\/div><\/div><\/div><\/div><\/article><article class=\"wpr-grid-item elementor-clearfix post-617 attachment type-attachment status-inherit hentry\"><div class=\"wpr-grid-item-inner\"><div class=\"wpr-grid-media-wrap wpr-effect-size-small\"><div class=\"wpr-grid-image-wrap\" data-src=\"https:\/\/euroshorts-filmfestival.eu\/wp-content\/uploads\/2025\/05\/Tango-to-go.png\"><img decoding=\"async\" src=\"https:\/\/euroshorts-filmfestival.eu\/wp-content\/uploads\/2025\/05\/Tango-to-go.png\" alt=\"Tango to go\" class=\"wpr-anim-timing-ease-default\"><\/div><div class=\"wpr-grid-media-hover wpr-animation-wrap\"><div class=\"wpr-grid-media-hover-bg  wpr-overlay-fade-in wpr-anim-size-large wpr-anim-timing-ease-default wpr-anim-transparency\" data-url=\"https:\/\/euroshorts-filmfestival.eu\/es\/elementor-282\/tango-to-go\/\"><\/div><div class=\"wpr-cv-container\"><div class=\"wpr-cv-outer\"><div class=\"wpr-cv-inner\"><div class=\"wpr-grid-media-hover-middle elementor-clearfix\"><div class=\"wpr-grid-item-lightbox elementor-repeater-item-9fff957 wpr-grid-item-display-block wpr-grid-item-align-center wpr-element-fade-in wpr-anim-size-large wpr-anim-timing-ease-default wpr-anim-transparency\"><div class=\"inner-block\"><span data-src=\"https:\/\/euroshorts-filmfestival.eu\/wp-content\/uploads\/2025\/05\/Tango-to-go.png\"><i class=\"fas fa-search\"><\/i><\/span><div class=\"wpr-grid-lightbox-overlay\"><\/div><\/div><\/div><h2 class=\"wpr-grid-item-title elementor-repeater-item-d364075 wpr-grid-item-display-block wpr-grid-item-align-center wpr-element-fade-in wpr-anim-size-large wpr-anim-timing-ease-default wpr-anim-transparency wpr-pointer-none wpr-pointer-line-fx wpr-pointer-fx-slide\"><div class=\"inner-block\"><a  href=\"https:\/\/euroshorts-filmfestival.eu\/es\/elementor-282\/tango-to-go\/\">Tango para llevar<\/a><\/div><\/h2><\/div><\/div><\/div><\/div><\/div><\/div><\/div><\/article><article class=\"wpr-grid-item elementor-clearfix post-614 attachment type-attachment status-inherit hentry\"><div class=\"wpr-grid-item-inner\"><div class=\"wpr-grid-media-wrap wpr-effect-size-small\"><div class=\"wpr-grid-image-wrap\" data-src=\"https:\/\/euroshorts-filmfestival.eu\/wp-content\/uploads\/2025\/05\/Nichtschwimmer.jpg\"><img decoding=\"async\" src=\"https:\/\/euroshorts-filmfestival.eu\/wp-content\/uploads\/2025\/05\/Nichtschwimmer.jpg\" alt=\"Nichtschwimmer\" class=\"wpr-anim-timing-ease-default\"><\/div><div class=\"wpr-grid-media-hover wpr-animation-wrap\"><div class=\"wpr-grid-media-hover-bg  wpr-overlay-fade-in wpr-anim-size-large wpr-anim-timing-ease-default wpr-anim-transparency\" data-url=\"https:\/\/euroshorts-filmfestival.eu\/es\/elementor-282\/nichtschwimmer\/\"><\/div><div class=\"wpr-cv-container\"><div class=\"wpr-cv-outer\"><div class=\"wpr-cv-inner\"><div class=\"wpr-grid-media-hover-middle elementor-clearfix\"><div class=\"wpr-grid-item-lightbox elementor-repeater-item-9fff957 wpr-grid-item-display-block wpr-grid-item-align-center wpr-element-fade-in wpr-anim-size-large wpr-anim-timing-ease-default wpr-anim-transparency\"><div class=\"inner-block\"><span data-src=\"https:\/\/euroshorts-filmfestival.eu\/wp-content\/uploads\/2025\/05\/Nichtschwimmer.jpg\"><i class=\"fas fa-search\"><\/i><\/span><div class=\"wpr-grid-lightbox-overlay\"><\/div><\/div><\/div><h2 class=\"wpr-grid-item-title elementor-repeater-item-d364075 wpr-grid-item-display-block wpr-grid-item-align-center wpr-element-fade-in wpr-anim-size-large wpr-anim-timing-ease-default wpr-anim-transparency wpr-pointer-none wpr-pointer-line-fx wpr-pointer-fx-slide\"><div class=\"inner-block\"><a  href=\"https:\/\/euroshorts-filmfestival.eu\/es\/elementor-282\/nichtschwimmer\/\">No nadadores<\/a><\/div><\/h2><\/div><\/div><\/div><\/div><\/div><\/div><\/div><\/article><article class=\"wpr-grid-item elementor-clearfix post-618 attachment type-attachment status-inherit hentry\"><div class=\"wpr-grid-item-inner\"><div class=\"wpr-grid-media-wrap wpr-effect-size-small\"><div class=\"wpr-grid-image-wrap\" data-src=\"https:\/\/euroshorts-filmfestival.eu\/wp-content\/uploads\/2025\/05\/Amber-and-green.jpg\"><img decoding=\"async\" src=\"https:\/\/euroshorts-filmfestival.eu\/wp-content\/uploads\/2025\/05\/Amber-and-green.jpg\" alt=\"Amber and green\" class=\"wpr-anim-timing-ease-default\"><\/div><div class=\"wpr-grid-media-hover wpr-animation-wrap\"><div class=\"wpr-grid-media-hover-bg  wpr-overlay-fade-in wpr-anim-size-large wpr-anim-timing-ease-default wpr-anim-transparency\" data-url=\"https:\/\/euroshorts-filmfestival.eu\/es\/elementor-282\/amber-and-green\/\"><\/div><div class=\"wpr-cv-container\"><div class=\"wpr-cv-outer\"><div class=\"wpr-cv-inner\"><div class=\"wpr-grid-media-hover-middle elementor-clearfix\"><div class=\"wpr-grid-item-lightbox elementor-repeater-item-9fff957 wpr-grid-item-display-block wpr-grid-item-align-center wpr-element-fade-in wpr-anim-size-large wpr-anim-timing-ease-default wpr-anim-transparency\"><div class=\"inner-block\"><span data-src=\"https:\/\/euroshorts-filmfestival.eu\/wp-content\/uploads\/2025\/05\/Amber-and-green.jpg\"><i class=\"fas fa-search\"><\/i><\/span><div class=\"wpr-grid-lightbox-overlay\"><\/div><\/div><\/div><h2 class=\"wpr-grid-item-title elementor-repeater-item-d364075 wpr-grid-item-display-block wpr-grid-item-align-center wpr-element-fade-in wpr-anim-size-large wpr-anim-timing-ease-default wpr-anim-transparency wpr-pointer-none wpr-pointer-line-fx wpr-pointer-fx-slide\"><div class=\"inner-block\"><a  href=\"https:\/\/euroshorts-filmfestival.eu\/es\/elementor-282\/amber-and-green\/\">\u00c1mbar y verde<\/a><\/div><\/h2><\/div><\/div><\/div><\/div><\/div><\/div><\/div><\/article><article class=\"wpr-grid-item elementor-clearfix post-615 attachment type-attachment status-inherit hentry\"><div class=\"wpr-grid-item-inner\"><div class=\"wpr-grid-media-wrap wpr-effect-size-small\"><div class=\"wpr-grid-image-wrap\" data-src=\"https:\/\/euroshorts-filmfestival.eu\/wp-content\/uploads\/2025\/05\/Sanctum-Insta.png\"><img decoding=\"async\" src=\"https:\/\/euroshorts-filmfestival.eu\/wp-content\/uploads\/2025\/05\/Sanctum-Insta.png\" alt=\"Sanctum Insta\" class=\"wpr-anim-timing-ease-default\"><\/div><div class=\"wpr-grid-media-hover wpr-animation-wrap\"><div class=\"wpr-grid-media-hover-bg  wpr-overlay-fade-in wpr-anim-size-large wpr-anim-timing-ease-default wpr-anim-transparency\" data-url=\"https:\/\/euroshorts-filmfestival.eu\/es\/elementor-282\/sanctum-insta\/\"><\/div><div class=\"wpr-cv-container\"><div class=\"wpr-cv-outer\"><div class=\"wpr-cv-inner\"><div class=\"wpr-grid-media-hover-middle elementor-clearfix\"><div class=\"wpr-grid-item-lightbox elementor-repeater-item-9fff957 wpr-grid-item-display-block wpr-grid-item-align-center wpr-element-fade-in wpr-anim-size-large wpr-anim-timing-ease-default wpr-anim-transparency\"><div class=\"inner-block\"><span data-src=\"https:\/\/euroshorts-filmfestival.eu\/wp-content\/uploads\/2025\/05\/Sanctum-Insta.png\"><i class=\"fas fa-search\"><\/i><\/span><div class=\"wpr-grid-lightbox-overlay\"><\/div><\/div><\/div><h2 class=\"wpr-grid-item-title elementor-repeater-item-d364075 wpr-grid-item-display-block wpr-grid-item-align-center wpr-element-fade-in wpr-anim-size-large wpr-anim-timing-ease-default wpr-anim-transparency wpr-pointer-none wpr-pointer-line-fx wpr-pointer-fx-slide\"><div class=\"inner-block\"><a  href=\"https:\/\/euroshorts-filmfestival.eu\/es\/elementor-282\/sanctum-insta\/\">Instagram del Santuario<\/a><\/div><\/h2><\/div><\/div><\/div><\/div><\/div><\/div><\/div><\/article><article class=\"wpr-grid-item elementor-clearfix post-619 attachment type-attachment status-inherit hentry\"><div class=\"wpr-grid-item-inner\"><div class=\"wpr-grid-media-wrap wpr-effect-size-small\"><div class=\"wpr-grid-image-wrap\" data-src=\"https:\/\/euroshorts-filmfestival.eu\/wp-content\/uploads\/2025\/05\/Cooections.png\"><img decoding=\"async\" src=\"https:\/\/euroshorts-filmfestival.eu\/wp-content\/uploads\/2025\/05\/Cooections.png\" alt=\"Cooections\" class=\"wpr-anim-timing-ease-default\"><\/div><div class=\"wpr-grid-media-hover wpr-animation-wrap\"><div class=\"wpr-grid-media-hover-bg  wpr-overlay-fade-in wpr-anim-size-large wpr-anim-timing-ease-default wpr-anim-transparency\" data-url=\"https:\/\/euroshorts-filmfestival.eu\/es\/elementor-282\/cooections\/\"><\/div><div class=\"wpr-cv-container\"><div class=\"wpr-cv-outer\"><div class=\"wpr-cv-inner\"><div class=\"wpr-grid-media-hover-middle elementor-clearfix\"><div class=\"wpr-grid-item-lightbox elementor-repeater-item-9fff957 wpr-grid-item-display-block wpr-grid-item-align-center wpr-element-fade-in wpr-anim-size-large wpr-anim-timing-ease-default wpr-anim-transparency\"><div class=\"inner-block\"><span data-src=\"https:\/\/euroshorts-filmfestival.eu\/wp-content\/uploads\/2025\/05\/Cooections.png\"><i class=\"fas fa-search\"><\/i><\/span><div class=\"wpr-grid-lightbox-overlay\"><\/div><\/div><\/div><h2 class=\"wpr-grid-item-title elementor-repeater-item-d364075 wpr-grid-item-display-block wpr-grid-item-align-center wpr-element-fade-in wpr-anim-size-large wpr-anim-timing-ease-default wpr-anim-transparency wpr-pointer-none wpr-pointer-line-fx wpr-pointer-fx-slide\"><div class=\"inner-block\"><a  href=\"https:\/\/euroshorts-filmfestival.eu\/es\/elementor-282\/cooections\/\">Cooecciones<\/a><\/div><\/h2><\/div><\/div><\/div><\/div><\/div><\/div><\/div><\/article><article class=\"wpr-grid-item elementor-clearfix post-620 attachment type-attachment status-inherit hentry\"><div class=\"wpr-grid-item-inner\"><div class=\"wpr-grid-media-wrap wpr-effect-size-small\"><div class=\"wpr-grid-image-wrap\" data-src=\"https:\/\/euroshorts-filmfestival.eu\/wp-content\/uploads\/2025\/05\/Das-letzte-Stu\u0308ck-insta.png\"><img decoding=\"async\" src=\"https:\/\/euroshorts-filmfestival.eu\/wp-content\/uploads\/2025\/05\/Das-letzte-Stu\u0308ck-insta.png\" alt=\"Das letzte Stu\u0308ck insta\" class=\"wpr-anim-timing-ease-default\"><\/div><div class=\"wpr-grid-media-hover wpr-animation-wrap\"><div class=\"wpr-grid-media-hover-bg  wpr-overlay-fade-in wpr-anim-size-large wpr-anim-timing-ease-default wpr-anim-transparency\" data-url=\"https:\/\/euroshorts-filmfestival.eu\/es\/elementor-282\/das-letzte-stu%cc%88ck-insta\/\"><\/div><div class=\"wpr-cv-container\"><div class=\"wpr-cv-outer\"><div class=\"wpr-cv-inner\"><div class=\"wpr-grid-media-hover-middle elementor-clearfix\"><div class=\"wpr-grid-item-lightbox elementor-repeater-item-9fff957 wpr-grid-item-display-block wpr-grid-item-align-center wpr-element-fade-in wpr-anim-size-large wpr-anim-timing-ease-default wpr-anim-transparency\"><div class=\"inner-block\"><span data-src=\"https:\/\/euroshorts-filmfestival.eu\/wp-content\/uploads\/2025\/05\/Das-letzte-Stu\u0308ck-insta.png\"><i class=\"fas fa-search\"><\/i><\/span><div class=\"wpr-grid-lightbox-overlay\"><\/div><\/div><\/div><h2 class=\"wpr-grid-item-title elementor-repeater-item-d364075 wpr-grid-item-display-block wpr-grid-item-align-center wpr-element-fade-in wpr-anim-size-large wpr-anim-timing-ease-default wpr-anim-transparency wpr-pointer-none wpr-pointer-line-fx wpr-pointer-fx-slide\"><div class=\"inner-block\"><a  href=\"https:\/\/euroshorts-filmfestival.eu\/es\/elementor-282\/das-letzte-stu%cc%88ck-insta\/\">La \u00faltima pieza insta<\/a><\/div><\/h2><\/div><\/div><\/div><\/div><\/div><\/div><\/div><\/article><article class=\"wpr-grid-item elementor-clearfix post-621 attachment type-attachment status-inherit hentry\"><div class=\"wpr-grid-item-inner\"><div class=\"wpr-grid-media-wrap wpr-effect-size-small\"><div class=\"wpr-grid-image-wrap\" data-src=\"https:\/\/euroshorts-filmfestival.eu\/wp-content\/uploads\/2025\/05\/Fred-Pauline.png\"><img decoding=\"async\" src=\"https:\/\/euroshorts-filmfestival.eu\/wp-content\/uploads\/2025\/05\/Fred-Pauline.png\" alt=\"Fred &#038;Pauline\" class=\"wpr-anim-timing-ease-default\"><\/div><div class=\"wpr-grid-media-hover wpr-animation-wrap\"><div class=\"wpr-grid-media-hover-bg  wpr-overlay-fade-in wpr-anim-size-large wpr-anim-timing-ease-default wpr-anim-transparency\" data-url=\"https:\/\/euroshorts-filmfestival.eu\/es\/elementor-282\/fred-pauline\/\"><\/div><div class=\"wpr-cv-container\"><div class=\"wpr-cv-outer\"><div class=\"wpr-cv-inner\"><div class=\"wpr-grid-media-hover-middle elementor-clearfix\"><div class=\"wpr-grid-item-lightbox elementor-repeater-item-9fff957 wpr-grid-item-display-block wpr-grid-item-align-center wpr-element-fade-in wpr-anim-size-large wpr-anim-timing-ease-default wpr-anim-transparency\"><div class=\"inner-block\"><span data-src=\"https:\/\/euroshorts-filmfestival.eu\/wp-content\/uploads\/2025\/05\/Fred-Pauline.png\"><i class=\"fas fa-search\"><\/i><\/span><div class=\"wpr-grid-lightbox-overlay\"><\/div><\/div><\/div><h2 class=\"wpr-grid-item-title elementor-repeater-item-d364075 wpr-grid-item-display-block wpr-grid-item-align-center wpr-element-fade-in wpr-anim-size-large wpr-anim-timing-ease-default wpr-anim-transparency wpr-pointer-none wpr-pointer-line-fx wpr-pointer-fx-slide\"><div class=\"inner-block\"><a  href=\"https:\/\/euroshorts-filmfestival.eu\/es\/elementor-282\/fred-pauline\/\">Fred y Pauline<\/a><\/div><\/h2><\/div><\/div><\/div><\/div><\/div><\/div><\/div><\/article><\/section>\t\t\t\t<\/div>\n\t\t\t\t<\/div>\n\t\t\t\t<div class=\"elementor-element elementor-element-5dd1367 elementor-headline--style-highlight elementor-widget elementor-widget-animated-headline\" data-id=\"5dd1367\" data-element_type=\"widget\" data-settings=\"{&quot;marker&quot;:&quot;double_underline&quot;,&quot;highlighted_text&quot;:&quot;Euroshorts Filmfestival&quot;,&quot;headline_style&quot;:&quot;highlight&quot;,&quot;loop&quot;:&quot;yes&quot;,&quot;highlight_animation_duration&quot;:1200,&quot;highlight_iteration_delay&quot;:8000}\" data-widget_type=\"animated-headline.default\">\n\t\t\t\t<div class=\"elementor-widget-container\">\n\t\t\t\t\t\t\t<h3 class=\"elementor-headline\">\n\t\t\t\t\t<span class=\"elementor-headline-plain-text elementor-headline-text-wrapper\">Los moderadores de la<\/span>\n\t\t\t\t<span class=\"elementor-headline-dynamic-wrapper elementor-headline-text-wrapper\">\n\t\t\t\t\t<span class=\"elementor-headline-dynamic-text elementor-headline-text-active\">Festival de Cine Euroshorts<\/span>\n\t\t\t\t<\/span>\n\t\t\t\t<\/h3>\n\t\t\t\t\t\t<\/div>\n\t\t\t\t<\/div>\n\t\t<div class=\"elementor-element elementor-element-8f98a4d e-grid e-con-full wpr-particle-no wpr-jarallax-no wpr-parallax-no wpr-sticky-section-no e-con e-child\" data-id=\"8f98a4d\" data-element_type=\"container\">\n\t\t\t\t<div class=\"elementor-element elementor-element-cb856b1 wpr-team-member-divider-center wpr-team-member-social-media-center elementor-widget elementor-widget-wpr-team-member\" data-id=\"cb856b1\" data-element_type=\"widget\" data-widget_type=\"wpr-team-member.default\">\n\t\t\t\t<div class=\"elementor-widget-container\">\n\t\t\t\t\t\n\t<div class=\"wpr-team-member\">\n\t\t\t\t\t\n\t\t\t<div class=\"wpr-member-media\">\n\t\t\t\t<div class=\"wpr-member-image\">\n\t\t\t\t\t<img decoding=\"async\" src=\"https:\/\/euroshorts-filmfestival.eu\/wp-content\/uploads\/2025\/05\/LeaGanzek-scaled.png\" alt=\"Lea Ganzek\">\n\t\t\t\t<\/div>\n\t\t\t\t\t\t\t<\/div>\n\t\t\t\t\n\t\t\n\t\t<div class=\"wpr-member-content\">\n\t\t\t<h3 class=\"wpr-member-name\">Lea Ganzek<\/h3>\n\t\t\t\n\t\t\t\t\t\t\t<div class=\"wpr-member-job\">Modera el &quot;Colorido&quot; y la &quot;Responsabilidad Europea&quot;<\/div>\n\t\t\t\n\t\t\t\t\t\t\t<div class=\"wpr-member-divider\"><\/div>\n\t\t\t\n\t\t\t\t\t\t\t<div class=\"wpr-member-description\">Hola, soy Lea, nacida en la regi\u00f3n del Ruhr, cineasta y estudiante de m\u00e1ster en cine en la FH Dortmund. Despu\u00e9s de finalizar mi licenciatura, realic\u00e9 varios cortometrajes, entre ellos D\u00e4mmerstatus, que cont\u00f3 con el apoyo de la Fundaci\u00f3n de Cine y Medios de Renania del Norte-Westfalia. <br \/> Cuando se trata de contar historias, me interesan especialmente los temas fant\u00e1sticos y las perspectivas poco convencionales, especialmente desde el punto de vista femenino. Es precisamente esta perspectiva abierta y curiosa la que traigo al escenario.<br \/> Como moderador del Festival Euroshorts, espero conocer a cineastas, iniciar conversaciones y ofrecer al p\u00fablico perspectivas interesantes, sin ning\u00fan protocolo r\u00edgido, pero con mucho coraz\u00f3n e inter\u00e9s en historias reales.<\/div>\n\t\t\t\t\t\t\n\t\t\t\t\t<\/div>\n\n\t\t\t<\/div>\n\n\t\t\t\t\t<\/div>\n\t\t\t\t<\/div>\n\t\t\t\t<div class=\"elementor-element elementor-element-27b9390 wpr-team-member-divider-center wpr-team-member-social-media-center elementor-widget elementor-widget-wpr-team-member\" data-id=\"27b9390\" data-element_type=\"widget\" data-widget_type=\"wpr-team-member.default\">\n\t\t\t\t<div class=\"elementor-widget-container\">\n\t\t\t\t\t\n\t<div class=\"wpr-team-member\">\n\t\t\t\t\t\n\t\t\t<div class=\"wpr-member-media\">\n\t\t\t\t<div class=\"wpr-member-image\">\n\t\t\t\t\t<img decoding=\"async\" src=\"https:\/\/euroshorts-filmfestival.eu\/wp-content\/uploads\/2025\/05\/ANNA-Heyne.jpeg\" alt=\"Anna Maria Heyne\">\n\t\t\t\t<\/div>\n\t\t\t\t\t\t\t<\/div>\n\t\t\t\t\n\t\t\n\t\t<div class=\"wpr-member-content\">\n\t\t\t<h3 class=\"wpr-member-name\">Anna Maria Heyne<\/h3>\n\t\t\t\n\t\t\t\t\t\t\t<div class=\"wpr-member-job\">Present\u00f3 &quot;Riendo a trav\u00e9s de las fronteras&quot; y &quot;Unidos en la amistad&quot; en el Schauburg y el Roxy<\/div>\n\t\t\t\n\t\t\t\t\t\t\t<div class=\"wpr-member-divider\"><\/div>\n\t\t\t\n\t\t\t\t\t\t\t<div class=\"wpr-member-description\">\u00a1Hola a todos! <br \/>\nSoy Anna Maria, actriz y presentadora en el Festival Euroshorts durante dos noches este a\u00f1o. Como alguien que ha estado en el escenario y frente a la c\u00e1mara, s\u00e9 cu\u00e1nto coraz\u00f3n, alma, coraje y pasi\u00f3n hay en cada pel\u00edcula. <br \/>\nPrecisamente por eso tengo tantas ganas de acompa\u00f1ar vuestros trabajos, de compartir con vosotros la emoci\u00f3n y de crear espacios para verdaderos encuentros, a la altura de los ojos, con curiosidad y con mucho entusiasmo por lo que hace que el cine sea tan especial. <br \/>\nEspero tener conversaciones inspiradoras, nuevos impulsos creativos y, por supuesto, \u00a1a todos vosotros!<\/div>\n\t\t\t\t\t\t\n\t\t\t\t\t<\/div>\n\n\t\t\t<\/div>\n\n\t\t\t\t\t<\/div>\n\t\t\t\t<\/div>\n\t\t\t\t<div class=\"elementor-element elementor-element-082fba7 wpr-team-member-divider-center wpr-team-member-social-media-center elementor-widget elementor-widget-wpr-team-member\" data-id=\"082fba7\" data-element_type=\"widget\" data-widget_type=\"wpr-team-member.default\">\n\t\t\t\t<div class=\"elementor-widget-container\">\n\t\t\t\t\t\n\t<div class=\"wpr-team-member\">\n\t\t\t\t\t\n\t\t\t<div class=\"wpr-member-media\">\n\t\t\t\t<div class=\"wpr-member-image\">\n\t\t\t\t\t<img decoding=\"async\" src=\"https:\/\/euroshorts-filmfestival.eu\/wp-content\/uploads\/2025\/05\/Britt-Lorenzen-klein-e1746878807202.jpg\" alt=\"Britt Lorenzen\">\n\t\t\t\t<\/div>\n\t\t\t\t\t\t\t<\/div>\n\t\t\t\t\n\t\t\n\t\t<div class=\"wpr-member-content\">\n\t\t\t<h3 class=\"wpr-member-name\">Britt Lorenzen<\/h3>\n\t\t\t\n\t\t\t\t\t\t\t<div class=\"wpr-member-job\">modera la gala de clausura, la final en el Teatro Dortmund<\/div>\n\t\t\t\n\t\t\t\t\t\t\t<div class=\"wpr-member-divider\"><\/div>\n\t\t\t\n\t\t\t\t\t\t\t<div class=\"wpr-member-description\">Soy Britt, originaria de Flensburg, una persona de coraz\u00f3n y encontr\u00e9 mi vocaci\u00f3n hace m\u00e1s de 20 a\u00f1os: construir puentes en proyectos y escenarios, actuar como traductora entre el podio y el p\u00fablico (profesional) y, sobre todo, escuchar atentamente (lo cual es mucho m\u00e1s dif\u00edcil que hablar). <br \/>\n\u00bfPor qu\u00e9 esta tr\u00edada destaca particularmente para m\u00ed y para el Euroshorts Film Festival? Todos tenemos pasi\u00f3n por algo. Mi misi\u00f3n es dar voz a ideas, historias y proyectos y hacer las preguntas adecuadas. Mi pregunta favorita: \u00bfQu\u00e9 significa eso exactamente? Al comienzo de la curiosidad hay un secreto. El signo de interrogaci\u00f3n es el s\u00edmbolo m\u00e1s seductor que conocemos. La transmisi\u00f3n del conocimiento debe ser misteriosa: un regalo envuelto art\u00edsticamente que uno disfruta abriendo. Un buen mediador del conocimiento debe crear hambre y despertar sed de conocimiento. Transmitir conocimientos es un arte de seducci\u00f3n, el m\u00e1s antiguo del mundo. Porque transmitir conocimiento significa ser humano. Usted transmite esto con sus pel\u00edculas. Tus im\u00e1genes y tus historias (en movimiento) son las que permanecen en la mente de las personas: \u00a1qu\u00e9 sinergia tan genial! <br \/>\n\u00a1Aqu\u00ed est\u00e1 lo que est\u00e1 por venir! \u00a1Sigamos juntos!<\/div>\n\t\t\t\t\t\t\n\t\t\t\t\t<\/div>\n\n\t\t\t<\/div>\n\n\t\t\t\t\t<\/div>\n\t\t\t\t<\/div>\n\t\t\t\t<\/div>\n\t\t\t\t<div class=\"elementor-element elementor-element-3abe895 elementor-headline--style-highlight elementor-widget elementor-widget-animated-headline\" data-id=\"3abe895\" data-element_type=\"widget\" data-settings=\"{&quot;marker&quot;:&quot;double_underline&quot;,&quot;highlighted_text&quot;:&quot;Euroshorts Filmfestival&quot;,&quot;headline_style&quot;:&quot;highlight&quot;,&quot;loop&quot;:&quot;yes&quot;,&quot;highlight_animation_duration&quot;:1200,&quot;highlight_iteration_delay&quot;:8000}\" data-widget_type=\"animated-headline.default\">\n\t\t\t\t<div class=\"elementor-widget-container\">\n\t\t\t\t\t\t\t<h3 class=\"elementor-headline\">\n\t\t\t\t\t<span class=\"elementor-headline-plain-text elementor-headline-text-wrapper\">El jurado del<\/span>\n\t\t\t\t<span class=\"elementor-headline-dynamic-wrapper elementor-headline-text-wrapper\">\n\t\t\t\t\t<span class=\"elementor-headline-dynamic-text elementor-headline-text-active\">Festival de Cine Euroshorts<\/span>\n\t\t\t\t<\/span>\n\t\t\t\t<\/h3>\n\t\t\t\t\t\t<\/div>\n\t\t\t\t<\/div>\n\t\t<div class=\"elementor-element elementor-element-2b38de8 e-grid e-con-full wpr-particle-no wpr-jarallax-no wpr-parallax-no wpr-sticky-section-no e-con e-child\" data-id=\"2b38de8\" data-element_type=\"container\">\n\t\t\t\t<div class=\"elementor-element elementor-element-00c032b wpr-team-member-divider-center wpr-team-member-social-media-center elementor-widget elementor-widget-wpr-team-member\" data-id=\"00c032b\" data-element_type=\"widget\" data-widget_type=\"wpr-team-member.default\">\n\t\t\t\t<div class=\"elementor-widget-container\">\n\t\t\t\t\t\n\t<div class=\"wpr-team-member\">\n\t\t\t\t\n\t\t\n\t\t<div class=\"wpr-member-content\">\n\t\t\t<h3 class=\"wpr-member-name\">Robert Pfeffer<\/h3>\n\t\t\t\n\t\t\t\t\t\t\t<div class=\"wpr-member-job\">\u00a1Bienvenido al jurado, Robert!<\/div>\n\t\t\t\n\t\t\t\t\t\t\t<div class=\"wpr-member-divider\"><\/div>\n\t\t\t\n\t\t\t\t\t\t\t<div class=\"wpr-member-description\">\u00a1Estamos encantados de darle la bienvenida a Robert Pfeffer como miembro del jurado! Trabaja como editor de pel\u00edculas y series desde hace m\u00e1s de 20 a\u00f1os y sigue trabajando para RTL, una de las mayores cadenas de televisi\u00f3n de Alemania. <br \/>\nRobert dio sus primeros pasos en el escenario teatral a temprana edad y descubri\u00f3 su pasi\u00f3n por la dramaturgia y las historias. <br \/>\nCon su experiencia y su mirada experta enriquece a nuestro jurado de una manera muy especial.<\/div>\n\t\t\t\t\t\t\n\t\t\t\t\t<\/div>\n\n\t\t\t<\/div>\n\n\t\t\t\t\t<\/div>\n\t\t\t\t<\/div>\n\t\t\t\t<div class=\"elementor-element elementor-element-82b3674 wpr-team-member-divider-center wpr-team-member-social-media-center elementor-widget elementor-widget-wpr-team-member\" data-id=\"82b3674\" data-element_type=\"widget\" data-widget_type=\"wpr-team-member.default\">\n\t\t\t\t<div class=\"elementor-widget-container\">\n\t\t\t\t\t\n\t<div class=\"wpr-team-member\">\n\t\t\t\t\n\t\t\n\t\t<div class=\"wpr-member-content\">\n\t\t\t<h3 class=\"wpr-member-name\">Giuliana Barthel<\/h3>\n\t\t\t\n\t\t\t\t\t\t\t<div class=\"wpr-member-job\">\u00a1Bienvenida al jurado, Giuliana!<\/div>\n\t\t\t\n\t\t\t\t\t\t\t<div class=\"wpr-member-divider\"><\/div>\n\t\t\t\n\t\t\t\t\t\t\t<div class=\"wpr-member-description\">ya ha realizado varios cortometrajes, entre ellos Mother\u2019s Wish, Star y 10,119. <br \/>\nDesde 2022 trabaja como productora junior en 5.9 Filmproduktion y ese mismo a\u00f1o fund\u00f3 el Cconnectfilmfestival, dedicado a promover j\u00f3venes talentos cinematogr\u00e1ficos en Renania del Norte-Westfalia. <br \/>\nCon una perspectiva fresca, energ\u00eda creativa y un agudo sentido para las nuevas voces, aporta una perspectiva joven a nuestro jurado en el Euroshorts Film Festival 2025. <br \/>\n\u00a1Estamos deseando conocer vuestra perspectiva sobre el cine de cortometrajes europeo!<\/div>\n\t\t\t\t\t\t\n\t\t\t\t\t<\/div>\n\n\t\t\t<\/div>\n\n\t\t\t\t\t<\/div>\n\t\t\t\t<\/div>\n\t\t\t\t<div class=\"elementor-element elementor-element-e37360c wpr-team-member-divider-center wpr-team-member-social-media-center elementor-widget elementor-widget-wpr-team-member\" data-id=\"e37360c\" data-element_type=\"widget\" data-widget_type=\"wpr-team-member.default\">\n\t\t\t\t<div class=\"elementor-widget-container\">\n\t\t\t\t\t\n\t<div class=\"wpr-team-member\">\n\t\t\t\t\n\t\t\n\t\t<div class=\"wpr-member-content\">\n\t\t\t<h3 class=\"wpr-member-name\">Bettina Bergmann<\/h3>\n\t\t\t\n\t\t\t\t\t\t\t<div class=\"wpr-member-job\">\u00a1Bienvenida al jurado, Bettina!<\/div>\n\t\t\t\n\t\t\t\t\t\t\t<div class=\"wpr-member-divider\"><\/div>\n\t\t\t\n\t\t\t\t\t\t\t<div class=\"wpr-member-description\">Bettina Bergmann es editora y tiene una gran experiencia en historias fuertes, personajes extravagantes y giros sorprendentes. <br \/>\nElla no s\u00f3lo lee: siente cuando un texto funciona. <br \/>\nEs a\u00fan m\u00e1s maravilloso que ahora ella tambi\u00e9n lea con nosotros como jurado. <br \/>\n\u00a1Esperamos su perspectiva perspicaz y sus palabras claras!<\/div>\n\t\t\t\t\t\t\n\t\t\t\t\t<\/div>\n\n\t\t\t<\/div>\n\n\t\t\t\t\t<\/div>\n\t\t\t\t<\/div>\n\t\t\t\t<div class=\"elementor-element elementor-element-a95fb00 wpr-team-member-divider-center wpr-team-member-social-media-center elementor-widget elementor-widget-wpr-team-member\" data-id=\"a95fb00\" data-element_type=\"widget\" data-widget_type=\"wpr-team-member.default\">\n\t\t\t\t<div class=\"elementor-widget-container\">\n\t\t\t\t\t\n\t<div class=\"wpr-team-member\">\n\t\t\t\t\n\t\t\n\t\t<div class=\"wpr-member-content\">\n\t\t\t<h3 class=\"wpr-member-name\">Florian Linke<\/h3>\n\t\t\t\n\t\t\t\t\t\t\t<div class=\"wpr-member-job\">\u00a1Bienvenido al jurado, Florian!<\/div>\n\t\t\t\n\t\t\t\t\t\t\t<div class=\"wpr-member-divider\"><\/div>\n\t\t\t\n\t\t\t\t\t\t\t<div class=\"wpr-member-description\">Florian Linke naci\u00f3 para dejar que las im\u00e1genes hablen. Supo desde muy temprano que su pasi\u00f3n estaba detr\u00e1s de la c\u00e1mara. <br \/>\nHoy en d\u00eda es uno de los camar\u00f3grafos m\u00e1s reconocidos de Alemania. <br \/>\nEstamos encantados de darle la bienvenida como jurado del Euroshorts Film Festival 2025. <br \/>\nCon su ojo entrenado y su experiencia visual, es un gran activo para nuestro jurado. <br \/>\n\u00a1Qu\u00e9 bueno tenerte aqu\u00ed, Florian!<\/div>\n\t\t\t\t\t\t\n\t\t\t\t\t<\/div>\n\n\t\t\t<\/div>\n\n\t\t\t\t\t<\/div>\n\t\t\t\t<\/div>\n\t\t\t\t<\/div>\n\t\t\t\t\t<\/div>\n\t\t\t\t<\/div>\n\t\t<div class=\"elementor-element elementor-element-20a29b4 e-flex e-con-boxed wpr-particle-no wpr-jarallax-no wpr-parallax-no wpr-sticky-section-no e-con e-parent\" data-id=\"20a29b4\" data-element_type=\"container\" data-settings=\"{&quot;background_background&quot;:&quot;classic&quot;}\">\n\t\t\t\t\t<div class=\"e-con-inner\">\n\t\t\t\t<div class=\"elementor-element elementor-element-42b2021 elementor-widget elementor-widget-text-editor\" data-id=\"42b2021\" data-element_type=\"widget\" data-widget_type=\"text-editor.default\">\n\t\t\t\t<div class=\"elementor-widget-container\">\n\t\t\t\t\t\t\t\t\t<p>En Bildrausch eV estamos encantados de haber recibido la confianza y la responsabilidad de organizar este festival de cine. Creemos que es mejor construir puentes que establecer l\u00edmites. \u00a1Tambi\u00e9n estamos deseando dar la bienvenida a muchos visitantes para que lo pasemos genial juntos!<\/p><p>Si tienes alguna pregunta o sugerencia, escr\u00edbenos a: info@euroshorts-filmfestival.eu<\/p>\t\t\t\t\t\t\t\t<\/div>\n\t\t\t\t<\/div>\n\t\t\t\t<div class=\"elementor-element elementor-element-b823c60 elementor-widget elementor-widget-text-editor\" data-id=\"b823c60\" data-element_type=\"widget\" data-widget_type=\"text-editor.default\">\n\t\t\t\t<div class=\"elementor-widget-container\">\n\t\t\t\t\t\t\t\t\t<p><strong>La fecha l\u00edmite para enviar pel\u00edculas ha pasado.<\/strong><\/p>\t\t\t\t\t\t\t\t<\/div>\n\t\t\t\t<\/div>\n\t\t<div class=\"elementor-element elementor-element-1a224eb e-grid e-con-full wpr-particle-no wpr-jarallax-no wpr-parallax-no wpr-sticky-section-no e-con e-child\" data-id=\"1a224eb\" data-element_type=\"container\">\n\t\t\t\t<div class=\"elementor-element elementor-element-309b0f5 elementor-widget elementor-widget-image\" data-id=\"309b0f5\" data-element_type=\"widget\" data-widget_type=\"image.default\">\n\t\t\t\t<div class=\"elementor-widget-container\">\n\t\t\t\t\t\t\t\t\t\t\t\t\t\t\t<img loading=\"lazy\" decoding=\"async\" width=\"960\" height=\"450\" src=\"https:\/\/euroshorts-filmfestival.eu\/wp-content\/uploads\/2025\/04\/Dortmundervolksbank-1024x480.png\" class=\"attachment-large size-large wp-image-499\" alt=\"\" srcset=\"https:\/\/euroshorts-filmfestival.eu\/wp-content\/uploads\/2025\/04\/Dortmundervolksbank-1024x480.png 1024w, https:\/\/euroshorts-filmfestival.eu\/wp-content\/uploads\/2025\/04\/Dortmundervolksbank-300x141.png 300w, https:\/\/euroshorts-filmfestival.eu\/wp-content\/uploads\/2025\/04\/Dortmundervolksbank-768x360.png 768w, https:\/\/euroshorts-filmfestival.eu\/wp-content\/uploads\/2025\/04\/Dortmundervolksbank-18x8.png 18w, https:\/\/euroshorts-filmfestival.eu\/wp-content\/uploads\/2025\/04\/Dortmundervolksbank.png 1280w\" sizes=\"(max-width: 960px) 100vw, 960px\" \/>\t\t\t\t\t\t\t\t\t\t\t\t\t\t\t<\/div>\n\t\t\t\t<\/div>\n\t\t\t\t<div class=\"elementor-element elementor-element-2bd1cf1 elementor-widget elementor-widget-image\" data-id=\"2bd1cf1\" data-element_type=\"widget\" data-widget_type=\"image.default\">\n\t\t\t\t<div class=\"elementor-widget-container\">\n\t\t\t\t\t\t\t\t\t\t\t\t\t\t\t<img loading=\"lazy\" decoding=\"async\" width=\"1\" height=\"1\" src=\"https:\/\/euroshorts-filmfestival.eu\/wp-content\/uploads\/2025\/04\/Logo_Europaschecks_RGB.svg\" class=\"attachment-large size-large wp-image-486\" alt=\"\" \/>\t\t\t\t\t\t\t\t\t\t\t\t\t\t\t<\/div>\n\t\t\t\t<\/div>\n\t\t\t\t<div class=\"elementor-element elementor-element-4944f23 elementor-widget elementor-widget-image\" data-id=\"4944f23\" data-element_type=\"widget\" data-widget_type=\"image.default\">\n\t\t\t\t<div class=\"elementor-widget-container\">\n\t\t\t\t\t\t\t\t\t\t\t\t\t\t\t<img loading=\"lazy\" decoding=\"async\" width=\"960\" height=\"312\" src=\"https:\/\/euroshorts-filmfestival.eu\/wp-content\/uploads\/2025\/04\/EW_CMYK_Logo_Jahreszahl_25-1-1024x333.png\" class=\"attachment-large size-large wp-image-488\" alt=\"\" srcset=\"https:\/\/euroshorts-filmfestival.eu\/wp-content\/uploads\/2025\/04\/EW_CMYK_Logo_Jahreszahl_25-1-1024x333.png 1024w, https:\/\/euroshorts-filmfestival.eu\/wp-content\/uploads\/2025\/04\/EW_CMYK_Logo_Jahreszahl_25-1-300x98.png 300w, https:\/\/euroshorts-filmfestival.eu\/wp-content\/uploads\/2025\/04\/EW_CMYK_Logo_Jahreszahl_25-1-768x250.png 768w, https:\/\/euroshorts-filmfestival.eu\/wp-content\/uploads\/2025\/04\/EW_CMYK_Logo_Jahreszahl_25-1-1536x500.png 1536w, https:\/\/euroshorts-filmfestival.eu\/wp-content\/uploads\/2025\/04\/EW_CMYK_Logo_Jahreszahl_25-1-18x6.png 18w, https:\/\/euroshorts-filmfestival.eu\/wp-content\/uploads\/2025\/04\/EW_CMYK_Logo_Jahreszahl_25-1.png 2000w\" sizes=\"(max-width: 960px) 100vw, 960px\" \/>\t\t\t\t\t\t\t\t\t\t\t\t\t\t\t<\/div>\n\t\t\t\t<\/div>\n\t\t\t\t<div class=\"elementor-element elementor-element-a510598 elementor-widget elementor-widget-image\" data-id=\"a510598\" data-element_type=\"widget\" data-widget_type=\"image.default\">\n\t\t\t\t<div class=\"elementor-widget-container\">\n\t\t\t\t\t\t\t\t\t\t\t\t\t\t\t<img loading=\"lazy\" decoding=\"async\" width=\"960\" height=\"153\" src=\"https:\/\/euroshorts-filmfestival.eu\/wp-content\/uploads\/2025\/04\/AK_MBEIM-CdS_RGB-1-1024x163.png\" class=\"attachment-large size-large wp-image-485\" alt=\"\" srcset=\"https:\/\/euroshorts-filmfestival.eu\/wp-content\/uploads\/2025\/04\/AK_MBEIM-CdS_RGB-1-1024x163.png 1024w, https:\/\/euroshorts-filmfestival.eu\/wp-content\/uploads\/2025\/04\/AK_MBEIM-CdS_RGB-1-300x48.png 300w, https:\/\/euroshorts-filmfestival.eu\/wp-content\/uploads\/2025\/04\/AK_MBEIM-CdS_RGB-1-768x122.png 768w, https:\/\/euroshorts-filmfestival.eu\/wp-content\/uploads\/2025\/04\/AK_MBEIM-CdS_RGB-1-1536x244.png 1536w, https:\/\/euroshorts-filmfestival.eu\/wp-content\/uploads\/2025\/04\/AK_MBEIM-CdS_RGB-1-2048x326.png 2048w, https:\/\/euroshorts-filmfestival.eu\/wp-content\/uploads\/2025\/04\/AK_MBEIM-CdS_RGB-1-18x3.png 18w\" sizes=\"(max-width: 960px) 100vw, 960px\" \/>\t\t\t\t\t\t\t\t\t\t\t\t\t\t\t<\/div>\n\t\t\t\t<\/div>\n\t\t\t\t<div class=\"elementor-element elementor-element-1250664 elementor-widget elementor-widget-image\" data-id=\"1250664\" data-element_type=\"widget\" data-widget_type=\"image.default\">\n\t\t\t\t<div class=\"elementor-widget-container\">\n\t\t\t\t\t\t\t\t\t\t\t\t\t\t\t<img loading=\"lazy\" decoding=\"async\" width=\"320\" height=\"129\" src=\"https:\/\/euroshorts-filmfestival.eu\/wp-content\/uploads\/2025\/05\/Logo-WF-schwarz.png\" class=\"attachment-large size-large wp-image-599\" alt=\"\" srcset=\"https:\/\/euroshorts-filmfestival.eu\/wp-content\/uploads\/2025\/05\/Logo-WF-schwarz.png 320w, https:\/\/euroshorts-filmfestival.eu\/wp-content\/uploads\/2025\/05\/Logo-WF-schwarz-300x121.png 300w, https:\/\/euroshorts-filmfestival.eu\/wp-content\/uploads\/2025\/05\/Logo-WF-schwarz-18x7.png 18w\" sizes=\"(max-width: 320px) 100vw, 320px\" \/>\t\t\t\t\t\t\t\t\t\t\t\t\t\t\t<\/div>\n\t\t\t\t<\/div>\n\t\t\t\t<\/div>\n\t\t\t\t\t<\/div>\n\t\t\t\t<\/div>\n\t\t<div class=\"elementor-element elementor-element-00fe6e0 e-flex e-con-boxed wpr-particle-no wpr-jarallax-no wpr-parallax-no wpr-sticky-section-no e-con e-parent\" data-id=\"00fe6e0\" data-element_type=\"container\" data-settings=\"{&quot;background_background&quot;:&quot;gradient&quot;}\">\n\t\t\t\t\t<div class=\"e-con-inner\">\n\t\t<div class=\"elementor-element elementor-element-61a669a e-grid e-con-full wpr-particle-no wpr-jarallax-no wpr-parallax-no wpr-sticky-section-no e-con e-child\" data-id=\"61a669a\" data-element_type=\"container\">\n\t\t\t\t<div class=\"elementor-element elementor-element-95a875f elementor-widget elementor-widget-image\" data-id=\"95a875f\" data-element_type=\"widget\" data-widget_type=\"image.default\">\n\t\t\t\t<div class=\"elementor-widget-container\">\n\t\t\t\t\t\t\t\t\t\t\t\t\t\t\t<img loading=\"lazy\" decoding=\"async\" width=\"960\" height=\"104\" src=\"https:\/\/euroshorts-filmfestival.eu\/wp-content\/uploads\/2025\/03\/Dortmunder_U_01_Wortmarke_01_ohne_Zusatz_RGB_weiss-1024x111.png\" class=\"attachment-large size-large wp-image-388\" alt=\"\" srcset=\"https:\/\/euroshorts-filmfestival.eu\/wp-content\/uploads\/2025\/03\/Dortmunder_U_01_Wortmarke_01_ohne_Zusatz_RGB_weiss-1024x111.png 1024w, https:\/\/euroshorts-filmfestival.eu\/wp-content\/uploads\/2025\/03\/Dortmunder_U_01_Wortmarke_01_ohne_Zusatz_RGB_weiss-300x33.png 300w, https:\/\/euroshorts-filmfestival.eu\/wp-content\/uploads\/2025\/03\/Dortmunder_U_01_Wortmarke_01_ohne_Zusatz_RGB_weiss-768x83.png 768w, https:\/\/euroshorts-filmfestival.eu\/wp-content\/uploads\/2025\/03\/Dortmunder_U_01_Wortmarke_01_ohne_Zusatz_RGB_weiss-1536x167.png 1536w, https:\/\/euroshorts-filmfestival.eu\/wp-content\/uploads\/2025\/03\/Dortmunder_U_01_Wortmarke_01_ohne_Zusatz_RGB_weiss-2048x222.png 2048w\" sizes=\"(max-width: 960px) 100vw, 960px\" \/>\t\t\t\t\t\t\t\t\t\t\t\t\t\t\t<\/div>\n\t\t\t\t<\/div>\n\t\t\t\t<div class=\"elementor-element elementor-element-8cdb066 elementor-widget elementor-widget-image\" data-id=\"8cdb066\" data-element_type=\"widget\" data-widget_type=\"image.default\">\n\t\t\t\t<div class=\"elementor-widget-container\">\n\t\t\t\t\t\t\t\t\t\t\t\t\t\t\t<img loading=\"lazy\" decoding=\"async\" width=\"706\" height=\"240\" src=\"https:\/\/euroshorts-filmfestival.eu\/wp-content\/uploads\/2025\/02\/308625652_461430249338656_4277463132029065821_n2.png\" class=\"attachment-large size-large wp-image-331\" alt=\"\" srcset=\"https:\/\/euroshorts-filmfestival.eu\/wp-content\/uploads\/2025\/02\/308625652_461430249338656_4277463132029065821_n2.png 706w, https:\/\/euroshorts-filmfestival.eu\/wp-content\/uploads\/2025\/02\/308625652_461430249338656_4277463132029065821_n2-300x102.png 300w\" sizes=\"(max-width: 706px) 100vw, 706px\" \/>\t\t\t\t\t\t\t\t\t\t\t\t\t\t\t<\/div>\n\t\t\t\t<\/div>\n\t\t\t\t<div class=\"elementor-element elementor-element-eaf0aff elementor-widget elementor-widget-image\" data-id=\"eaf0aff\" data-element_type=\"widget\" data-widget_type=\"image.default\">\n\t\t\t\t<div class=\"elementor-widget-container\">\n\t\t\t\t\t\t\t\t\t\t\t\t\t\t\t<img loading=\"lazy\" decoding=\"async\" width=\"280\" height=\"70\" src=\"https:\/\/euroshorts-filmfestival.eu\/wp-content\/uploads\/2025\/02\/NpthXNPXbDkmF3Zro9lNdafgeJOAYY5hzF28C3Vd.png\" class=\"attachment-large size-large wp-image-325\" alt=\"\" \/>\t\t\t\t\t\t\t\t\t\t\t\t\t\t\t<\/div>\n\t\t\t\t<\/div>\n\t\t\t\t<div class=\"elementor-element elementor-element-2ede466 elementor-widget elementor-widget-image\" data-id=\"2ede466\" data-element_type=\"widget\" data-widget_type=\"image.default\">\n\t\t\t\t<div class=\"elementor-widget-container\">\n\t\t\t\t\t\t\t\t\t\t\t\t\t\t\t<img loading=\"lazy\" decoding=\"async\" width=\"350\" height=\"250\" src=\"https:\/\/euroshorts-filmfestival.eu\/wp-content\/uploads\/2025\/03\/tdo-logo_1_RGB-wei\u251c\u0192.png\" class=\"attachment-large size-large wp-image-427\" alt=\"\" srcset=\"https:\/\/euroshorts-filmfestival.eu\/wp-content\/uploads\/2025\/03\/tdo-logo_1_RGB-wei\u251c\u0192.png 350w, https:\/\/euroshorts-filmfestival.eu\/wp-content\/uploads\/2025\/03\/tdo-logo_1_RGB-wei\u251c\u0192-300x214.png 300w\" sizes=\"(max-width: 350px) 100vw, 350px\" \/>\t\t\t\t\t\t\t\t\t\t\t\t\t\t\t<\/div>\n\t\t\t\t<\/div>\n\t\t\t\t<div class=\"elementor-element elementor-element-57309f9 elementor-widget elementor-widget-image\" data-id=\"57309f9\" data-element_type=\"widget\" data-widget_type=\"image.default\">\n\t\t\t\t<div class=\"elementor-widget-container\">\n\t\t\t\t\t\t\t\t\t\t\t\t\t\t\t<img loading=\"lazy\" decoding=\"async\" width=\"427\" height=\"171\" src=\"https:\/\/euroshorts-filmfestival.eu\/wp-content\/uploads\/2025\/03\/RoxyNeuNeu1.png\" class=\"attachment-large size-large wp-image-423\" alt=\"\" srcset=\"https:\/\/euroshorts-filmfestival.eu\/wp-content\/uploads\/2025\/03\/RoxyNeuNeu1.png 427w, https:\/\/euroshorts-filmfestival.eu\/wp-content\/uploads\/2025\/03\/RoxyNeuNeu1-300x120.png 300w\" sizes=\"(max-width: 427px) 100vw, 427px\" \/>\t\t\t\t\t\t\t\t\t\t\t\t\t\t\t<\/div>\n\t\t\t\t<\/div>\n\t\t\t\t<\/div>\n\t\t\t\t\t<\/div>\n\t\t\t\t<\/div>\n\t\t\t\t<\/div>","protected":false},"excerpt":{"rendered":"<p>Festival de cortometrajes EUROSHORTS Creatividad Intercambio cultural Libertad art\u00edstica Diversidad | Festival de cortometrajes EUROSHORTS Creatividad Intercambio cultural Libertad art\u00edstica Diversidad | 31 de mayo de 2025 Final del Festival de cine Euroshorts a partir de las 19:00 h en el Schauspielhaus Dortmund M\u00e1s informaci\u00f3n Comprar entradas Hiltropwall 15, 44137 Dortmund Stadtgarten Parada U Las entradas individuales para el evento tambi\u00e9n se pueden comprar en la taquilla https:\/\/vimeo.com\/1088003729 Festival de cine Euroshorts \u00a1Por primera vez, Dortmund invita a Europa al Festival de cine EuroShorts! Te espera una semana llena de emoci\u00f3n, risas y pel\u00edculas que invitan a la reflexi\u00f3n: entretenimiento fant\u00e1stico de cineastas europeos. Europa haciendo amigos: una frase que se usa a menudo y que suena bien en t\u00e9rminos publicitarios. \u00a1Pero en Dortmund se vive! 81 naciones diferentes se sienten como en casa aqu\u00ed, en el coraz\u00f3n de Renania del Norte-Westfalia. Dortmund es diversa, llena de color y diversidad vivida. Aunque algunos for\u00e1neos a\u00fan asocien Dortmund con el acero y el carb\u00f3n, \u00a1nuestra ciudad es todo menos gris! Durante la Semana de Europa, se ofrecen festivales de cine sobre diversos temas en cuatro cines de arte y ensayo diferentes. Cada noche, el p\u00fablico tiene mucho donde elegir: seleccionan las dos mejores pel\u00edculas del d\u00eda. Estas se presentan de nuevo la \u00faltima noche en el Teatro Dortmund y son juzgadas por un jurado de expertos de la pol\u00edtica, los medios de comunicaci\u00f3n y la cultura. Los festivales de cine son: 27 de mayo de 2025, Sweet Sixteen Colorfulity: Celebrando la diversidad de color y cultura de Europa. La diversidad nos hace \u00fanicos. Todos somos diferentes, y eso es precisamente lo que debemos preservar y celebrar. Europa es colorida y compartimos valores comunes: libertad, apertura y versatilidad. La diversidad y la inclusi\u00f3n son el centro de todo lo que hacemos, ya sea en t\u00e9rminos de cultura, g\u00e9nero, sexualidad o historias personales. Insp\u00edrate juntos, construyamos puentes y celebremos la diversidad de Europa. M\u00e1s informaci\u00f3n sobre los eventos en el Sweet Sixteen Cinema se puede encontrar aqu\u00ed: ENLACE 28.05.2025 Dortmunder U Responsabilidad Europea \u2013 Juntos por un Futuro Mejor Solo tenemos un planeta y la responsabilidad de protegerlo. Pero la sostenibilidad significa m\u00e1s que la protecci\u00f3n del medio ambiente. Tambi\u00e9n se trata de c\u00f3mo nos tratamos unos a otros como sociedad. \u00bfC\u00f3mo podemos hacer que nuestras vidas sean m\u00e1s conscientes, m\u00e1s justas y m\u00e1s sostenibles? Este festival busca cortometrajes inspiradores que presenten soluciones, estimulen el pensamiento y abran nuevas perspectivas para un mundo sostenible en el que el medio ambiente y la comunidad est\u00e9n en armon\u00eda. 29.05.2025 Schauburg Riendo a trav\u00e9s de las fronteras \u2013 Los cortos m\u00e1s divertidos de Europa La risa es el lenguaje universal que nos conecta a todos, la mejor medicina contra la vida cotidiana, contra las preocupaciones, contra las fronteras. \u00a1Estamos buscando los cortometrajes m\u00e1s divertidos y encantadores de Europa! Ya sea sutil humor franc\u00e9s, animadas payasadas italianas o frases ingeniosas y maravillosas de Escandinavia, est\u00e1 garantizado que no habr\u00e1 ojos secos esta noche. \u00bfListos para un viaje humor\u00edstico por Europa? \u00a1Despierten la risa! 30 de mayo de 2025. Roxy Unidos en la Amistad - Historias de Uni\u00f3n. &quot;Un amigo, un buen amigo&quot;, cantaba Heinz R\u00fchmann, y no podr\u00eda ser m\u00e1s acertado. La amistad es la base de nuestra uni\u00f3n. No conoce fronteras ni diferencias, solo conexi\u00f3n. \u00bfQu\u00e9 ser\u00edamos sin amigos? \u00bfSin los momentos que nos unen, sin las risas que compartimos? Buscamos pel\u00edculas que celebren precisamente eso: estar juntos, el poder de la comunidad y el significado de la verdadera amistad, a trav\u00e9s de todas las fronteras. Porque la amistad no es solo un sentimiento, es un v\u00ednculo que nos une. M\u00e1s informaci\u00f3n sobre los eventos en el Roxy Lichtspielhaus aqu\u00ed: ENLACE. 31 de mayo de 2025. Final del Teatro Dortmund. Las entradas para la final de la Semana del Festival de Cine Europeo en el Teatro Dortmund tambi\u00e9n se pueden comprar aqu\u00ed: ENLACE. Las siguientes pel\u00edculas se presentar\u00e1n en Sweet Sixteen el 27 de mayo a partir de las 18:30 h. Love Letter tu Asian restaurant The Exchange Was i Easier to Love insta Unerreichbar Nah Who am i Now (publicaci\u00f3n de Instagram (45)) Gloria Insta Going to be Dutch Insta Little tto much Foam In the Darkened Rooms Fred &amp;Pauline Das letzte St\u00fcck insta Cooections Iam glitching Las siguientes pel\u00edculas se presentar\u00e1n el 28 de mayo a partir de las 6:30 p.m. en el Dortmunder U. BUENA SUERTE RASTGELE galery2 galery10 galery4 galery5 galery6 galery7 galery8 galery9 galery3 Las siguientes pel\u00edculas se presentar\u00e1n el 29 de mayo a partir de las 6:30 p.m. en el Schauburg. Las siguientes pel\u00edculas se presentar\u00e1n el 30 de mayo a partir de las 6:30 p.m. en el Roxy. Asador de sardinas Maruja Insta Tango to go No nadadores \u00c1mbar y verde Sanctum Insta Cooections La \u00faltima pieza insta Fred y Pauline Los presentadores del Festival de Cine Euroshorts Lea Ganzek presenta &quot;Colorfulity&quot; y &quot;European Responsibility&quot; Hola, soy Lea. Nac\u00ed en la cuenca del Ruhr, soy cineasta y estudiante de cine de m\u00e1ster en la Universidad de Ciencias Aplicadas y Artes de Dortmund. Tras finalizar mi licenciatura, realic\u00e9 varios cortometrajes, entre ellos D\u00e4mmerstatus, que cont\u00f3 con el apoyo de la Film- und Medienstiftung NRW. En lo que respecta a la narraci\u00f3n, me interesan especialmente el material fant\u00e1stico y las perspectivas poco convencionales, especialmente desde un punto de vista femenino. Es precisamente esta perspectiva abierta y curiosa la que llevo al escenario. Como presentadora del Festival Euroshorts, estoy deseando conocer a cineastas, generar debates y ofrecer al p\u00fablico perspectivas interesantes, sin un protocolo r\u00edgido, pero con mucho cari\u00f1o e inter\u00e9s por las historias reales. Anna Maria Heyne presenta &quot;Laughing Across the Borders&quot; y &quot;United in Friendship&quot; en el Schauburg y el Roxy. \u00a1Hola a todos! Soy Anna Maria, actriz y su presentadora durante dos noches este a\u00f1o en el Festival Euroshorts. Como alguien que ha estado en el escenario y frente a la c\u00e1mara, s\u00e9 cu\u00e1nto coraz\u00f3n, alma, coraje y pasi\u00f3n hay en cada pel\u00edcula. Precisamente por eso me entusiasma tanto acompa\u00f1ar sus trabajos, compartir la emoci\u00f3n con ustedes y crear un espacio para encuentros genuinos, en igualdad de condiciones, con curiosidad y un gran entusiasmo por lo que hace vibrar al cine. Espero con ansias conversaciones inspiradoras, nuevos impulsos creativos y, por supuesto, \u00a1a todos ustedes! Britt Lorenzen presentar\u00e1 la gala de clausura, la final en el Teatro Dortmund. Soy Britt, originaria de Flensburg, una persona de coraz\u00f3n. Descubr\u00ed mi vocaci\u00f3n hace m\u00e1s de 20 a\u00f1os: tender puentes en proyectos y sobre el escenario, actuar como int\u00e9rprete entre el podio y el p\u00fablico (profesional) y, sobre todo, escuchar con atenci\u00f3n (que es mucho m\u00e1s dif\u00edcil que hablar). \u00bfPor qu\u00e9 esta tr\u00edada destaca para m\u00ed y para el Festival de Cine Euroshorts? Todos tenemos pasi\u00f3n por algo. La m\u00eda es dar voz a ideas, historias y proyectos, y plantear las preguntas adecuadas. Mi pregunta favorita: \u00bfQu\u00e9 significa eso en t\u00e9rminos concretos? En la ra\u00edz de la curiosidad se esconde un misterio. El interrogante.<\/p>","protected":false},"author":1,"featured_media":0,"parent":0,"menu_order":0,"comment_status":"closed","ping_status":"closed","template":"","meta":{"footnotes":""},"class_list":["post-282","page","type-page","status-publish","hentry"],"_links":{"self":[{"href":"https:\/\/euroshorts-filmfestival.eu\/es\/wp-json\/wp\/v2\/pages\/282","targetHints":{"allow":["GET"]}}],"collection":[{"href":"https:\/\/euroshorts-filmfestival.eu\/es\/wp-json\/wp\/v2\/pages"}],"about":[{"href":"https:\/\/euroshorts-filmfestival.eu\/es\/wp-json\/wp\/v2\/types\/page"}],"author":[{"embeddable":true,"href":"https:\/\/euroshorts-filmfestival.eu\/es\/wp-json\/wp\/v2\/users\/1"}],"replies":[{"embeddable":true,"href":"https:\/\/euroshorts-filmfestival.eu\/es\/wp-json\/wp\/v2\/comments?post=282"}],"version-history":[{"count":218,"href":"https:\/\/euroshorts-filmfestival.eu\/es\/wp-json\/wp\/v2\/pages\/282\/revisions"}],"predecessor-version":[{"id":681,"href":"https:\/\/euroshorts-filmfestival.eu\/es\/wp-json\/wp\/v2\/pages\/282\/revisions\/681"}],"wp:attachment":[{"href":"https:\/\/euroshorts-filmfestival.eu\/es\/wp-json\/wp\/v2\/media?parent=282"}],"curies":[{"name":"wp","href":"https:\/\/api.w.org\/{rel}","templated":true}]}}