{"id":282,"date":"2025-02-15T12:28:25","date_gmt":"2025-02-15T12:28:25","guid":{"rendered":"https:\/\/euroshorts-filmfestival.eu\/?page_id=282"},"modified":"2025-05-31T12:59:41","modified_gmt":"2025-05-31T11:59:41","slug":"elementor-282","status":"publish","type":"page","link":"https:\/\/euroshorts-filmfestival.eu\/fr\/","title":{"rendered":"page principale"},"content":{"rendered":"<p class=\"attachment\"><a href='https:\/\/euroshorts-filmfestival.eu\/wp-content\/uploads\/2025\/05\/Fred-Pauline.png'><img fetchpriority=\"high\" decoding=\"async\" width=\"240\" height=\"300\" src=\"https:\/\/euroshorts-filmfestival.eu\/wp-content\/uploads\/2025\/05\/Fred-Pauline-240x300.png\" class=\"attachment-medium size-medium\" alt=\"\" srcset=\"https:\/\/euroshorts-filmfestival.eu\/wp-content\/uploads\/2025\/05\/Fred-Pauline-240x300.png 240w, https:\/\/euroshorts-filmfestival.eu\/wp-content\/uploads\/2025\/05\/Fred-Pauline-819x1024.png 819w, https:\/\/euroshorts-filmfestival.eu\/wp-content\/uploads\/2025\/05\/Fred-Pauline-768x960.png 768w, https:\/\/euroshorts-filmfestival.eu\/wp-content\/uploads\/2025\/05\/Fred-Pauline-10x12.png 10w, https:\/\/euroshorts-filmfestival.eu\/wp-content\/uploads\/2025\/05\/Fred-Pauline.png 1080w\" sizes=\"(max-width: 240px) 100vw, 240px\" \/><\/a><\/p>\n\t\t<div data-elementor-type=\"wp-page\" data-elementor-id=\"282\" class=\"elementor elementor-282\" data-elementor-post-type=\"page\">\n\t\t\t\t<div class=\"elementor-element elementor-element-226b55 e-flex e-con-boxed wpr-jarallax-no wpr-parallax-no wpr-sticky-section-no e-con e-parent\" data-id=\"226b55\" data-element_type=\"container\" data-settings=\"{&quot;background_background&quot;:&quot;gradient&quot;}\">\n\t\t\t\t\t<div class=\"e-con-inner\">\n\t\t\t\t<div class=\"elementor-element elementor-element-437928e5 wpr-fancy-text-clip elementor-hidden-desktop elementor-hidden-tablet wpr-advanced-text-style-animated wpr-animated-text-infinite-yes elementor-invisible elementor-widget elementor-widget-wpr-advanced-text\" data-id=\"437928e5\" data-element_type=\"widget\" data-settings=\"{&quot;_animation&quot;:&quot;zoomIn&quot;,&quot;anim_loop&quot;:&quot;yes&quot;}\" data-widget_type=\"wpr-advanced-text.default\">\n\t\t\t\t<div class=\"elementor-widget-container\">\n\t\t\t\t\t\n\t\t<h1 class=\"wpr-advanced-text\">\n\n\t\t\t\t\t\n\t\t\t\t\t\t\t<span class=\"wpr-advanced-text-preffix\"><span style=\"color: #014C92\">EURO<\/span><br \/><span style=\"color: #EFAD04\">SHORTS<\/span><br \/><\/span>\n\t\t\t\n\t\t<span class=\"wpr-anim-text wpr-anim-text-type-clip\" data-anim-duration=\"1000,2000\" data-anim-loop=\"yes\">\n\t\t\t<span class=\"wpr-anim-text-inner\">\n\t\t\t\t\t\t\t\t\t<b>festival du court m\u00e9trage<\/b>\n\t\t\t\t\t\t\t\t\t<b>cr\u00e9ativit\u00e9<\/b>\n\t\t\t\t\t\t\t\t\t<b>\u00c9change culturel<\/b>\n\t\t\t\t\t\t\t\t\t<b>Libert\u00e9 artistique<\/b>\n\t\t\t\t\t\t\t\t\t<b>diversit\u00e9<\/b>\n\t\t\t\t\t\t\t<\/span>\n\t\t\t<span class=\"wpr-anim-text-cursor\">|<\/span>\t\t<\/span>\n\n\t\t\t\t\n\t\t<\/h1>\n\t\t\n\t\t\t\t\t\t<\/div>\n\t\t\t\t<\/div>\n\t\t\t\t<div class=\"elementor-element elementor-element-1d1b609f wpr-fancy-text-clip elementor-hidden-mobile wpr-advanced-text-style-animated wpr-animated-text-infinite-yes elementor-invisible elementor-widget elementor-widget-wpr-advanced-text\" data-id=\"1d1b609f\" data-element_type=\"widget\" data-settings=\"{&quot;_animation&quot;:&quot;zoomIn&quot;,&quot;anim_loop&quot;:&quot;yes&quot;}\" data-widget_type=\"wpr-advanced-text.default\">\n\t\t\t\t<div class=\"elementor-widget-container\">\n\t\t\t\t\t\n\t\t<h1 class=\"wpr-advanced-text\">\n\n\t\t\t\t\t\n\t\t\t\t\t\t\t<span class=\"wpr-advanced-text-preffix\"><span style=\"color: #014C92\">EURO<\/span><span style=\"color: #EFAD04\">SHORTS<\/span><br \/><\/span>\n\t\t\t\n\t\t<span class=\"wpr-anim-text wpr-anim-text-type-clip\" data-anim-duration=\"1000,2000\" data-anim-loop=\"yes\">\n\t\t\t<span class=\"wpr-anim-text-inner\">\n\t\t\t\t\t\t\t\t\t<b>festival du court m\u00e9trage<\/b>\n\t\t\t\t\t\t\t\t\t<b>cr\u00e9ativit\u00e9<\/b>\n\t\t\t\t\t\t\t\t\t<b>\u00c9change culturel<\/b>\n\t\t\t\t\t\t\t\t\t<b>Libert\u00e9 artistique<\/b>\n\t\t\t\t\t\t\t\t\t<b>diversit\u00e9<\/b>\n\t\t\t\t\t\t\t<\/span>\n\t\t\t<span class=\"wpr-anim-text-cursor\">|<\/span>\t\t<\/span>\n\n\t\t\t\t\n\t\t<\/h1>\n\t\t\n\t\t\t\t\t\t<\/div>\n\t\t\t\t<\/div>\n\t\t\t\t<div class=\"elementor-element elementor-element-770c5d62 elementor-widget elementor-widget-image\" data-id=\"770c5d62\" data-element_type=\"widget\" data-widget_type=\"image.default\">\n\t\t\t\t<div class=\"elementor-widget-container\">\n\t\t\t\t\t\t\t\t\t\t\t\t\t\t\t<img decoding=\"async\" width=\"300\" height=\"176\" src=\"https:\/\/euroshorts-filmfestival.eu\/wp-content\/uploads\/2025\/02\/Logo-Euroshorts-300x176.png\" class=\"attachment-medium size-medium wp-image-237\" alt=\"\" srcset=\"https:\/\/euroshorts-filmfestival.eu\/wp-content\/uploads\/2025\/02\/Logo-Euroshorts-300x176.png 300w, https:\/\/euroshorts-filmfestival.eu\/wp-content\/uploads\/2025\/02\/Logo-Euroshorts-1024x601.png 1024w, https:\/\/euroshorts-filmfestival.eu\/wp-content\/uploads\/2025\/02\/Logo-Euroshorts-768x451.png 768w, https:\/\/euroshorts-filmfestival.eu\/wp-content\/uploads\/2025\/02\/Logo-Euroshorts-1536x901.png 1536w, https:\/\/euroshorts-filmfestival.eu\/wp-content\/uploads\/2025\/02\/Logo-Euroshorts.png 2023w\" sizes=\"(max-width: 300px) 100vw, 300px\" \/>\t\t\t\t\t\t\t\t\t\t\t\t\t\t\t<\/div>\n\t\t\t\t<\/div>\n\t\t\t\t\t<\/div>\n\t\t\t\t<\/div>\n\t\t<div class=\"elementor-element elementor-element-18bc4d0 e-flex e-con-boxed wpr-particle-no wpr-jarallax-no wpr-parallax-no wpr-sticky-section-no e-con e-parent\" data-id=\"18bc4d0\" data-element_type=\"container\" data-settings=\"{&quot;background_background&quot;:&quot;classic&quot;}\">\n\t\t\t\t\t<div class=\"e-con-inner\">\n\t\t\t\t<div class=\"elementor-element elementor-element-604ffdb elementor-headline--style-highlight elementor-widget elementor-widget-animated-headline\" data-id=\"604ffdb\" data-element_type=\"widget\" data-settings=\"{&quot;marker&quot;:&quot;double_underline&quot;,&quot;highlighted_text&quot;:&quot;Euroshorts Filmfestival&quot;,&quot;headline_style&quot;:&quot;highlight&quot;,&quot;loop&quot;:&quot;yes&quot;,&quot;highlight_animation_duration&quot;:1200,&quot;highlight_iteration_delay&quot;:8000}\" data-widget_type=\"animated-headline.default\">\n\t\t\t\t<div class=\"elementor-widget-container\">\n\t\t\t\t\t\t\t<h3 class=\"elementor-headline\">\n\t\t\t\t\t<span class=\"elementor-headline-plain-text elementor-headline-text-wrapper\">31.05.2025 Finale du<\/span>\n\t\t\t\t<span class=\"elementor-headline-dynamic-wrapper elementor-headline-text-wrapper\">\n\t\t\t\t\t<span class=\"elementor-headline-dynamic-text elementor-headline-text-active\">Festival du film Euroshorts<\/span>\n\t\t\t\t<\/span>\n\t\t\t\t<\/h3>\n\t\t\t\t\t\t<\/div>\n\t\t\t\t<\/div>\n\t\t\t\t<div class=\"elementor-element elementor-element-891a109 elementor-widget elementor-widget-image\" data-id=\"891a109\" data-element_type=\"widget\" data-widget_type=\"image.default\">\n\t\t\t\t<div class=\"elementor-widget-container\">\n\t\t\t\t\t\t\t\t\t\t\t\t\t\t\t<img decoding=\"async\" width=\"821\" height=\"1024\" src=\"https:\/\/euroshorts-filmfestival.eu\/wp-content\/uploads\/2025\/05\/Screenshot-2025-05-31-135022-821x1024.png\" class=\"attachment-large size-large wp-image-674\" alt=\"\" srcset=\"https:\/\/euroshorts-filmfestival.eu\/wp-content\/uploads\/2025\/05\/Screenshot-2025-05-31-135022-821x1024.png 821w, https:\/\/euroshorts-filmfestival.eu\/wp-content\/uploads\/2025\/05\/Screenshot-2025-05-31-135022-240x300.png 240w, https:\/\/euroshorts-filmfestival.eu\/wp-content\/uploads\/2025\/05\/Screenshot-2025-05-31-135022-768x958.png 768w, https:\/\/euroshorts-filmfestival.eu\/wp-content\/uploads\/2025\/05\/Screenshot-2025-05-31-135022-1231x1536.png 1231w, https:\/\/euroshorts-filmfestival.eu\/wp-content\/uploads\/2025\/05\/Screenshot-2025-05-31-135022-10x12.png 10w, https:\/\/euroshorts-filmfestival.eu\/wp-content\/uploads\/2025\/05\/Screenshot-2025-05-31-135022.png 1462w\" sizes=\"(max-width: 821px) 100vw, 821px\" \/>\t\t\t\t\t\t\t\t\t\t\t\t\t\t\t<\/div>\n\t\t\t\t<\/div>\n\t\t\t\t<div class=\"elementor-element elementor-element-ef72451 elementor-widget elementor-widget-heading\" data-id=\"ef72451\" data-element_type=\"widget\" data-widget_type=\"heading.default\">\n\t\t\t\t<div class=\"elementor-widget-container\">\n\t\t\t\t\t<h1 class=\"elementor-heading-title elementor-size-default\">\u00e0 partir de 19h au Schauspielhaus Dortmund <br><\/h1>\t\t\t\t<\/div>\n\t\t\t\t<\/div>\n\t\t<div class=\"elementor-element elementor-element-bbf058c e-grid e-con-full wpr-particle-no wpr-jarallax-no wpr-parallax-no wpr-sticky-section-no e-con e-child\" data-id=\"bbf058c\" data-element_type=\"container\">\n\t\t\t\t<div class=\"elementor-element elementor-element-c922de6 elementor-align-center elementor-widget elementor-widget-button\" data-id=\"c922de6\" data-element_type=\"widget\" data-widget_type=\"button.default\">\n\t\t\t\t<div class=\"elementor-widget-container\">\n\t\t\t\t\t\t\t\t\t<div class=\"elementor-button-wrapper\">\n\t\t\t\t\t<a class=\"elementor-button elementor-button-link elementor-size-sm\" href=\"https:\/\/www.theaterdo.de\/produktionen\/detail\/abschluss-der-europaeischen-filmfestival-woche\/\">\n\t\t\t\t\t\t<span class=\"elementor-button-content-wrapper\">\n\t\t\t\t\t\t\t\t\t<span class=\"elementor-button-text\">Plus d&#039;informations<\/span>\n\t\t\t\t\t<\/span>\n\t\t\t\t\t<\/a>\n\t\t\t\t<\/div>\n\t\t\t\t\t\t\t\t<\/div>\n\t\t\t\t<\/div>\n\t\t\t\t<div class=\"elementor-element elementor-element-708ec4b elementor-align-center elementor-widget elementor-widget-button\" data-id=\"708ec4b\" data-element_type=\"widget\" data-widget_type=\"button.default\">\n\t\t\t\t<div class=\"elementor-widget-container\">\n\t\t\t\t\t\t\t\t\t<div class=\"elementor-button-wrapper\">\n\t\t\t\t\t<a class=\"elementor-button elementor-button-link elementor-size-sm\" href=\"https:\/\/ticket.theaterdo.de\/eventim.webshop\/webticket\/seatmap?eventId=12822\">\n\t\t\t\t\t\t<span class=\"elementor-button-content-wrapper\">\n\t\t\t\t\t\t\t\t\t<span class=\"elementor-button-text\">Acheter des billets<\/span>\n\t\t\t\t\t<\/span>\n\t\t\t\t\t<\/a>\n\t\t\t\t<\/div>\n\t\t\t\t\t\t\t\t<\/div>\n\t\t\t\t<\/div>\n\t\t\t\t<\/div>\n\t\t\t\t<div class=\"elementor-element elementor-element-fb3b7fd elementor-widget elementor-widget-text-editor\" data-id=\"fb3b7fd\" data-element_type=\"widget\" data-widget_type=\"text-editor.default\">\n\t\t\t\t<div class=\"elementor-widget-container\">\n\t\t\t\t\t\t\t\t\t<p><strong>Hiltropwall 15, 44137 Dortmund<\/strong><\/p><p><strong>Arr\u00eat de m\u00e9tro Stadtgarten<\/strong><\/p><p><strong>Des billets individuels pour l&#039;\u00e9v\u00e9nement peuvent \u00e9galement \u00eatre achet\u00e9s \u00e0 la billetterie<\/strong><\/p>\t\t\t\t\t\t\t\t<\/div>\n\t\t\t\t<\/div>\n\t\t<div class=\"elementor-element elementor-element-57bc695 e-con-full e-flex wpr-particle-no wpr-jarallax-no wpr-parallax-no wpr-sticky-section-no e-con e-child\" data-id=\"57bc695\" data-element_type=\"container\">\n\t\t\t\t<div class=\"elementor-element elementor-element-ca7ced2 elementor-widget elementor-widget-video\" data-id=\"ca7ced2\" data-element_type=\"widget\" data-settings=\"{&quot;video_type&quot;:&quot;vimeo&quot;}\" data-widget_type=\"video.default\">\n\t\t\t\t<div class=\"elementor-widget-container\">\n\t\t\t\t\t\t\t<div class=\"elementor-wrapper elementor-open-inline\">\n\t\t\t<iframe class=\"elementor-video-iframe\" allowfullscreen allow=\"clipboard-write\" title=\"Lecteur vid\u00e9o Vimeo\" src=\"https:\/\/player.vimeo.com\/video\/1088003729?color&amp;autopause=0&amp;loop=0&amp;muted=0&amp;title=1&amp;portrait=1&amp;byline=1#t=\"><\/iframe>\t\t<\/div>\n\t\t\t\t\t\t<\/div>\n\t\t\t\t<\/div>\n\t\t\t\t<\/div>\n\t\t\t\t<div class=\"elementor-element elementor-element-ecf4028 elementor-widget elementor-widget-heading\" data-id=\"ecf4028\" data-element_type=\"widget\" data-widget_type=\"heading.default\">\n\t\t\t\t<div class=\"elementor-widget-container\">\n\t\t\t\t\t<h1 class=\"elementor-heading-title elementor-size-default\">Festival du film Euroshorts<\/h1>\t\t\t\t<\/div>\n\t\t\t\t<\/div>\n\t\t\t\t<div class=\"elementor-element elementor-element-d224263 elementor-widget elementor-widget-text-editor\" data-id=\"d224263\" data-element_type=\"widget\" data-widget_type=\"text-editor.default\">\n\t\t\t\t<div class=\"elementor-widget-container\">\n\t\t\t\t\t\t\t\t\t<p>Pour la toute premi\u00e8re fois, Dortmund invite l&#039;Europe au Festival du Film EuroShorts ! Une semaine pleine d\u2019\u00e9motions, de rires et de films stimulants vous attend \u2013 un divertissement formidable r\u00e9alis\u00e9 par des cin\u00e9astes europ\u00e9ens.<\/p><p>L\u2019Europe rend visite \u00e0 des amis \u2013 une expression souvent utilis\u00e9e qui sonne bien en termes publicitaires. Mais \u00e0 Dortmund, \u00e7a se vit ! 81 nations diff\u00e9rentes se sentent chez elles ici, au c\u0153ur de la Rh\u00e9nanie-du-Nord-Westphalie. Dortmund est une ville diverse, pleine de couleurs et de diversit\u00e9 v\u00e9cue. M\u00eame si certains \u00e9trangers associent encore Dortmund \u00e0 l\u2019acier et au charbon, notre ville est tout sauf grise !<\/p><p>Durant la Semaine de l&#039;Europe, des festivals de cin\u00e9ma aux th\u00e9matiques vari\u00e9es seront propos\u00e9s dans quatre cin\u00e9mas d&#039;art et d&#039;essai diff\u00e9rents. Chaque soir, le public a l&#039;embarras du choix : il s\u00e9lectionne les deux meilleurs films du jour. Ces \u0153uvres seront \u00e0 nouveau pr\u00e9sent\u00e9es le dernier soir au Th\u00e9\u00e2tre de Dortmund et \u00e9valu\u00e9es par un jury d&#039;experts issus de la politique, des m\u00e9dias et de la culture.<\/p><p>Les festivals de cin\u00e9ma sont :<\/p>\t\t\t\t\t\t\t\t<\/div>\n\t\t\t\t<\/div>\n\t\t\t\t<div class=\"elementor-element elementor-element-289cdae wpr-list-style-none elementor-widget elementor-widget-wpr-posts-timeline\" data-id=\"289cdae\" data-element_type=\"widget\" data-settings=\"{&quot;animation_offset&quot;:150,&quot;aos_animation_duration&quot;:600}\" data-widget_type=\"wpr-posts-timeline.default\">\n\t\t\t\t<div class=\"elementor-widget-container\">\n\t\t\t\t\t\n\t\t<div class=\"wpr-wrapper wpr-vertical wpr-centered\">\n\t\t\t<div class=\"wpr-timeline-centered wpr-line wpr-both-sided-timeline\"><div class=\"wpr-middle-line\"><\/div><div class=\"wpr-timeline-fill\" data-layout=\"centered\"><\/div><span class=\"wpr-year-wrap\"><span class=\"wpr-year-label wpr-year\">2025<\/span><\/span><article class=\"wpr-timeline-entry wpr-left-aligned elementor-repeater-item-a6fc4f3\" data-item-id=\"elementor-repeater-item-a6fc4f3\"><time class=\"wpr-extra-label\" data-aos=\"fade\" data-aos-left=\"\" data-aos-right=\"\" data-animation-offset=\"150\" data-animation-duration=\"600\"><span class=\"wpr-label\">27.05.2025<\/span><span class=\"wpr-sub-label\">Douce seize ans<\/span><\/time><div class=\"wpr-timeline-entry-inner\"><div class=\"wpr-main-line-icon wpr-icon\"><svg aria-hidden=\"true\" class=\"e-font-icon-svg e-far-calendar-alt\" viewbox=\"0 0 448 512\" xmlns=\"http:\/\/www.w3.org\/2000\/svg\"><path d=\"M148 288h-40c-6.6 0-12-5.4-12-12v-40c0-6.6 5.4-12 12-12h40c6.6 0 12 5.4 12 12v40c0 6.6-5.4 12-12 12zm108-12v-40c0-6.6-5.4-12-12-12h-40c-6.6 0-12 5.4-12 12v40c0 6.6 5.4 12 12 12h40c6.6 0 12-5.4 12-12zm96 0v-40c0-6.6-5.4-12-12-12h-40c-6.6 0-12 5.4-12 12v40c0 6.6 5.4 12 12 12h40c6.6 0 12-5.4 12-12zm-96 96v-40c0-6.6-5.4-12-12-12h-40c-6.6 0-12 5.4-12 12v40c0 6.6 5.4 12 12 12h40c6.6 0 12-5.4 12-12zm-96 0v-40c0-6.6-5.4-12-12-12h-40c-6.6 0-12 5.4-12 12v40c0 6.6 5.4 12 12 12h40c6.6 0 12-5.4 12-12zm192 0v-40c0-6.6-5.4-12-12-12h-40c-6.6 0-12 5.4-12 12v40c0 6.6 5.4 12 12 12h40c6.6 0 12-5.4 12-12zm96-260v352c0 26.5-21.5 48-48 48H48c-26.5 0-48-21.5-48-48V112c0-26.5 21.5-48 48-48h48V12c0-6.6 5.4-12 12-12h40c6.6 0 12 5.4 12 12v52h128V12c0-6.6 5.4-12 12-12h40c6.6 0 12 5.4 12 12v52h48c26.5 0 48 21.5 48 48zm-48 346V160H48v298c0 3.3 2.7 6 6 6h340c3.3 0 6-2.7 6-6z\"><\/path><\/svg><\/div><div class=\"wpr-story-info-vertical wpr-data-wrap\"  data-aos=\"fade\" data-aos-left=\"\" data-aos-right=\"\" data-animation-offset=\"150\" data-animation-duration=\"600\"><div class=\"wpr-animation-wrap wpr-timeline-media\"><img loading=\"lazy\" decoding=\"async\" width=\"706\" height=\"240\" src=\"https:\/\/euroshorts-filmfestival.eu\/wp-content\/uploads\/2025\/02\/308625652_461430249338656_4277463132029065821_n2.png\" class=\"attachment-full size-full\" alt=\"\" srcset=\"https:\/\/euroshorts-filmfestival.eu\/wp-content\/uploads\/2025\/02\/308625652_461430249338656_4277463132029065821_n2.png 706w, https:\/\/euroshorts-filmfestival.eu\/wp-content\/uploads\/2025\/02\/308625652_461430249338656_4277463132029065821_n2-300x102.png 300w\" sizes=\"(max-width: 706px) 100vw, 706px\" \/><\/div><div class=\"wpr-timeline-content-wrapper\"><div class=\"wpr-content-wrapper\"><p class=\"wpr-title-wrap\"><a href=\"https:\/\/www.sweetsixteen-kino.de\/eintritt-oeffnungszeiten\/\" target=\"_blank\" rel=\"nofollow\" class=\"wpr-title\">Colorfulity \u2013 C\u00e9l\u00e9brer la diversit\u00e9 des couleurs et des cultures de l&#039;Europe<\/a><\/p><div class=\"wpr-description\"><p>La diversit\u00e9 nous rend unique. Nous, les humains, sommes tous diff\u00e9rents \u2013 et c\u2019est exactement ce que nous devons pr\u00e9server et c\u00e9l\u00e9brer. L\u2019Europe est color\u00e9e et nous partageons des valeurs communes : libert\u00e9, ouverture et diversit\u00e9. La diversit\u00e9 et l\u2019inclusion sont au centre des pr\u00e9occupations, que ce soit en termes de culture, de genre, de sexualit\u00e9 ou d\u2019histoires personnelles. Soyons inspir\u00e9s ensemble, construisons des ponts et c\u00e9l\u00e9brons la diversit\u00e9 de l\u2019Europe.<\/p><p>Vous trouverez plus d&#039;informations sur les \u00e9v\u00e9nements au Sweet Sixteen Cinema ici :<br \/><strong><a style=\"color: white\" href=\"https:\/\/www.sweetsixteen-kino.de\/eintritt-oeffnungszeiten\/\">LIEN<\/a><\/strong><\/p><\/div><\/div><\/div><\/div>\n\t\t\t\t\t\t<\/div>\n\t\t\t\t<\/article><article class=\"wpr-timeline-entry wpr-right-aligned elementor-repeater-item-61b86eb\" data-item-id=\"elementor-repeater-item-61b86eb\"><time class=\"wpr-extra-label\" data-aos=\"fade\" data-aos-left=\"\" data-aos-right=\"\" data-animation-offset=\"150\" data-animation-duration=\"600\"><span class=\"wpr-label\">28.05.2025<\/span><span class=\"wpr-sub-label\">Dortmund U<\/span><\/time><div class=\"wpr-timeline-entry-inner\"><div class=\"wpr-main-line-icon wpr-icon\"><svg aria-hidden=\"true\" class=\"e-font-icon-svg e-far-calendar-alt\" viewbox=\"0 0 448 512\" xmlns=\"http:\/\/www.w3.org\/2000\/svg\"><path d=\"M148 288h-40c-6.6 0-12-5.4-12-12v-40c0-6.6 5.4-12 12-12h40c6.6 0 12 5.4 12 12v40c0 6.6-5.4 12-12 12zm108-12v-40c0-6.6-5.4-12-12-12h-40c-6.6 0-12 5.4-12 12v40c0 6.6 5.4 12 12 12h40c6.6 0 12-5.4 12-12zm96 0v-40c0-6.6-5.4-12-12-12h-40c-6.6 0-12 5.4-12 12v40c0 6.6 5.4 12 12 12h40c6.6 0 12-5.4 12-12zm-96 96v-40c0-6.6-5.4-12-12-12h-40c-6.6 0-12 5.4-12 12v40c0 6.6 5.4 12 12 12h40c6.6 0 12-5.4 12-12zm-96 0v-40c0-6.6-5.4-12-12-12h-40c-6.6 0-12 5.4-12 12v40c0 6.6 5.4 12 12 12h40c6.6 0 12-5.4 12-12zm192 0v-40c0-6.6-5.4-12-12-12h-40c-6.6 0-12 5.4-12 12v40c0 6.6 5.4 12 12 12h40c6.6 0 12-5.4 12-12zm96-260v352c0 26.5-21.5 48-48 48H48c-26.5 0-48-21.5-48-48V112c0-26.5 21.5-48 48-48h48V12c0-6.6 5.4-12 12-12h40c6.6 0 12 5.4 12 12v52h128V12c0-6.6 5.4-12 12-12h40c6.6 0 12 5.4 12 12v52h48c26.5 0 48 21.5 48 48zm-48 346V160H48v298c0 3.3 2.7 6 6 6h340c3.3 0 6-2.7 6-6z\"><\/path><\/svg><\/div><div class=\"wpr-story-info-vertical wpr-data-wrap\"  data-aos=\"fade\" data-aos-left=\"\" data-aos-right=\"\" data-animation-offset=\"150\" data-animation-duration=\"600\"><div class=\"wpr-animation-wrap wpr-timeline-media\"><img loading=\"lazy\" decoding=\"async\" width=\"4010\" height=\"435\" src=\"https:\/\/euroshorts-filmfestival.eu\/wp-content\/uploads\/2025\/03\/Dortmunder_U_01_Wortmarke_01_ohne_Zusatz_RGB_weiss.png\" class=\"attachment-full size-full\" alt=\"\" srcset=\"https:\/\/euroshorts-filmfestival.eu\/wp-content\/uploads\/2025\/03\/Dortmunder_U_01_Wortmarke_01_ohne_Zusatz_RGB_weiss.png 4010w, https:\/\/euroshorts-filmfestival.eu\/wp-content\/uploads\/2025\/03\/Dortmunder_U_01_Wortmarke_01_ohne_Zusatz_RGB_weiss-300x33.png 300w, https:\/\/euroshorts-filmfestival.eu\/wp-content\/uploads\/2025\/03\/Dortmunder_U_01_Wortmarke_01_ohne_Zusatz_RGB_weiss-1024x111.png 1024w, https:\/\/euroshorts-filmfestival.eu\/wp-content\/uploads\/2025\/03\/Dortmunder_U_01_Wortmarke_01_ohne_Zusatz_RGB_weiss-768x83.png 768w, https:\/\/euroshorts-filmfestival.eu\/wp-content\/uploads\/2025\/03\/Dortmunder_U_01_Wortmarke_01_ohne_Zusatz_RGB_weiss-1536x167.png 1536w, https:\/\/euroshorts-filmfestival.eu\/wp-content\/uploads\/2025\/03\/Dortmunder_U_01_Wortmarke_01_ohne_Zusatz_RGB_weiss-2048x222.png 2048w\" sizes=\"(max-width: 4010px) 100vw, 4010px\" \/><\/div><div class=\"wpr-timeline-content-wrapper\"><div class=\"wpr-content-wrapper\"><p class=\"wpr-title-wrap\"><span class=\"wpr-title\">Responsabilit\u00e9 europ\u00e9enne \u2013 Ensemble pour un avenir meilleur<\/span><\/p><div class=\"wpr-description\"><p>Nous n\u2019avons qu\u2019une seule plan\u00e8te \u2013 et la responsabilit\u00e9 de la prot\u00e9ger. Mais la durabilit\u00e9 signifie bien plus que la protection de l\u2019environnement. Il s\u2019agit \u00e9galement de la mani\u00e8re dont nous nous traitons les uns les autres en tant que soci\u00e9t\u00e9. Comment pouvons-nous rendre nos vies plus conscientes, plus justes et plus durables ? Ce festival recherche des courts m\u00e9trages inspirants qui pr\u00e9sentent des solutions, stimulent la r\u00e9flexion et ouvrent de nouvelles perspectives \u2013 pour un monde durable dans lequel l\u2019environnement et la communaut\u00e9 sont en harmonie.<\/p><\/div><\/div><\/div><\/div>\n\t\t\t\t\t\t<\/div>\n\t\t\t\t<\/article><article class=\"wpr-timeline-entry wpr-left-aligned elementor-repeater-item-c44e113\" data-item-id=\"elementor-repeater-item-c44e113\"><time class=\"wpr-extra-label\" data-aos=\"fade\" data-aos-left=\"\" data-aos-right=\"\" data-animation-offset=\"150\" data-animation-duration=\"600\"><span class=\"wpr-label\">29.05.2025<\/span><span class=\"wpr-sub-label\">Schaubourg<\/span><\/time><div class=\"wpr-timeline-entry-inner\"><div class=\"wpr-main-line-icon wpr-icon\"><svg aria-hidden=\"true\" class=\"e-font-icon-svg e-far-calendar-alt\" viewbox=\"0 0 448 512\" xmlns=\"http:\/\/www.w3.org\/2000\/svg\"><path d=\"M148 288h-40c-6.6 0-12-5.4-12-12v-40c0-6.6 5.4-12 12-12h40c6.6 0 12 5.4 12 12v40c0 6.6-5.4 12-12 12zm108-12v-40c0-6.6-5.4-12-12-12h-40c-6.6 0-12 5.4-12 12v40c0 6.6 5.4 12 12 12h40c6.6 0 12-5.4 12-12zm96 0v-40c0-6.6-5.4-12-12-12h-40c-6.6 0-12 5.4-12 12v40c0 6.6 5.4 12 12 12h40c6.6 0 12-5.4 12-12zm-96 96v-40c0-6.6-5.4-12-12-12h-40c-6.6 0-12 5.4-12 12v40c0 6.6 5.4 12 12 12h40c6.6 0 12-5.4 12-12zm-96 0v-40c0-6.6-5.4-12-12-12h-40c-6.6 0-12 5.4-12 12v40c0 6.6 5.4 12 12 12h40c6.6 0 12-5.4 12-12zm192 0v-40c0-6.6-5.4-12-12-12h-40c-6.6 0-12 5.4-12 12v40c0 6.6 5.4 12 12 12h40c6.6 0 12-5.4 12-12zm96-260v352c0 26.5-21.5 48-48 48H48c-26.5 0-48-21.5-48-48V112c0-26.5 21.5-48 48-48h48V12c0-6.6 5.4-12 12-12h40c6.6 0 12 5.4 12 12v52h128V12c0-6.6 5.4-12 12-12h40c6.6 0 12 5.4 12 12v52h48c26.5 0 48 21.5 48 48zm-48 346V160H48v298c0 3.3 2.7 6 6 6h340c3.3 0 6-2.7 6-6z\"><\/path><\/svg><\/div><div class=\"wpr-story-info-vertical wpr-data-wrap\"  data-aos=\"fade\" data-aos-left=\"\" data-aos-right=\"\" data-animation-offset=\"150\" data-animation-duration=\"600\"><div class=\"wpr-animation-wrap wpr-timeline-media\"><img loading=\"lazy\" decoding=\"async\" width=\"280\" height=\"70\" src=\"https:\/\/euroshorts-filmfestival.eu\/wp-content\/uploads\/2025\/02\/NpthXNPXbDkmF3Zro9lNdafgeJOAYY5hzF28C3Vd.png\" class=\"attachment-full size-full\" alt=\"\" \/><\/div><div class=\"wpr-timeline-content-wrapper\"><div class=\"wpr-content-wrapper\"><p class=\"wpr-title-wrap\"><span class=\"wpr-title\">Rire au-del\u00e0 des fronti\u00e8res \u2013 Les courts m\u00e9trages les plus dr\u00f4les d&#039;Europe<\/span><\/p><div class=\"wpr-description\"><p>Le rire est le langage universel qui nous relie tous \u2013 le meilleur rem\u00e8de contre le quotidien, contre les soucis, contre les limites. Nous recherchons les courts m\u00e9trages les plus dr\u00f4les et les plus charmants d&#039;Europe ! Qu&#039;il s&#039;agisse d&#039;humour fran\u00e7ais subtil, de gags italiens fougueux ou de punchlines merveilleusement bizarres venues de Scandinavie, aucun \u0153il ne restera sec ce soir. Pr\u00eat pour un voyage humoristique \u00e0 travers l\u2019Europe ? Alors travaillons ensemble sur nos talents d\u2019humour !<\/p><\/div><\/div><\/div><\/div>\n\t\t\t\t\t\t<\/div>\n\t\t\t\t<\/article><article class=\"wpr-timeline-entry wpr-right-aligned elementor-repeater-item-f8c9aae\" data-item-id=\"elementor-repeater-item-f8c9aae\"><time class=\"wpr-extra-label\" data-aos=\"fade\" data-aos-left=\"\" data-aos-right=\"\" data-animation-offset=\"150\" data-animation-duration=\"600\"><span class=\"wpr-label\">30.05.2025<\/span><span class=\"wpr-sub-label\">Roxy<\/span><\/time><div class=\"wpr-timeline-entry-inner\"><div class=\"wpr-main-line-icon wpr-icon\"><svg aria-hidden=\"true\" class=\"e-font-icon-svg e-far-calendar-alt\" viewbox=\"0 0 448 512\" xmlns=\"http:\/\/www.w3.org\/2000\/svg\"><path d=\"M148 288h-40c-6.6 0-12-5.4-12-12v-40c0-6.6 5.4-12 12-12h40c6.6 0 12 5.4 12 12v40c0 6.6-5.4 12-12 12zm108-12v-40c0-6.6-5.4-12-12-12h-40c-6.6 0-12 5.4-12 12v40c0 6.6 5.4 12 12 12h40c6.6 0 12-5.4 12-12zm96 0v-40c0-6.6-5.4-12-12-12h-40c-6.6 0-12 5.4-12 12v40c0 6.6 5.4 12 12 12h40c6.6 0 12-5.4 12-12zm-96 96v-40c0-6.6-5.4-12-12-12h-40c-6.6 0-12 5.4-12 12v40c0 6.6 5.4 12 12 12h40c6.6 0 12-5.4 12-12zm-96 0v-40c0-6.6-5.4-12-12-12h-40c-6.6 0-12 5.4-12 12v40c0 6.6 5.4 12 12 12h40c6.6 0 12-5.4 12-12zm192 0v-40c0-6.6-5.4-12-12-12h-40c-6.6 0-12 5.4-12 12v40c0 6.6 5.4 12 12 12h40c6.6 0 12-5.4 12-12zm96-260v352c0 26.5-21.5 48-48 48H48c-26.5 0-48-21.5-48-48V112c0-26.5 21.5-48 48-48h48V12c0-6.6 5.4-12 12-12h40c6.6 0 12 5.4 12 12v52h128V12c0-6.6 5.4-12 12-12h40c6.6 0 12 5.4 12 12v52h48c26.5 0 48 21.5 48 48zm-48 346V160H48v298c0 3.3 2.7 6 6 6h340c3.3 0 6-2.7 6-6z\"><\/path><\/svg><\/div><div class=\"wpr-story-info-vertical wpr-data-wrap\"  data-aos=\"fade\" data-aos-left=\"\" data-aos-right=\"\" data-animation-offset=\"150\" data-animation-duration=\"600\"><div class=\"wpr-animation-wrap wpr-timeline-media\"><img decoding=\"async\" src=\"https:\/\/euroshorts-filmfestival.eu\/wp-content\/uploads\/2025\/02\/roxy-logo.svg\" class=\"attachment-full size-full\" alt=\"\" \/><\/div><div class=\"wpr-timeline-content-wrapper\"><div class=\"wpr-content-wrapper\"><p class=\"wpr-title-wrap\"><a href=\"https:\/\/www.roxy-lichtspielhaus.de\/monatsprogramm\/\" target=\"_blank\" rel=\"nofollow\" class=\"wpr-title\">Unis dans l&#039;amiti\u00e9 \u2013 Histoires d&#039;unit\u00e9<\/a><\/p><div class=\"wpr-description\"><p>\u00ab Un ami, un bon ami \u00bb \u2013 c\u2019est ce que chantait Heinz R\u00fchmann, et cela ne pouvait pas \u00eatre plus appropri\u00e9. L\u2019amiti\u00e9 est le fondement de notre coh\u00e9sion. Il ne conna\u00eet pas de fronti\u00e8res, pas de diff\u00e9rences, seulement des connexions. Que serions-nous sans amis ? Sans les moments qui nous unissent, sans les rires que nous partageons ? Nous recherchons des films qui c\u00e9l\u00e8brent exactement cela : l\u2019unit\u00e9, le pouvoir de la communaut\u00e9 et le sens de la v\u00e9ritable amiti\u00e9 \u2013 au-del\u00e0 de toutes les fronti\u00e8res. Parce que l\u2019amiti\u00e9 n\u2019est pas seulement un sentiment, c\u2019est un lien qui nous relie.<\/p><p>Vous trouverez ici de plus amples informations sur les \u00e9v\u00e9nements au Roxy Cinema :<br \/><strong><a style=\"color: white\" href=\"https:\/\/www.roxy-lichtspielhaus.de\/monatsprogramm\/\">LIEN<\/a><\/strong><\/p><\/div><\/div><\/div><\/div>\n\t\t\t\t\t\t<\/div>\n\t\t\t\t<\/article><article class=\"wpr-timeline-entry wpr-left-aligned elementor-repeater-item-a9578d9\" data-item-id=\"elementor-repeater-item-a9578d9\"><time class=\"wpr-extra-label\" data-aos=\"fade\" data-aos-left=\"\" data-aos-right=\"\" data-animation-offset=\"150\" data-animation-duration=\"600\"><span class=\"wpr-label\">31.05.2025<\/span><span class=\"wpr-sub-label\">Th\u00e9\u00e2tre de Dortmund<\/span><\/time><div class=\"wpr-timeline-entry-inner\"><div class=\"wpr-main-line-icon wpr-icon\"><svg aria-hidden=\"true\" class=\"e-font-icon-svg e-far-calendar-alt\" viewbox=\"0 0 448 512\" xmlns=\"http:\/\/www.w3.org\/2000\/svg\"><path d=\"M148 288h-40c-6.6 0-12-5.4-12-12v-40c0-6.6 5.4-12 12-12h40c6.6 0 12 5.4 12 12v40c0 6.6-5.4 12-12 12zm108-12v-40c0-6.6-5.4-12-12-12h-40c-6.6 0-12 5.4-12 12v40c0 6.6 5.4 12 12 12h40c6.6 0 12-5.4 12-12zm96 0v-40c0-6.6-5.4-12-12-12h-40c-6.6 0-12 5.4-12 12v40c0 6.6 5.4 12 12 12h40c6.6 0 12-5.4 12-12zm-96 96v-40c0-6.6-5.4-12-12-12h-40c-6.6 0-12 5.4-12 12v40c0 6.6 5.4 12 12 12h40c6.6 0 12-5.4 12-12zm-96 0v-40c0-6.6-5.4-12-12-12h-40c-6.6 0-12 5.4-12 12v40c0 6.6 5.4 12 12 12h40c6.6 0 12-5.4 12-12zm192 0v-40c0-6.6-5.4-12-12-12h-40c-6.6 0-12 5.4-12 12v40c0 6.6 5.4 12 12 12h40c6.6 0 12-5.4 12-12zm96-260v352c0 26.5-21.5 48-48 48H48c-26.5 0-48-21.5-48-48V112c0-26.5 21.5-48 48-48h48V12c0-6.6 5.4-12 12-12h40c6.6 0 12 5.4 12 12v52h128V12c0-6.6 5.4-12 12-12h40c6.6 0 12 5.4 12 12v52h48c26.5 0 48 21.5 48 48zm-48 346V160H48v298c0 3.3 2.7 6 6 6h340c3.3 0 6-2.7 6-6z\"><\/path><\/svg><\/div><div class=\"wpr-story-info-vertical wpr-data-wrap\"  data-aos=\"fade\" data-aos-left=\"\" data-aos-right=\"\" data-animation-offset=\"150\" data-animation-duration=\"600\"><div class=\"wpr-animation-wrap wpr-timeline-media\"><img loading=\"lazy\" decoding=\"async\" width=\"350\" height=\"250\" src=\"https:\/\/euroshorts-filmfestival.eu\/wp-content\/uploads\/2025\/03\/tdo-logo_1_RGB-wei\u251c\u0192.png\" class=\"attachment-full size-full\" alt=\"\" srcset=\"https:\/\/euroshorts-filmfestival.eu\/wp-content\/uploads\/2025\/03\/tdo-logo_1_RGB-wei\u251c\u0192.png 350w, https:\/\/euroshorts-filmfestival.eu\/wp-content\/uploads\/2025\/03\/tdo-logo_1_RGB-wei\u251c\u0192-300x214.png 300w\" sizes=\"(max-width: 350px) 100vw, 350px\" \/><\/div><div class=\"wpr-timeline-content-wrapper\"><div class=\"wpr-content-wrapper\"><p class=\"wpr-title-wrap\"><a href=\"https:\/\/ticket.theaterdo.de\/eventim.webshop\/webticket\/seatmap?eventId=12822\" target=\"_blank\" rel=\"nofollow\" class=\"wpr-title\">final<\/a><\/p><div class=\"wpr-description\"><p>Les billets pour la finale de la Semaine du Festival du Film Europ\u00e9en au Th\u00e9\u00e2tre de Dortmund peuvent \u00e9galement \u00eatre achet\u00e9s ici : <br \/><strong><a style=\"color: white\" href=\"https:\/\/ticket.theaterdo.de\/eventim.webshop\/webticket\/seatmap?eventId=12822\">LIEN<\/a><\/strong><\/p><\/div><\/div><\/div><\/div>\n\t\t\t\t\t\t<\/div>\n\t\t\t\t<\/article><\/div>    \n\t\t\t<\/div>\t\t\t\t<\/div>\n\t\t\t\t<\/div>\n\t\t\t\t<div class=\"elementor-element elementor-element-ba304e0 elementor-widget elementor-widget-heading\" data-id=\"ba304e0\" data-element_type=\"widget\" data-widget_type=\"heading.default\">\n\t\t\t\t<div class=\"elementor-widget-container\">\n\t\t\t\t\t<h2 class=\"elementor-heading-title elementor-size-default\">Les films suivants seront projet\u00e9s le 27 mai. pr\u00e9sent\u00e9 \u00e0 18h30 dans le Sweet Sixteen.<\/h2>\t\t\t\t<\/div>\n\t\t\t\t<\/div>\n\t\t\t\t<div class=\"elementor-element elementor-element-5d77f9b elementor-widget elementor-widget-video\" data-id=\"5d77f9b\" data-element_type=\"widget\" data-settings=\"{&quot;video_type&quot;:&quot;vimeo&quot;}\" data-widget_type=\"video.default\">\n\t\t\t\t<div class=\"elementor-widget-container\">\n\t\t\t\t\t\t\t<div class=\"elementor-wrapper elementor-open-inline\">\n\t\t\t<iframe class=\"elementor-video-iframe\" allowfullscreen allow=\"clipboard-write\" title=\"Lecteur vid\u00e9o Vimeo\" src=\"https:\/\/player.vimeo.com\/video\/1087997015?color&amp;autopause=0&amp;loop=0&amp;muted=0&amp;title=1&amp;portrait=1&amp;byline=1#t=\"><\/iframe>\t\t<\/div>\n\t\t\t\t\t\t<\/div>\n\t\t\t\t<\/div>\n\t\t\t\t<div class=\"elementor-element elementor-element-e5c1633 wpr-grid-columns-5 wpr-grid-columns--mobile2 wpr-grid-columns--tablet2 wpr-grid-pagination-center elementor-widget elementor-widget-wpr-media-grid\" data-id=\"e5c1633\" data-element_type=\"widget\" data-widget_type=\"wpr-media-grid.default\">\n\t\t\t\t<div class=\"elementor-widget-container\">\n\t\t\t\t\t<section class=\"wpr-grid wpr-media-grid elementor-clearfix\" data-settings=\"{&quot;layout&quot;:&quot;masonry&quot;,&quot;columns_desktop&quot;:&quot;5&quot;,&quot;gutter_hr&quot;:15,&quot;gutter_hr_mobile&quot;:15,&quot;gutter_hr_mobile_extra&quot;:15,&quot;gutter_hr_tablet&quot;:15,&quot;gutter_hr_tablet_extra&quot;:15,&quot;gutter_hr_laptop&quot;:15,&quot;gutter_hr_widescreen&quot;:15,&quot;gutter_vr&quot;:15,&quot;gutter_vr_mobile&quot;:15,&quot;gutter_vr_mobile_extra&quot;:15,&quot;gutter_vr_tablet&quot;:15,&quot;gutter_vr_tablet_extra&quot;:15,&quot;gutter_vr_laptop&quot;:15,&quot;gutter_vr_widescreen&quot;:15,&quot;animation&quot;:&quot;default&quot;,&quot;animation_duration&quot;:0.299999999999999988897769753748434595763683319091796875,&quot;animation_delay&quot;:0.1000000000000000055511151231257827021181583404541015625,&quot;deeplinking&quot;:&quot;no&quot;,&quot;filters_default_filter&quot;:&quot;&quot;,&quot;filters_linkable&quot;:&quot;no&quot;,&quot;filters_count&quot;:&quot;no&quot;,&quot;filters_hide_empty&quot;:&quot;no&quot;,&quot;filters_animation&quot;:&quot;default&quot;,&quot;filters_animation_duration&quot;:0.299999999999999988897769753748434595763683319091796875,&quot;filters_animation_delay&quot;:0.1000000000000000055511151231257827021181583404541015625,&quot;pagination_type&quot;:&quot;load-more&quot;,&quot;pagination_max_pages&quot;:1,&quot;lightbox&quot;:{&quot;selector&quot;:&quot;.wpr-grid-image-wrap&quot;,&quot;iframeMaxWidth&quot;:&quot;60%&quot;,&quot;hash&quot;:false,&quot;autoplay&quot;:&quot;true&quot;,&quot;pause&quot;:5000,&quot;progressBar&quot;:&quot;true&quot;,&quot;counter&quot;:&quot;true&quot;,&quot;controls&quot;:&quot;true&quot;,&quot;getCaptionFromTitleOrAlt&quot;:&quot;true&quot;,&quot;thumbnail&quot;:&quot;true&quot;,&quot;showThumbByDefault&quot;:&quot;true&quot;,&quot;share&quot;:&quot;true&quot;,&quot;zoom&quot;:&quot;true&quot;,&quot;fullScreen&quot;:&quot;true&quot;,&quot;download&quot;:&quot;true&quot;}}\"><article class=\"wpr-grid-item elementor-clearfix post-604 attachment type-attachment status-inherit hentry\"><div class=\"wpr-grid-item-inner\"><div class=\"wpr-grid-media-wrap wpr-effect-size-small\"><div class=\"wpr-grid-image-wrap\" data-src=\"https:\/\/euroshorts-filmfestival.eu\/wp-content\/uploads\/2025\/05\/Love-Letter-tu-Asian-restaurant.png\"><img decoding=\"async\" src=\"https:\/\/euroshorts-filmfestival.eu\/wp-content\/uploads\/2025\/05\/Love-Letter-tu-Asian-restaurant.png\" alt=\"Love Letter tu Asian restaurant\" class=\"wpr-anim-timing-ease-default\"><\/div><div class=\"wpr-grid-media-hover wpr-animation-wrap\"><div class=\"wpr-grid-media-hover-bg  wpr-overlay-fade-in wpr-anim-size-large wpr-anim-timing-ease-default wpr-anim-transparency\" data-url=\"https:\/\/euroshorts-filmfestival.eu\/fr\/elementor-282\/love-letter-tu-asian-restaurant\/\"><\/div><div class=\"wpr-cv-container\"><div class=\"wpr-cv-outer\"><div class=\"wpr-cv-inner\"><div class=\"wpr-grid-media-hover-middle elementor-clearfix\"><div class=\"wpr-grid-item-lightbox elementor-repeater-item-9fff957 wpr-grid-item-display-block wpr-grid-item-align-center wpr-element-fade-in wpr-anim-size-large wpr-anim-timing-ease-default wpr-anim-transparency\"><div class=\"inner-block\"><span data-src=\"https:\/\/euroshorts-filmfestival.eu\/wp-content\/uploads\/2025\/05\/Love-Letter-tu-Asian-restaurant.png\"><i class=\"fas fa-search\"><\/i><\/span><div class=\"wpr-grid-lightbox-overlay\"><\/div><\/div><\/div><h2 class=\"wpr-grid-item-title elementor-repeater-item-d364075 wpr-grid-item-display-block wpr-grid-item-align-center wpr-element-fade-in wpr-anim-size-large wpr-anim-timing-ease-default wpr-anim-transparency wpr-pointer-none wpr-pointer-line-fx wpr-pointer-fx-slide\"><div class=\"inner-block\"><a  href=\"https:\/\/euroshorts-filmfestival.eu\/fr\/elementor-282\/love-letter-tu-asian-restaurant\/\">Lettre d&#039;amour au restaurant asiatique<\/a><\/div><\/h2><\/div><\/div><\/div><\/div><\/div><\/div><\/div><\/article><article class=\"wpr-grid-item elementor-clearfix post-605 attachment type-attachment status-inherit hentry\"><div class=\"wpr-grid-item-inner\"><div class=\"wpr-grid-media-wrap wpr-effect-size-small\"><div class=\"wpr-grid-image-wrap\" data-src=\"https:\/\/euroshorts-filmfestival.eu\/wp-content\/uploads\/2025\/05\/The-Exchange.png\"><img decoding=\"async\" src=\"https:\/\/euroshorts-filmfestival.eu\/wp-content\/uploads\/2025\/05\/The-Exchange.png\" alt=\"The Exchange\" class=\"wpr-anim-timing-ease-default\"><\/div><div class=\"wpr-grid-media-hover wpr-animation-wrap\"><div class=\"wpr-grid-media-hover-bg  wpr-overlay-fade-in wpr-anim-size-large wpr-anim-timing-ease-default wpr-anim-transparency\" data-url=\"https:\/\/euroshorts-filmfestival.eu\/fr\/elementor-282\/the-exchange\/\"><\/div><div class=\"wpr-cv-container\"><div class=\"wpr-cv-outer\"><div class=\"wpr-cv-inner\"><div class=\"wpr-grid-media-hover-middle elementor-clearfix\"><div class=\"wpr-grid-item-lightbox elementor-repeater-item-9fff957 wpr-grid-item-display-block wpr-grid-item-align-center wpr-element-fade-in wpr-anim-size-large wpr-anim-timing-ease-default wpr-anim-transparency\"><div class=\"inner-block\"><span data-src=\"https:\/\/euroshorts-filmfestival.eu\/wp-content\/uploads\/2025\/05\/The-Exchange.png\"><i class=\"fas fa-search\"><\/i><\/span><div class=\"wpr-grid-lightbox-overlay\"><\/div><\/div><\/div><h2 class=\"wpr-grid-item-title elementor-repeater-item-d364075 wpr-grid-item-display-block wpr-grid-item-align-center wpr-element-fade-in wpr-anim-size-large wpr-anim-timing-ease-default wpr-anim-transparency wpr-pointer-none wpr-pointer-line-fx wpr-pointer-fx-slide\"><div class=\"inner-block\"><a  href=\"https:\/\/euroshorts-filmfestival.eu\/fr\/elementor-282\/the-exchange\/\">L&#039;\u00c9change<\/a><\/div><\/h2><\/div><\/div><\/div><\/div><\/div><\/div><\/div><\/article><article class=\"wpr-grid-item elementor-clearfix post-607 attachment type-attachment status-inherit hentry\"><div class=\"wpr-grid-item-inner\"><div class=\"wpr-grid-media-wrap wpr-effect-size-small\"><div class=\"wpr-grid-image-wrap\" data-src=\"https:\/\/euroshorts-filmfestival.eu\/wp-content\/uploads\/2025\/05\/Was-i-Easier-to-Love-insta.png\"><img decoding=\"async\" src=\"https:\/\/euroshorts-filmfestival.eu\/wp-content\/uploads\/2025\/05\/Was-i-Easier-to-Love-insta.png\" alt=\"Was i Easier to Love insta\" class=\"wpr-anim-timing-ease-default\"><\/div><div class=\"wpr-grid-media-hover wpr-animation-wrap\"><div class=\"wpr-grid-media-hover-bg  wpr-overlay-fade-in wpr-anim-size-large wpr-anim-timing-ease-default wpr-anim-transparency\" data-url=\"https:\/\/euroshorts-filmfestival.eu\/fr\/elementor-282\/was-i-easier-to-love-insta\/\"><\/div><div class=\"wpr-cv-container\"><div class=\"wpr-cv-outer\"><div class=\"wpr-cv-inner\"><div class=\"wpr-grid-media-hover-middle elementor-clearfix\"><div class=\"wpr-grid-item-lightbox elementor-repeater-item-9fff957 wpr-grid-item-display-block wpr-grid-item-align-center wpr-element-fade-in wpr-anim-size-large wpr-anim-timing-ease-default wpr-anim-transparency\"><div class=\"inner-block\"><span data-src=\"https:\/\/euroshorts-filmfestival.eu\/wp-content\/uploads\/2025\/05\/Was-i-Easier-to-Love-insta.png\"><i class=\"fas fa-search\"><\/i><\/span><div class=\"wpr-grid-lightbox-overlay\"><\/div><\/div><\/div><h2 class=\"wpr-grid-item-title elementor-repeater-item-d364075 wpr-grid-item-display-block wpr-grid-item-align-center wpr-element-fade-in wpr-anim-size-large wpr-anim-timing-ease-default wpr-anim-transparency wpr-pointer-none wpr-pointer-line-fx wpr-pointer-fx-slide\"><div class=\"inner-block\"><a  href=\"https:\/\/euroshorts-filmfestival.eu\/fr\/elementor-282\/was-i-easier-to-love-insta\/\">\u00c9tait-il plus facile pour moi d&#039;aimer Instagram ?<\/a><\/div><\/h2><\/div><\/div><\/div><\/div><\/div><\/div><\/div><\/article><article class=\"wpr-grid-item elementor-clearfix post-606 attachment type-attachment status-inherit hentry\"><div class=\"wpr-grid-item-inner\"><div class=\"wpr-grid-media-wrap wpr-effect-size-small\"><div class=\"wpr-grid-image-wrap\" data-src=\"https:\/\/euroshorts-filmfestival.eu\/wp-content\/uploads\/2025\/05\/Unerreichbar-Nah.png\"><img decoding=\"async\" src=\"https:\/\/euroshorts-filmfestival.eu\/wp-content\/uploads\/2025\/05\/Unerreichbar-Nah.png\" alt=\"Unerreichbar Nah\" class=\"wpr-anim-timing-ease-default\"><\/div><div class=\"wpr-grid-media-hover wpr-animation-wrap\"><div class=\"wpr-grid-media-hover-bg  wpr-overlay-fade-in wpr-anim-size-large wpr-anim-timing-ease-default wpr-anim-transparency\" data-url=\"https:\/\/euroshorts-filmfestival.eu\/fr\/elementor-282\/unerreichbar-nah\/\"><\/div><div class=\"wpr-cv-container\"><div class=\"wpr-cv-outer\"><div class=\"wpr-cv-inner\"><div class=\"wpr-grid-media-hover-middle elementor-clearfix\"><div class=\"wpr-grid-item-lightbox elementor-repeater-item-9fff957 wpr-grid-item-display-block wpr-grid-item-align-center wpr-element-fade-in wpr-anim-size-large wpr-anim-timing-ease-default wpr-anim-transparency\"><div class=\"inner-block\"><span data-src=\"https:\/\/euroshorts-filmfestival.eu\/wp-content\/uploads\/2025\/05\/Unerreichbar-Nah.png\"><i class=\"fas fa-search\"><\/i><\/span><div class=\"wpr-grid-lightbox-overlay\"><\/div><\/div><\/div><h2 class=\"wpr-grid-item-title elementor-repeater-item-d364075 wpr-grid-item-display-block wpr-grid-item-align-center wpr-element-fade-in wpr-anim-size-large wpr-anim-timing-ease-default wpr-anim-transparency wpr-pointer-none wpr-pointer-line-fx wpr-pointer-fx-slide\"><div class=\"inner-block\"><a  href=\"https:\/\/euroshorts-filmfestival.eu\/fr\/elementor-282\/unerreichbar-nah\/\">Inaccessiblement proche<\/a><\/div><\/h2><\/div><\/div><\/div><\/div><\/div><\/div><\/div><\/article><article class=\"wpr-grid-item elementor-clearfix post-608 attachment type-attachment status-inherit hentry\"><div class=\"wpr-grid-item-inner\"><div class=\"wpr-grid-media-wrap wpr-effect-size-small\"><div class=\"wpr-grid-image-wrap\" data-src=\"https:\/\/euroshorts-filmfestival.eu\/wp-content\/uploads\/2025\/05\/Who-am-i-Now-Instagram-Post-45.png\"><img decoding=\"async\" src=\"https:\/\/euroshorts-filmfestival.eu\/wp-content\/uploads\/2025\/05\/Who-am-i-Now-Instagram-Post-45.png\" alt=\"Who am i Now (Instagram-Post (45))\" class=\"wpr-anim-timing-ease-default\"><\/div><div class=\"wpr-grid-media-hover wpr-animation-wrap\"><div class=\"wpr-grid-media-hover-bg  wpr-overlay-fade-in wpr-anim-size-large wpr-anim-timing-ease-default wpr-anim-transparency\" data-url=\"https:\/\/euroshorts-filmfestival.eu\/fr\/elementor-282\/who-am-i-now-instagram-post-45\/\"><\/div><div class=\"wpr-cv-container\"><div class=\"wpr-cv-outer\"><div class=\"wpr-cv-inner\"><div class=\"wpr-grid-media-hover-middle elementor-clearfix\"><div class=\"wpr-grid-item-lightbox elementor-repeater-item-9fff957 wpr-grid-item-display-block wpr-grid-item-align-center wpr-element-fade-in wpr-anim-size-large wpr-anim-timing-ease-default wpr-anim-transparency\"><div class=\"inner-block\"><span data-src=\"https:\/\/euroshorts-filmfestival.eu\/wp-content\/uploads\/2025\/05\/Who-am-i-Now-Instagram-Post-45.png\"><i class=\"fas fa-search\"><\/i><\/span><div class=\"wpr-grid-lightbox-overlay\"><\/div><\/div><\/div><h2 class=\"wpr-grid-item-title elementor-repeater-item-d364075 wpr-grid-item-display-block wpr-grid-item-align-center wpr-element-fade-in wpr-anim-size-large wpr-anim-timing-ease-default wpr-anim-transparency wpr-pointer-none wpr-pointer-line-fx wpr-pointer-fx-slide\"><div class=\"inner-block\"><a  href=\"https:\/\/euroshorts-filmfestival.eu\/fr\/elementor-282\/who-am-i-now-instagram-post-45\/\">Qui suis-je maintenant (publication Instagram (45))<\/a><\/div><\/h2><\/div><\/div><\/div><\/div><\/div><\/div><\/div><\/article><article class=\"wpr-grid-item elementor-clearfix post-609 attachment type-attachment status-inherit hentry\"><div class=\"wpr-grid-item-inner\"><div class=\"wpr-grid-media-wrap wpr-effect-size-small\"><div class=\"wpr-grid-image-wrap\" data-src=\"https:\/\/euroshorts-filmfestival.eu\/wp-content\/uploads\/2025\/05\/Gloria-Insta.png\"><img decoding=\"async\" src=\"https:\/\/euroshorts-filmfestival.eu\/wp-content\/uploads\/2025\/05\/Gloria-Insta.png\" alt=\"Gloria Insta\" class=\"wpr-anim-timing-ease-default\"><\/div><div class=\"wpr-grid-media-hover wpr-animation-wrap\"><div class=\"wpr-grid-media-hover-bg  wpr-overlay-fade-in wpr-anim-size-large wpr-anim-timing-ease-default wpr-anim-transparency\" data-url=\"https:\/\/euroshorts-filmfestival.eu\/fr\/elementor-282\/gloria-insta\/\"><\/div><div class=\"wpr-cv-container\"><div class=\"wpr-cv-outer\"><div class=\"wpr-cv-inner\"><div class=\"wpr-grid-media-hover-middle elementor-clearfix\"><div class=\"wpr-grid-item-lightbox elementor-repeater-item-9fff957 wpr-grid-item-display-block wpr-grid-item-align-center wpr-element-fade-in wpr-anim-size-large wpr-anim-timing-ease-default wpr-anim-transparency\"><div class=\"inner-block\"><span data-src=\"https:\/\/euroshorts-filmfestival.eu\/wp-content\/uploads\/2025\/05\/Gloria-Insta.png\"><i class=\"fas fa-search\"><\/i><\/span><div class=\"wpr-grid-lightbox-overlay\"><\/div><\/div><\/div><h2 class=\"wpr-grid-item-title elementor-repeater-item-d364075 wpr-grid-item-display-block wpr-grid-item-align-center wpr-element-fade-in wpr-anim-size-large wpr-anim-timing-ease-default wpr-anim-transparency wpr-pointer-none wpr-pointer-line-fx wpr-pointer-fx-slide\"><div class=\"inner-block\"><a  href=\"https:\/\/euroshorts-filmfestival.eu\/fr\/elementor-282\/gloria-insta\/\">Instagram de Gloria<\/a><\/div><\/h2><\/div><\/div><\/div><\/div><\/div><\/div><\/div><\/article><article class=\"wpr-grid-item elementor-clearfix post-610 attachment type-attachment status-inherit hentry\"><div class=\"wpr-grid-item-inner\"><div class=\"wpr-grid-media-wrap wpr-effect-size-small\"><div class=\"wpr-grid-image-wrap\" data-src=\"https:\/\/euroshorts-filmfestival.eu\/wp-content\/uploads\/2025\/05\/Going-to-be-Dutch-Insta.png\"><img decoding=\"async\" src=\"https:\/\/euroshorts-filmfestival.eu\/wp-content\/uploads\/2025\/05\/Going-to-be-Dutch-Insta.png\" alt=\"Going to be Dutch Insta\" class=\"wpr-anim-timing-ease-default\"><\/div><div class=\"wpr-grid-media-hover wpr-animation-wrap\"><div class=\"wpr-grid-media-hover-bg  wpr-overlay-fade-in wpr-anim-size-large wpr-anim-timing-ease-default wpr-anim-transparency\" data-url=\"https:\/\/euroshorts-filmfestival.eu\/fr\/elementor-282\/going-to-be-dutch-insta\/\"><\/div><div class=\"wpr-cv-container\"><div class=\"wpr-cv-outer\"><div class=\"wpr-cv-inner\"><div class=\"wpr-grid-media-hover-middle elementor-clearfix\"><div class=\"wpr-grid-item-lightbox elementor-repeater-item-9fff957 wpr-grid-item-display-block wpr-grid-item-align-center wpr-element-fade-in wpr-anim-size-large wpr-anim-timing-ease-default wpr-anim-transparency\"><div class=\"inner-block\"><span data-src=\"https:\/\/euroshorts-filmfestival.eu\/wp-content\/uploads\/2025\/05\/Going-to-be-Dutch-Insta.png\"><i class=\"fas fa-search\"><\/i><\/span><div class=\"wpr-grid-lightbox-overlay\"><\/div><\/div><\/div><h2 class=\"wpr-grid-item-title elementor-repeater-item-d364075 wpr-grid-item-display-block wpr-grid-item-align-center wpr-element-fade-in wpr-anim-size-large wpr-anim-timing-ease-default wpr-anim-transparency wpr-pointer-none wpr-pointer-line-fx wpr-pointer-fx-slide\"><div class=\"inner-block\"><a  href=\"https:\/\/euroshorts-filmfestival.eu\/fr\/elementor-282\/going-to-be-dutch-insta\/\">Je vais devenir n\u00e9erlandais sur Insta<\/a><\/div><\/h2><\/div><\/div><\/div><\/div><\/div><\/div><\/div><\/article><article class=\"wpr-grid-item elementor-clearfix post-612 attachment type-attachment status-inherit hentry\"><div class=\"wpr-grid-item-inner\"><div class=\"wpr-grid-media-wrap wpr-effect-size-small\"><div class=\"wpr-grid-image-wrap\" data-src=\"https:\/\/euroshorts-filmfestival.eu\/wp-content\/uploads\/2025\/05\/Little-tto-much-Foam.png\"><img decoding=\"async\" src=\"https:\/\/euroshorts-filmfestival.eu\/wp-content\/uploads\/2025\/05\/Little-tto-much-Foam.png\" alt=\"Little tto much Foam\" class=\"wpr-anim-timing-ease-default\"><\/div><div class=\"wpr-grid-media-hover wpr-animation-wrap\"><div class=\"wpr-grid-media-hover-bg  wpr-overlay-fade-in wpr-anim-size-large wpr-anim-timing-ease-default wpr-anim-transparency\" data-url=\"https:\/\/euroshorts-filmfestival.eu\/fr\/elementor-282\/little-tto-much-foam\/\"><\/div><div class=\"wpr-cv-container\"><div class=\"wpr-cv-outer\"><div class=\"wpr-cv-inner\"><div class=\"wpr-grid-media-hover-middle elementor-clearfix\"><div class=\"wpr-grid-item-lightbox elementor-repeater-item-9fff957 wpr-grid-item-display-block wpr-grid-item-align-center wpr-element-fade-in wpr-anim-size-large wpr-anim-timing-ease-default wpr-anim-transparency\"><div class=\"inner-block\"><span data-src=\"https:\/\/euroshorts-filmfestival.eu\/wp-content\/uploads\/2025\/05\/Little-tto-much-Foam.png\"><i class=\"fas fa-search\"><\/i><\/span><div class=\"wpr-grid-lightbox-overlay\"><\/div><\/div><\/div><h2 class=\"wpr-grid-item-title elementor-repeater-item-d364075 wpr-grid-item-display-block wpr-grid-item-align-center wpr-element-fade-in wpr-anim-size-large wpr-anim-timing-ease-default wpr-anim-transparency wpr-pointer-none wpr-pointer-line-fx wpr-pointer-fx-slide\"><div class=\"inner-block\"><a  href=\"https:\/\/euroshorts-filmfestival.eu\/fr\/elementor-282\/little-tto-much-foam\/\">Un peu trop de mousse<\/a><\/div><\/h2><\/div><\/div><\/div><\/div><\/div><\/div><\/div><\/article><article class=\"wpr-grid-item elementor-clearfix post-625 attachment type-attachment status-inherit hentry\"><div class=\"wpr-grid-item-inner\"><div class=\"wpr-grid-media-wrap wpr-effect-size-small\"><div class=\"wpr-grid-image-wrap\" data-src=\"https:\/\/euroshorts-filmfestival.eu\/wp-content\/uploads\/2025\/05\/In-the-Darkened-Rooms.png\"><img decoding=\"async\" src=\"https:\/\/euroshorts-filmfestival.eu\/wp-content\/uploads\/2025\/05\/In-the-Darkened-Rooms.png\" alt=\"In the Darkened Rooms\" class=\"wpr-anim-timing-ease-default\"><\/div><div class=\"wpr-grid-media-hover wpr-animation-wrap\"><div class=\"wpr-grid-media-hover-bg  wpr-overlay-fade-in wpr-anim-size-large wpr-anim-timing-ease-default wpr-anim-transparency\" data-url=\"https:\/\/euroshorts-filmfestival.eu\/fr\/elementor-282\/in-the-darkened-rooms\/\"><\/div><div class=\"wpr-cv-container\"><div class=\"wpr-cv-outer\"><div class=\"wpr-cv-inner\"><div class=\"wpr-grid-media-hover-middle elementor-clearfix\"><div class=\"wpr-grid-item-lightbox elementor-repeater-item-9fff957 wpr-grid-item-display-block wpr-grid-item-align-center wpr-element-fade-in wpr-anim-size-large wpr-anim-timing-ease-default wpr-anim-transparency\"><div class=\"inner-block\"><span data-src=\"https:\/\/euroshorts-filmfestival.eu\/wp-content\/uploads\/2025\/05\/In-the-Darkened-Rooms.png\"><i class=\"fas fa-search\"><\/i><\/span><div class=\"wpr-grid-lightbox-overlay\"><\/div><\/div><\/div><h2 class=\"wpr-grid-item-title elementor-repeater-item-d364075 wpr-grid-item-display-block wpr-grid-item-align-center wpr-element-fade-in wpr-anim-size-large wpr-anim-timing-ease-default wpr-anim-transparency wpr-pointer-none wpr-pointer-line-fx wpr-pointer-fx-slide\"><div class=\"inner-block\"><a  href=\"https:\/\/euroshorts-filmfestival.eu\/fr\/elementor-282\/in-the-darkened-rooms\/\">Dans les pi\u00e8ces obscures<\/a><\/div><\/h2><\/div><\/div><\/div><\/div><\/div><\/div><\/div><\/article><article class=\"wpr-grid-item elementor-clearfix post-621 attachment type-attachment status-inherit hentry\"><div class=\"wpr-grid-item-inner\"><div class=\"wpr-grid-media-wrap wpr-effect-size-small\"><div class=\"wpr-grid-image-wrap\" data-src=\"https:\/\/euroshorts-filmfestival.eu\/wp-content\/uploads\/2025\/05\/Fred-Pauline.png\"><img decoding=\"async\" src=\"https:\/\/euroshorts-filmfestival.eu\/wp-content\/uploads\/2025\/05\/Fred-Pauline.png\" alt=\"Fred &#038;Pauline\" class=\"wpr-anim-timing-ease-default\"><\/div><div class=\"wpr-grid-media-hover wpr-animation-wrap\"><div class=\"wpr-grid-media-hover-bg  wpr-overlay-fade-in wpr-anim-size-large wpr-anim-timing-ease-default wpr-anim-transparency\" data-url=\"https:\/\/euroshorts-filmfestival.eu\/fr\/elementor-282\/fred-pauline\/\"><\/div><div class=\"wpr-cv-container\"><div class=\"wpr-cv-outer\"><div class=\"wpr-cv-inner\"><div class=\"wpr-grid-media-hover-middle elementor-clearfix\"><div class=\"wpr-grid-item-lightbox elementor-repeater-item-9fff957 wpr-grid-item-display-block wpr-grid-item-align-center wpr-element-fade-in wpr-anim-size-large wpr-anim-timing-ease-default wpr-anim-transparency\"><div class=\"inner-block\"><span data-src=\"https:\/\/euroshorts-filmfestival.eu\/wp-content\/uploads\/2025\/05\/Fred-Pauline.png\"><i class=\"fas fa-search\"><\/i><\/span><div class=\"wpr-grid-lightbox-overlay\"><\/div><\/div><\/div><h2 class=\"wpr-grid-item-title elementor-repeater-item-d364075 wpr-grid-item-display-block wpr-grid-item-align-center wpr-element-fade-in wpr-anim-size-large wpr-anim-timing-ease-default wpr-anim-transparency wpr-pointer-none wpr-pointer-line-fx wpr-pointer-fx-slide\"><div class=\"inner-block\"><a  href=\"https:\/\/euroshorts-filmfestival.eu\/fr\/elementor-282\/fred-pauline\/\">Fred et Pauline<\/a><\/div><\/h2><\/div><\/div><\/div><\/div><\/div><\/div><\/div><\/article><article class=\"wpr-grid-item elementor-clearfix post-620 attachment type-attachment status-inherit hentry\"><div class=\"wpr-grid-item-inner\"><div class=\"wpr-grid-media-wrap wpr-effect-size-small\"><div class=\"wpr-grid-image-wrap\" data-src=\"https:\/\/euroshorts-filmfestival.eu\/wp-content\/uploads\/2025\/05\/Das-letzte-Stu\u0308ck-insta.png\"><img decoding=\"async\" src=\"https:\/\/euroshorts-filmfestival.eu\/wp-content\/uploads\/2025\/05\/Das-letzte-Stu\u0308ck-insta.png\" alt=\"Das letzte Stu\u0308ck insta\" class=\"wpr-anim-timing-ease-default\"><\/div><div class=\"wpr-grid-media-hover wpr-animation-wrap\"><div class=\"wpr-grid-media-hover-bg  wpr-overlay-fade-in wpr-anim-size-large wpr-anim-timing-ease-default wpr-anim-transparency\" data-url=\"https:\/\/euroshorts-filmfestival.eu\/fr\/elementor-282\/das-letzte-stu%cc%88ck-insta\/\"><\/div><div class=\"wpr-cv-container\"><div class=\"wpr-cv-outer\"><div class=\"wpr-cv-inner\"><div class=\"wpr-grid-media-hover-middle elementor-clearfix\"><div class=\"wpr-grid-item-lightbox elementor-repeater-item-9fff957 wpr-grid-item-display-block wpr-grid-item-align-center wpr-element-fade-in wpr-anim-size-large wpr-anim-timing-ease-default wpr-anim-transparency\"><div class=\"inner-block\"><span data-src=\"https:\/\/euroshorts-filmfestival.eu\/wp-content\/uploads\/2025\/05\/Das-letzte-Stu\u0308ck-insta.png\"><i class=\"fas fa-search\"><\/i><\/span><div class=\"wpr-grid-lightbox-overlay\"><\/div><\/div><\/div><h2 class=\"wpr-grid-item-title elementor-repeater-item-d364075 wpr-grid-item-display-block wpr-grid-item-align-center wpr-element-fade-in wpr-anim-size-large wpr-anim-timing-ease-default wpr-anim-transparency wpr-pointer-none wpr-pointer-line-fx wpr-pointer-fx-slide\"><div class=\"inner-block\"><a  href=\"https:\/\/euroshorts-filmfestival.eu\/fr\/elementor-282\/das-letzte-stu%cc%88ck-insta\/\">Le dernier morceau insta<\/a><\/div><\/h2><\/div><\/div><\/div><\/div><\/div><\/div><\/div><\/article><article class=\"wpr-grid-item elementor-clearfix post-619 attachment type-attachment status-inherit hentry\"><div class=\"wpr-grid-item-inner\"><div class=\"wpr-grid-media-wrap wpr-effect-size-small\"><div class=\"wpr-grid-image-wrap\" data-src=\"https:\/\/euroshorts-filmfestival.eu\/wp-content\/uploads\/2025\/05\/Cooections.png\"><img decoding=\"async\" src=\"https:\/\/euroshorts-filmfestival.eu\/wp-content\/uploads\/2025\/05\/Cooections.png\" alt=\"Cooections\" class=\"wpr-anim-timing-ease-default\"><\/div><div class=\"wpr-grid-media-hover wpr-animation-wrap\"><div class=\"wpr-grid-media-hover-bg  wpr-overlay-fade-in wpr-anim-size-large wpr-anim-timing-ease-default wpr-anim-transparency\" data-url=\"https:\/\/euroshorts-filmfestival.eu\/fr\/elementor-282\/cooections\/\"><\/div><div class=\"wpr-cv-container\"><div class=\"wpr-cv-outer\"><div class=\"wpr-cv-inner\"><div class=\"wpr-grid-media-hover-middle elementor-clearfix\"><div class=\"wpr-grid-item-lightbox elementor-repeater-item-9fff957 wpr-grid-item-display-block wpr-grid-item-align-center wpr-element-fade-in wpr-anim-size-large wpr-anim-timing-ease-default wpr-anim-transparency\"><div class=\"inner-block\"><span data-src=\"https:\/\/euroshorts-filmfestival.eu\/wp-content\/uploads\/2025\/05\/Cooections.png\"><i class=\"fas fa-search\"><\/i><\/span><div class=\"wpr-grid-lightbox-overlay\"><\/div><\/div><\/div><h2 class=\"wpr-grid-item-title elementor-repeater-item-d364075 wpr-grid-item-display-block wpr-grid-item-align-center wpr-element-fade-in wpr-anim-size-large wpr-anim-timing-ease-default wpr-anim-transparency wpr-pointer-none wpr-pointer-line-fx wpr-pointer-fx-slide\"><div class=\"inner-block\"><a  href=\"https:\/\/euroshorts-filmfestival.eu\/fr\/elementor-282\/cooections\/\">Cooections<\/a><\/div><\/h2><\/div><\/div><\/div><\/div><\/div><\/div><\/div><\/article><article class=\"wpr-grid-item elementor-clearfix post-611 attachment type-attachment status-inherit hentry\"><div class=\"wpr-grid-item-inner\"><div class=\"wpr-grid-media-wrap wpr-effect-size-small\"><div class=\"wpr-grid-image-wrap\" data-src=\"https:\/\/euroshorts-filmfestival.eu\/wp-content\/uploads\/2025\/05\/Iam-glitching-.png\"><img decoding=\"async\" src=\"https:\/\/euroshorts-filmfestival.eu\/wp-content\/uploads\/2025\/05\/Iam-glitching-.png\" alt=\"Iam glitching\" class=\"wpr-anim-timing-ease-default\"><\/div><div class=\"wpr-grid-media-hover wpr-animation-wrap\"><div class=\"wpr-grid-media-hover-bg  wpr-overlay-fade-in wpr-anim-size-large wpr-anim-timing-ease-default wpr-anim-transparency\" data-url=\"https:\/\/euroshorts-filmfestival.eu\/fr\/elementor-282\/iam-glitching\/\"><\/div><div class=\"wpr-cv-container\"><div class=\"wpr-cv-outer\"><div class=\"wpr-cv-inner\"><div class=\"wpr-grid-media-hover-middle elementor-clearfix\"><div class=\"wpr-grid-item-lightbox elementor-repeater-item-9fff957 wpr-grid-item-display-block wpr-grid-item-align-center wpr-element-fade-in wpr-anim-size-large wpr-anim-timing-ease-default wpr-anim-transparency\"><div class=\"inner-block\"><span data-src=\"https:\/\/euroshorts-filmfestival.eu\/wp-content\/uploads\/2025\/05\/Iam-glitching-.png\"><i class=\"fas fa-search\"><\/i><\/span><div class=\"wpr-grid-lightbox-overlay\"><\/div><\/div><\/div><h2 class=\"wpr-grid-item-title elementor-repeater-item-d364075 wpr-grid-item-display-block wpr-grid-item-align-center wpr-element-fade-in wpr-anim-size-large wpr-anim-timing-ease-default wpr-anim-transparency wpr-pointer-none wpr-pointer-line-fx wpr-pointer-fx-slide\"><div class=\"inner-block\"><a  href=\"https:\/\/euroshorts-filmfestival.eu\/fr\/elementor-282\/iam-glitching\/\">Je suis en train de buguer<\/a><\/div><\/h2><\/div><\/div><\/div><\/div><\/div><\/div><\/div><\/article><\/section>\t\t\t\t<\/div>\n\t\t\t\t<\/div>\n\t\t\t\t<div class=\"elementor-element elementor-element-f341170 elementor-widget elementor-widget-heading\" data-id=\"f341170\" data-element_type=\"widget\" data-widget_type=\"heading.default\">\n\t\t\t\t<div class=\"elementor-widget-container\">\n\t\t\t\t\t<h2 class=\"elementor-heading-title elementor-size-default\">Les films suivants seront projet\u00e9s le 28 mai. pr\u00e9sent\u00e9 \u00e0 partir de 18h30 \u00e0 l&#039;universit\u00e9 de Dortmund.<\/h2>\t\t\t\t<\/div>\n\t\t\t\t<\/div>\n\t\t\t\t<div class=\"elementor-element elementor-element-b69462b elementor-widget elementor-widget-video\" data-id=\"b69462b\" data-element_type=\"widget\" data-settings=\"{&quot;video_type&quot;:&quot;vimeo&quot;}\" data-widget_type=\"video.default\">\n\t\t\t\t<div class=\"elementor-widget-container\">\n\t\t\t\t\t\t\t<div class=\"elementor-wrapper elementor-open-inline\">\n\t\t\t<iframe class=\"elementor-video-iframe\" allowfullscreen allow=\"clipboard-write\" title=\"Lecteur vid\u00e9o Vimeo\" src=\"https:\/\/player.vimeo.com\/video\/1088000609?color&amp;autopause=0&amp;loop=0&amp;muted=0&amp;title=1&amp;portrait=1&amp;byline=1#t=\"><\/iframe>\t\t<\/div>\n\t\t\t\t\t\t<\/div>\n\t\t\t\t<\/div>\n\t\t\t\t<div class=\"elementor-element elementor-element-2bc8128 wpr-grid-columns-5 wpr-grid-columns--mobile2 wpr-grid-columns--tablet2 wpr-grid-pagination-center elementor-widget elementor-widget-wpr-media-grid\" data-id=\"2bc8128\" data-element_type=\"widget\" data-widget_type=\"wpr-media-grid.default\">\n\t\t\t\t<div class=\"elementor-widget-container\">\n\t\t\t\t\t<section class=\"wpr-grid wpr-media-grid elementor-clearfix\" data-settings=\"{&quot;layout&quot;:&quot;masonry&quot;,&quot;columns_desktop&quot;:&quot;5&quot;,&quot;gutter_hr&quot;:15,&quot;gutter_hr_mobile&quot;:15,&quot;gutter_hr_mobile_extra&quot;:15,&quot;gutter_hr_tablet&quot;:15,&quot;gutter_hr_tablet_extra&quot;:15,&quot;gutter_hr_laptop&quot;:15,&quot;gutter_hr_widescreen&quot;:15,&quot;gutter_vr&quot;:15,&quot;gutter_vr_mobile&quot;:15,&quot;gutter_vr_mobile_extra&quot;:15,&quot;gutter_vr_tablet&quot;:15,&quot;gutter_vr_tablet_extra&quot;:15,&quot;gutter_vr_laptop&quot;:15,&quot;gutter_vr_widescreen&quot;:15,&quot;animation&quot;:&quot;default&quot;,&quot;animation_duration&quot;:0.299999999999999988897769753748434595763683319091796875,&quot;animation_delay&quot;:0.1000000000000000055511151231257827021181583404541015625,&quot;deeplinking&quot;:&quot;no&quot;,&quot;filters_default_filter&quot;:&quot;&quot;,&quot;filters_linkable&quot;:&quot;no&quot;,&quot;filters_count&quot;:&quot;no&quot;,&quot;filters_hide_empty&quot;:&quot;no&quot;,&quot;filters_animation&quot;:&quot;default&quot;,&quot;filters_animation_duration&quot;:0.299999999999999988897769753748434595763683319091796875,&quot;filters_animation_delay&quot;:0.1000000000000000055511151231257827021181583404541015625,&quot;pagination_type&quot;:&quot;load-more&quot;,&quot;pagination_max_pages&quot;:1,&quot;lightbox&quot;:{&quot;selector&quot;:&quot;.wpr-grid-image-wrap&quot;,&quot;iframeMaxWidth&quot;:&quot;60%&quot;,&quot;hash&quot;:false,&quot;autoplay&quot;:&quot;true&quot;,&quot;pause&quot;:5000,&quot;progressBar&quot;:&quot;true&quot;,&quot;counter&quot;:&quot;true&quot;,&quot;controls&quot;:&quot;true&quot;,&quot;getCaptionFromTitleOrAlt&quot;:&quot;true&quot;,&quot;thumbnail&quot;:&quot;true&quot;,&quot;showThumbByDefault&quot;:&quot;true&quot;,&quot;share&quot;:&quot;true&quot;,&quot;zoom&quot;:&quot;true&quot;,&quot;fullScreen&quot;:&quot;true&quot;,&quot;download&quot;:&quot;true&quot;}}\"><article class=\"wpr-grid-item elementor-clearfix post-597 attachment type-attachment status-inherit hentry\"><div class=\"wpr-grid-item-inner\"><div class=\"wpr-grid-media-wrap wpr-effect-size-small\"><div class=\"wpr-grid-image-wrap\" data-src=\"https:\/\/euroshorts-filmfestival.eu\/wp-content\/uploads\/2025\/05\/GOOD-LUCK-RASTGELE.png\"><img decoding=\"async\" src=\"https:\/\/euroshorts-filmfestival.eu\/wp-content\/uploads\/2025\/05\/GOOD-LUCK-RASTGELE.png\" alt=\"GOOD LUCK RASTGELE\" class=\"wpr-anim-timing-ease-default\"><\/div><div class=\"wpr-grid-media-hover wpr-animation-wrap\"><div class=\"wpr-grid-media-hover-bg  wpr-overlay-fade-in wpr-anim-size-large wpr-anim-timing-ease-default wpr-anim-transparency\" data-url=\"https:\/\/euroshorts-filmfestival.eu\/fr\/good-luck-rastgele\/\"><\/div><div class=\"wpr-cv-container\"><div class=\"wpr-cv-outer\"><div class=\"wpr-cv-inner\"><div class=\"wpr-grid-media-hover-middle elementor-clearfix\"><div class=\"wpr-grid-item-lightbox elementor-repeater-item-9fff957 wpr-grid-item-display-block wpr-grid-item-align-center wpr-element-fade-in wpr-anim-size-large wpr-anim-timing-ease-default wpr-anim-transparency\"><div class=\"inner-block\"><span data-src=\"https:\/\/euroshorts-filmfestival.eu\/wp-content\/uploads\/2025\/05\/GOOD-LUCK-RASTGELE.png\"><i class=\"fas fa-search\"><\/i><\/span><div class=\"wpr-grid-lightbox-overlay\"><\/div><\/div><\/div><h2 class=\"wpr-grid-item-title elementor-repeater-item-d364075 wpr-grid-item-display-block wpr-grid-item-align-center wpr-element-fade-in wpr-anim-size-large wpr-anim-timing-ease-default wpr-anim-transparency wpr-pointer-none wpr-pointer-line-fx wpr-pointer-fx-slide\"><div class=\"inner-block\"><a  href=\"https:\/\/euroshorts-filmfestival.eu\/fr\/good-luck-rastgele\/\">GEL DE REPOS BONNE CHANCE<\/a><\/div><\/h2><\/div><\/div><\/div><\/div><\/div><\/div><\/div><\/article><article class=\"wpr-grid-item elementor-clearfix post-572 attachment type-attachment status-inherit hentry\"><div class=\"wpr-grid-item-inner\"><div class=\"wpr-grid-media-wrap wpr-effect-size-small\"><div class=\"wpr-grid-image-wrap\" data-src=\"https:\/\/euroshorts-filmfestival.eu\/wp-content\/uploads\/2025\/05\/galery2.png\"><img decoding=\"async\" src=\"https:\/\/euroshorts-filmfestival.eu\/wp-content\/uploads\/2025\/05\/galery2.png\" alt=\"galery2\" class=\"wpr-anim-timing-ease-default\"><\/div><div class=\"wpr-grid-media-hover wpr-animation-wrap\"><div class=\"wpr-grid-media-hover-bg  wpr-overlay-fade-in wpr-anim-size-large wpr-anim-timing-ease-default wpr-anim-transparency\" data-url=\"https:\/\/euroshorts-filmfestival.eu\/fr\/galery2\/\"><\/div><div class=\"wpr-cv-container\"><div class=\"wpr-cv-outer\"><div class=\"wpr-cv-inner\"><div class=\"wpr-grid-media-hover-middle elementor-clearfix\"><div class=\"wpr-grid-item-lightbox elementor-repeater-item-9fff957 wpr-grid-item-display-block wpr-grid-item-align-center wpr-element-fade-in wpr-anim-size-large wpr-anim-timing-ease-default wpr-anim-transparency\"><div class=\"inner-block\"><span data-src=\"https:\/\/euroshorts-filmfestival.eu\/wp-content\/uploads\/2025\/05\/galery2.png\"><i class=\"fas fa-search\"><\/i><\/span><div class=\"wpr-grid-lightbox-overlay\"><\/div><\/div><\/div><h2 class=\"wpr-grid-item-title elementor-repeater-item-d364075 wpr-grid-item-display-block wpr-grid-item-align-center wpr-element-fade-in wpr-anim-size-large wpr-anim-timing-ease-default wpr-anim-transparency wpr-pointer-none wpr-pointer-line-fx wpr-pointer-fx-slide\"><div class=\"inner-block\"><a  href=\"https:\/\/euroshorts-filmfestival.eu\/fr\/galery2\/\">galerie2<\/a><\/div><\/h2><\/div><\/div><\/div><\/div><\/div><\/div><\/div><\/article><article class=\"wpr-grid-item elementor-clearfix post-580 attachment type-attachment status-inherit hentry\"><div class=\"wpr-grid-item-inner\"><div class=\"wpr-grid-media-wrap wpr-effect-size-small\"><div class=\"wpr-grid-image-wrap\" data-src=\"https:\/\/euroshorts-filmfestival.eu\/wp-content\/uploads\/2025\/05\/galery10.png\"><img decoding=\"async\" src=\"https:\/\/euroshorts-filmfestival.eu\/wp-content\/uploads\/2025\/05\/galery10.png\" alt=\"galery10\" class=\"wpr-anim-timing-ease-default\"><\/div><div class=\"wpr-grid-media-hover wpr-animation-wrap\"><div class=\"wpr-grid-media-hover-bg  wpr-overlay-fade-in wpr-anim-size-large wpr-anim-timing-ease-default wpr-anim-transparency\" data-url=\"https:\/\/euroshorts-filmfestival.eu\/fr\/galery10\/\"><\/div><div class=\"wpr-cv-container\"><div class=\"wpr-cv-outer\"><div class=\"wpr-cv-inner\"><div class=\"wpr-grid-media-hover-middle elementor-clearfix\"><div class=\"wpr-grid-item-lightbox elementor-repeater-item-9fff957 wpr-grid-item-display-block wpr-grid-item-align-center wpr-element-fade-in wpr-anim-size-large wpr-anim-timing-ease-default wpr-anim-transparency\"><div class=\"inner-block\"><span data-src=\"https:\/\/euroshorts-filmfestival.eu\/wp-content\/uploads\/2025\/05\/galery10.png\"><i class=\"fas fa-search\"><\/i><\/span><div class=\"wpr-grid-lightbox-overlay\"><\/div><\/div><\/div><h2 class=\"wpr-grid-item-title elementor-repeater-item-d364075 wpr-grid-item-display-block wpr-grid-item-align-center wpr-element-fade-in wpr-anim-size-large wpr-anim-timing-ease-default wpr-anim-transparency wpr-pointer-none wpr-pointer-line-fx wpr-pointer-fx-slide\"><div class=\"inner-block\"><a  href=\"https:\/\/euroshorts-filmfestival.eu\/fr\/galery10\/\">galerie10<\/a><\/div><\/h2><\/div><\/div><\/div><\/div><\/div><\/div><\/div><\/article><article class=\"wpr-grid-item elementor-clearfix post-574 attachment type-attachment status-inherit hentry\"><div class=\"wpr-grid-item-inner\"><div class=\"wpr-grid-media-wrap wpr-effect-size-small\"><div class=\"wpr-grid-image-wrap\" data-src=\"https:\/\/euroshorts-filmfestival.eu\/wp-content\/uploads\/2025\/05\/galery4.png\"><img decoding=\"async\" src=\"https:\/\/euroshorts-filmfestival.eu\/wp-content\/uploads\/2025\/05\/galery4.png\" alt=\"galery4\" class=\"wpr-anim-timing-ease-default\"><\/div><div class=\"wpr-grid-media-hover wpr-animation-wrap\"><div class=\"wpr-grid-media-hover-bg  wpr-overlay-fade-in wpr-anim-size-large wpr-anim-timing-ease-default wpr-anim-transparency\" data-url=\"https:\/\/euroshorts-filmfestival.eu\/fr\/galery4\/\"><\/div><div class=\"wpr-cv-container\"><div class=\"wpr-cv-outer\"><div class=\"wpr-cv-inner\"><div class=\"wpr-grid-media-hover-middle elementor-clearfix\"><div class=\"wpr-grid-item-lightbox elementor-repeater-item-9fff957 wpr-grid-item-display-block wpr-grid-item-align-center wpr-element-fade-in wpr-anim-size-large wpr-anim-timing-ease-default wpr-anim-transparency\"><div class=\"inner-block\"><span data-src=\"https:\/\/euroshorts-filmfestival.eu\/wp-content\/uploads\/2025\/05\/galery4.png\"><i class=\"fas fa-search\"><\/i><\/span><div class=\"wpr-grid-lightbox-overlay\"><\/div><\/div><\/div><h2 class=\"wpr-grid-item-title elementor-repeater-item-d364075 wpr-grid-item-display-block wpr-grid-item-align-center wpr-element-fade-in wpr-anim-size-large wpr-anim-timing-ease-default wpr-anim-transparency wpr-pointer-none wpr-pointer-line-fx wpr-pointer-fx-slide\"><div class=\"inner-block\"><a  href=\"https:\/\/euroshorts-filmfestival.eu\/fr\/galery4\/\">galerie4<\/a><\/div><\/h2><\/div><\/div><\/div><\/div><\/div><\/div><\/div><\/article><article class=\"wpr-grid-item elementor-clearfix post-575 attachment type-attachment status-inherit hentry\"><div class=\"wpr-grid-item-inner\"><div class=\"wpr-grid-media-wrap wpr-effect-size-small\"><div class=\"wpr-grid-image-wrap\" data-src=\"https:\/\/euroshorts-filmfestival.eu\/wp-content\/uploads\/2025\/05\/galery5.png\"><img decoding=\"async\" src=\"https:\/\/euroshorts-filmfestival.eu\/wp-content\/uploads\/2025\/05\/galery5.png\" alt=\"galery5\" class=\"wpr-anim-timing-ease-default\"><\/div><div class=\"wpr-grid-media-hover wpr-animation-wrap\"><div class=\"wpr-grid-media-hover-bg  wpr-overlay-fade-in wpr-anim-size-large wpr-anim-timing-ease-default wpr-anim-transparency\" data-url=\"https:\/\/euroshorts-filmfestival.eu\/fr\/galery5\/\"><\/div><div class=\"wpr-cv-container\"><div class=\"wpr-cv-outer\"><div class=\"wpr-cv-inner\"><div class=\"wpr-grid-media-hover-middle elementor-clearfix\"><div class=\"wpr-grid-item-lightbox elementor-repeater-item-9fff957 wpr-grid-item-display-block wpr-grid-item-align-center wpr-element-fade-in wpr-anim-size-large wpr-anim-timing-ease-default wpr-anim-transparency\"><div class=\"inner-block\"><span data-src=\"https:\/\/euroshorts-filmfestival.eu\/wp-content\/uploads\/2025\/05\/galery5.png\"><i class=\"fas fa-search\"><\/i><\/span><div class=\"wpr-grid-lightbox-overlay\"><\/div><\/div><\/div><h2 class=\"wpr-grid-item-title elementor-repeater-item-d364075 wpr-grid-item-display-block wpr-grid-item-align-center wpr-element-fade-in wpr-anim-size-large wpr-anim-timing-ease-default wpr-anim-transparency wpr-pointer-none wpr-pointer-line-fx wpr-pointer-fx-slide\"><div class=\"inner-block\"><a  href=\"https:\/\/euroshorts-filmfestival.eu\/fr\/galery5\/\">galerie5<\/a><\/div><\/h2><\/div><\/div><\/div><\/div><\/div><\/div><\/div><\/article><article class=\"wpr-grid-item elementor-clearfix post-576 attachment type-attachment status-inherit hentry\"><div class=\"wpr-grid-item-inner\"><div class=\"wpr-grid-media-wrap wpr-effect-size-small\"><div class=\"wpr-grid-image-wrap\" data-src=\"https:\/\/euroshorts-filmfestival.eu\/wp-content\/uploads\/2025\/05\/galery6.png\"><img decoding=\"async\" src=\"https:\/\/euroshorts-filmfestival.eu\/wp-content\/uploads\/2025\/05\/galery6.png\" alt=\"galery6\" class=\"wpr-anim-timing-ease-default\"><\/div><div class=\"wpr-grid-media-hover wpr-animation-wrap\"><div class=\"wpr-grid-media-hover-bg  wpr-overlay-fade-in wpr-anim-size-large wpr-anim-timing-ease-default wpr-anim-transparency\" data-url=\"https:\/\/euroshorts-filmfestival.eu\/fr\/galery6\/\"><\/div><div class=\"wpr-cv-container\"><div class=\"wpr-cv-outer\"><div class=\"wpr-cv-inner\"><div class=\"wpr-grid-media-hover-middle elementor-clearfix\"><div class=\"wpr-grid-item-lightbox elementor-repeater-item-9fff957 wpr-grid-item-display-block wpr-grid-item-align-center wpr-element-fade-in wpr-anim-size-large wpr-anim-timing-ease-default wpr-anim-transparency\"><div class=\"inner-block\"><span data-src=\"https:\/\/euroshorts-filmfestival.eu\/wp-content\/uploads\/2025\/05\/galery6.png\"><i class=\"fas fa-search\"><\/i><\/span><div class=\"wpr-grid-lightbox-overlay\"><\/div><\/div><\/div><h2 class=\"wpr-grid-item-title elementor-repeater-item-d364075 wpr-grid-item-display-block wpr-grid-item-align-center wpr-element-fade-in wpr-anim-size-large wpr-anim-timing-ease-default wpr-anim-transparency wpr-pointer-none wpr-pointer-line-fx wpr-pointer-fx-slide\"><div class=\"inner-block\"><a  href=\"https:\/\/euroshorts-filmfestival.eu\/fr\/galery6\/\">galerie6<\/a><\/div><\/h2><\/div><\/div><\/div><\/div><\/div><\/div><\/div><\/article><article class=\"wpr-grid-item elementor-clearfix post-577 attachment type-attachment status-inherit hentry\"><div class=\"wpr-grid-item-inner\"><div class=\"wpr-grid-media-wrap wpr-effect-size-small\"><div class=\"wpr-grid-image-wrap\" data-src=\"https:\/\/euroshorts-filmfestival.eu\/wp-content\/uploads\/2025\/05\/galery7.png\"><img decoding=\"async\" src=\"https:\/\/euroshorts-filmfestival.eu\/wp-content\/uploads\/2025\/05\/galery7.png\" alt=\"galery7\" class=\"wpr-anim-timing-ease-default\"><\/div><div class=\"wpr-grid-media-hover wpr-animation-wrap\"><div class=\"wpr-grid-media-hover-bg  wpr-overlay-fade-in wpr-anim-size-large wpr-anim-timing-ease-default wpr-anim-transparency\" data-url=\"https:\/\/euroshorts-filmfestival.eu\/fr\/galery7\/\"><\/div><div class=\"wpr-cv-container\"><div class=\"wpr-cv-outer\"><div class=\"wpr-cv-inner\"><div class=\"wpr-grid-media-hover-middle elementor-clearfix\"><div class=\"wpr-grid-item-lightbox elementor-repeater-item-9fff957 wpr-grid-item-display-block wpr-grid-item-align-center wpr-element-fade-in wpr-anim-size-large wpr-anim-timing-ease-default wpr-anim-transparency\"><div class=\"inner-block\"><span data-src=\"https:\/\/euroshorts-filmfestival.eu\/wp-content\/uploads\/2025\/05\/galery7.png\"><i class=\"fas fa-search\"><\/i><\/span><div class=\"wpr-grid-lightbox-overlay\"><\/div><\/div><\/div><h2 class=\"wpr-grid-item-title elementor-repeater-item-d364075 wpr-grid-item-display-block wpr-grid-item-align-center wpr-element-fade-in wpr-anim-size-large wpr-anim-timing-ease-default wpr-anim-transparency wpr-pointer-none wpr-pointer-line-fx wpr-pointer-fx-slide\"><div class=\"inner-block\"><a  href=\"https:\/\/euroshorts-filmfestival.eu\/fr\/galery7\/\">galerie7<\/a><\/div><\/h2><\/div><\/div><\/div><\/div><\/div><\/div><\/div><\/article><article class=\"wpr-grid-item elementor-clearfix post-578 attachment type-attachment status-inherit hentry\"><div class=\"wpr-grid-item-inner\"><div class=\"wpr-grid-media-wrap wpr-effect-size-small\"><div class=\"wpr-grid-image-wrap\" data-src=\"https:\/\/euroshorts-filmfestival.eu\/wp-content\/uploads\/2025\/05\/galery8.png\"><img decoding=\"async\" src=\"https:\/\/euroshorts-filmfestival.eu\/wp-content\/uploads\/2025\/05\/galery8.png\" alt=\"galery8\" class=\"wpr-anim-timing-ease-default\"><\/div><div class=\"wpr-grid-media-hover wpr-animation-wrap\"><div class=\"wpr-grid-media-hover-bg  wpr-overlay-fade-in wpr-anim-size-large wpr-anim-timing-ease-default wpr-anim-transparency\" data-url=\"https:\/\/euroshorts-filmfestival.eu\/fr\/galery8\/\"><\/div><div class=\"wpr-cv-container\"><div class=\"wpr-cv-outer\"><div class=\"wpr-cv-inner\"><div class=\"wpr-grid-media-hover-middle elementor-clearfix\"><div class=\"wpr-grid-item-lightbox elementor-repeater-item-9fff957 wpr-grid-item-display-block wpr-grid-item-align-center wpr-element-fade-in wpr-anim-size-large wpr-anim-timing-ease-default wpr-anim-transparency\"><div class=\"inner-block\"><span data-src=\"https:\/\/euroshorts-filmfestival.eu\/wp-content\/uploads\/2025\/05\/galery8.png\"><i class=\"fas fa-search\"><\/i><\/span><div class=\"wpr-grid-lightbox-overlay\"><\/div><\/div><\/div><h2 class=\"wpr-grid-item-title elementor-repeater-item-d364075 wpr-grid-item-display-block wpr-grid-item-align-center wpr-element-fade-in wpr-anim-size-large wpr-anim-timing-ease-default wpr-anim-transparency wpr-pointer-none wpr-pointer-line-fx wpr-pointer-fx-slide\"><div class=\"inner-block\"><a  href=\"https:\/\/euroshorts-filmfestival.eu\/fr\/galery8\/\">galerie8<\/a><\/div><\/h2><\/div><\/div><\/div><\/div><\/div><\/div><\/div><\/article><article class=\"wpr-grid-item elementor-clearfix post-579 attachment type-attachment status-inherit hentry\"><div class=\"wpr-grid-item-inner\"><div class=\"wpr-grid-media-wrap wpr-effect-size-small\"><div class=\"wpr-grid-image-wrap\" data-src=\"https:\/\/euroshorts-filmfestival.eu\/wp-content\/uploads\/2025\/05\/galery9.png\"><img decoding=\"async\" src=\"https:\/\/euroshorts-filmfestival.eu\/wp-content\/uploads\/2025\/05\/galery9.png\" alt=\"galery9\" class=\"wpr-anim-timing-ease-default\"><\/div><div class=\"wpr-grid-media-hover wpr-animation-wrap\"><div class=\"wpr-grid-media-hover-bg  wpr-overlay-fade-in wpr-anim-size-large wpr-anim-timing-ease-default wpr-anim-transparency\" data-url=\"https:\/\/euroshorts-filmfestival.eu\/fr\/galery9\/\"><\/div><div class=\"wpr-cv-container\"><div class=\"wpr-cv-outer\"><div class=\"wpr-cv-inner\"><div class=\"wpr-grid-media-hover-middle elementor-clearfix\"><div class=\"wpr-grid-item-lightbox elementor-repeater-item-9fff957 wpr-grid-item-display-block wpr-grid-item-align-center wpr-element-fade-in wpr-anim-size-large wpr-anim-timing-ease-default wpr-anim-transparency\"><div class=\"inner-block\"><span data-src=\"https:\/\/euroshorts-filmfestival.eu\/wp-content\/uploads\/2025\/05\/galery9.png\"><i class=\"fas fa-search\"><\/i><\/span><div class=\"wpr-grid-lightbox-overlay\"><\/div><\/div><\/div><h2 class=\"wpr-grid-item-title elementor-repeater-item-d364075 wpr-grid-item-display-block wpr-grid-item-align-center wpr-element-fade-in wpr-anim-size-large wpr-anim-timing-ease-default wpr-anim-transparency wpr-pointer-none wpr-pointer-line-fx wpr-pointer-fx-slide\"><div class=\"inner-block\"><a  href=\"https:\/\/euroshorts-filmfestival.eu\/fr\/galery9\/\">galerie9<\/a><\/div><\/h2><\/div><\/div><\/div><\/div><\/div><\/div><\/div><\/article><article class=\"wpr-grid-item elementor-clearfix post-573 attachment type-attachment status-inherit hentry\"><div class=\"wpr-grid-item-inner\"><div class=\"wpr-grid-media-wrap wpr-effect-size-small\"><div class=\"wpr-grid-image-wrap\" data-src=\"https:\/\/euroshorts-filmfestival.eu\/wp-content\/uploads\/2025\/05\/galery3.png\"><img decoding=\"async\" src=\"https:\/\/euroshorts-filmfestival.eu\/wp-content\/uploads\/2025\/05\/galery3.png\" alt=\"galery3\" class=\"wpr-anim-timing-ease-default\"><\/div><div class=\"wpr-grid-media-hover wpr-animation-wrap\"><div class=\"wpr-grid-media-hover-bg  wpr-overlay-fade-in wpr-anim-size-large wpr-anim-timing-ease-default wpr-anim-transparency\" data-url=\"https:\/\/euroshorts-filmfestival.eu\/fr\/galery3\/\"><\/div><div class=\"wpr-cv-container\"><div class=\"wpr-cv-outer\"><div class=\"wpr-cv-inner\"><div class=\"wpr-grid-media-hover-middle elementor-clearfix\"><div class=\"wpr-grid-item-lightbox elementor-repeater-item-9fff957 wpr-grid-item-display-block wpr-grid-item-align-center wpr-element-fade-in wpr-anim-size-large wpr-anim-timing-ease-default wpr-anim-transparency\"><div class=\"inner-block\"><span data-src=\"https:\/\/euroshorts-filmfestival.eu\/wp-content\/uploads\/2025\/05\/galery3.png\"><i class=\"fas fa-search\"><\/i><\/span><div class=\"wpr-grid-lightbox-overlay\"><\/div><\/div><\/div><h2 class=\"wpr-grid-item-title elementor-repeater-item-d364075 wpr-grid-item-display-block wpr-grid-item-align-center wpr-element-fade-in wpr-anim-size-large wpr-anim-timing-ease-default wpr-anim-transparency wpr-pointer-none wpr-pointer-line-fx wpr-pointer-fx-slide\"><div class=\"inner-block\"><a  href=\"https:\/\/euroshorts-filmfestival.eu\/fr\/galery3\/\">galerie3<\/a><\/div><\/h2><\/div><\/div><\/div><\/div><\/div><\/div><\/div><\/article><\/section>\t\t\t\t<\/div>\n\t\t\t\t<\/div>\n\t\t\t\t<div class=\"elementor-element elementor-element-8595205 elementor-widget elementor-widget-heading\" data-id=\"8595205\" data-element_type=\"widget\" data-widget_type=\"heading.default\">\n\t\t\t\t<div class=\"elementor-widget-container\">\n\t\t\t\t\t<h2 class=\"elementor-heading-title elementor-size-default\">Les films suivants seront projet\u00e9s le 29 mai. pr\u00e9sent\u00e9 \u00e0 partir de 18h30 dans le Schauburg.<\/h2>\t\t\t\t<\/div>\n\t\t\t\t<\/div>\n\t\t\t\t<div class=\"elementor-element elementor-element-2e177f0 elementor-widget elementor-widget-video\" data-id=\"2e177f0\" data-element_type=\"widget\" data-settings=\"{&quot;video_type&quot;:&quot;vimeo&quot;}\" data-widget_type=\"video.default\">\n\t\t\t\t<div class=\"elementor-widget-container\">\n\t\t\t\t\t\t\t<div class=\"elementor-wrapper elementor-open-inline\">\n\t\t\t<iframe class=\"elementor-video-iframe\" allowfullscreen allow=\"clipboard-write\" title=\"Lecteur vid\u00e9o Vimeo\" src=\"https:\/\/player.vimeo.com\/video\/1088001783?color&amp;autopause=0&amp;loop=0&amp;muted=0&amp;title=1&amp;portrait=1&amp;byline=1#t=\"><\/iframe>\t\t<\/div>\n\t\t\t\t\t\t<\/div>\n\t\t\t\t<\/div>\n\t\t\t\t<div class=\"elementor-element elementor-element-ccc6916 elementor-widget elementor-widget-heading\" data-id=\"ccc6916\" data-element_type=\"widget\" data-widget_type=\"heading.default\">\n\t\t\t\t<div class=\"elementor-widget-container\">\n\t\t\t\t\t<h2 class=\"elementor-heading-title elementor-size-default\">Les films suivants seront projet\u00e9s le 30 mai. pr\u00e9sent\u00e9 au Roxy \u00e0 partir de 18h30<\/h2>\t\t\t\t<\/div>\n\t\t\t\t<\/div>\n\t\t\t\t<div class=\"elementor-element elementor-element-3afae03 elementor-widget elementor-widget-video\" data-id=\"3afae03\" data-element_type=\"widget\" data-settings=\"{&quot;video_type&quot;:&quot;vimeo&quot;}\" data-widget_type=\"video.default\">\n\t\t\t\t<div class=\"elementor-widget-container\">\n\t\t\t\t\t\t\t<div class=\"elementor-wrapper elementor-open-inline\">\n\t\t\t<iframe class=\"elementor-video-iframe\" allowfullscreen allow=\"clipboard-write\" title=\"Lecteur vid\u00e9o Vimeo\" src=\"https:\/\/player.vimeo.com\/video\/1088002924?color&amp;autopause=0&amp;loop=0&amp;muted=0&amp;title=1&amp;portrait=1&amp;byline=1#t=\"><\/iframe>\t\t<\/div>\n\t\t\t\t\t\t<\/div>\n\t\t\t\t<\/div>\n\t\t\t\t<div class=\"elementor-element elementor-element-93fcd2d wpr-grid-columns-5 wpr-grid-columns--mobile2 wpr-grid-columns--tablet2 wpr-grid-pagination-center elementor-widget elementor-widget-wpr-media-grid\" data-id=\"93fcd2d\" data-element_type=\"widget\" data-widget_type=\"wpr-media-grid.default\">\n\t\t\t\t<div class=\"elementor-widget-container\">\n\t\t\t\t\t<section class=\"wpr-grid wpr-media-grid elementor-clearfix\" data-settings=\"{&quot;layout&quot;:&quot;masonry&quot;,&quot;columns_desktop&quot;:&quot;5&quot;,&quot;gutter_hr&quot;:15,&quot;gutter_hr_mobile&quot;:15,&quot;gutter_hr_mobile_extra&quot;:15,&quot;gutter_hr_tablet&quot;:15,&quot;gutter_hr_tablet_extra&quot;:15,&quot;gutter_hr_laptop&quot;:15,&quot;gutter_hr_widescreen&quot;:15,&quot;gutter_vr&quot;:15,&quot;gutter_vr_mobile&quot;:15,&quot;gutter_vr_mobile_extra&quot;:15,&quot;gutter_vr_tablet&quot;:15,&quot;gutter_vr_tablet_extra&quot;:15,&quot;gutter_vr_laptop&quot;:15,&quot;gutter_vr_widescreen&quot;:15,&quot;animation&quot;:&quot;default&quot;,&quot;animation_duration&quot;:0.299999999999999988897769753748434595763683319091796875,&quot;animation_delay&quot;:0.1000000000000000055511151231257827021181583404541015625,&quot;deeplinking&quot;:&quot;no&quot;,&quot;filters_default_filter&quot;:&quot;&quot;,&quot;filters_linkable&quot;:&quot;no&quot;,&quot;filters_count&quot;:&quot;no&quot;,&quot;filters_hide_empty&quot;:&quot;no&quot;,&quot;filters_animation&quot;:&quot;default&quot;,&quot;filters_animation_duration&quot;:0.299999999999999988897769753748434595763683319091796875,&quot;filters_animation_delay&quot;:0.1000000000000000055511151231257827021181583404541015625,&quot;pagination_type&quot;:&quot;load-more&quot;,&quot;pagination_max_pages&quot;:1,&quot;lightbox&quot;:{&quot;selector&quot;:&quot;.wpr-grid-image-wrap&quot;,&quot;iframeMaxWidth&quot;:&quot;60%&quot;,&quot;hash&quot;:false,&quot;autoplay&quot;:&quot;true&quot;,&quot;pause&quot;:5000,&quot;progressBar&quot;:&quot;true&quot;,&quot;counter&quot;:&quot;true&quot;,&quot;controls&quot;:&quot;true&quot;,&quot;getCaptionFromTitleOrAlt&quot;:&quot;true&quot;,&quot;thumbnail&quot;:&quot;true&quot;,&quot;showThumbByDefault&quot;:&quot;true&quot;,&quot;share&quot;:&quot;true&quot;,&quot;zoom&quot;:&quot;true&quot;,&quot;fullScreen&quot;:&quot;true&quot;,&quot;download&quot;:&quot;true&quot;}}\"><article class=\"wpr-grid-item elementor-clearfix post-616 attachment type-attachment status-inherit hentry\"><div class=\"wpr-grid-item-inner\"><div class=\"wpr-grid-media-wrap wpr-effect-size-small\"><div class=\"wpr-grid-image-wrap\" data-src=\"https:\/\/euroshorts-filmfestival.eu\/wp-content\/uploads\/2025\/05\/Sardine-Roaster.png\"><img decoding=\"async\" src=\"https:\/\/euroshorts-filmfestival.eu\/wp-content\/uploads\/2025\/05\/Sardine-Roaster.png\" alt=\"Sardine Roaster\" class=\"wpr-anim-timing-ease-default\"><\/div><div class=\"wpr-grid-media-hover wpr-animation-wrap\"><div class=\"wpr-grid-media-hover-bg  wpr-overlay-fade-in wpr-anim-size-large wpr-anim-timing-ease-default wpr-anim-transparency\" data-url=\"https:\/\/euroshorts-filmfestival.eu\/fr\/elementor-282\/sardine-roaster\/\"><\/div><div class=\"wpr-cv-container\"><div class=\"wpr-cv-outer\"><div class=\"wpr-cv-inner\"><div class=\"wpr-grid-media-hover-middle elementor-clearfix\"><div class=\"wpr-grid-item-lightbox elementor-repeater-item-9fff957 wpr-grid-item-display-block wpr-grid-item-align-center wpr-element-fade-in wpr-anim-size-large wpr-anim-timing-ease-default wpr-anim-transparency\"><div class=\"inner-block\"><span data-src=\"https:\/\/euroshorts-filmfestival.eu\/wp-content\/uploads\/2025\/05\/Sardine-Roaster.png\"><i class=\"fas fa-search\"><\/i><\/span><div class=\"wpr-grid-lightbox-overlay\"><\/div><\/div><\/div><h2 class=\"wpr-grid-item-title elementor-repeater-item-d364075 wpr-grid-item-display-block wpr-grid-item-align-center wpr-element-fade-in wpr-anim-size-large wpr-anim-timing-ease-default wpr-anim-transparency wpr-pointer-none wpr-pointer-line-fx wpr-pointer-fx-slide\"><div class=\"inner-block\"><a  href=\"https:\/\/euroshorts-filmfestival.eu\/fr\/elementor-282\/sardine-roaster\/\">R\u00f4tisseur de sardines<\/a><\/div><\/h2><\/div><\/div><\/div><\/div><\/div><\/div><\/div><\/article><article class=\"wpr-grid-item elementor-clearfix post-613 attachment type-attachment status-inherit hentry\"><div class=\"wpr-grid-item-inner\"><div class=\"wpr-grid-media-wrap wpr-effect-size-small\"><div class=\"wpr-grid-image-wrap\" data-src=\"https:\/\/euroshorts-filmfestival.eu\/wp-content\/uploads\/2025\/05\/Maruja-Insta.png\"><img decoding=\"async\" src=\"https:\/\/euroshorts-filmfestival.eu\/wp-content\/uploads\/2025\/05\/Maruja-Insta.png\" alt=\"Maruja Insta\" class=\"wpr-anim-timing-ease-default\"><\/div><div class=\"wpr-grid-media-hover wpr-animation-wrap\"><div class=\"wpr-grid-media-hover-bg  wpr-overlay-fade-in wpr-anim-size-large wpr-anim-timing-ease-default wpr-anim-transparency\" data-url=\"https:\/\/euroshorts-filmfestival.eu\/fr\/elementor-282\/maruja-insta\/\"><\/div><div class=\"wpr-cv-container\"><div class=\"wpr-cv-outer\"><div class=\"wpr-cv-inner\"><div class=\"wpr-grid-media-hover-middle elementor-clearfix\"><div class=\"wpr-grid-item-lightbox elementor-repeater-item-9fff957 wpr-grid-item-display-block wpr-grid-item-align-center wpr-element-fade-in wpr-anim-size-large wpr-anim-timing-ease-default wpr-anim-transparency\"><div class=\"inner-block\"><span data-src=\"https:\/\/euroshorts-filmfestival.eu\/wp-content\/uploads\/2025\/05\/Maruja-Insta.png\"><i class=\"fas fa-search\"><\/i><\/span><div class=\"wpr-grid-lightbox-overlay\"><\/div><\/div><\/div><h2 class=\"wpr-grid-item-title elementor-repeater-item-d364075 wpr-grid-item-display-block wpr-grid-item-align-center wpr-element-fade-in wpr-anim-size-large wpr-anim-timing-ease-default wpr-anim-transparency wpr-pointer-none wpr-pointer-line-fx wpr-pointer-fx-slide\"><div class=\"inner-block\"><a  href=\"https:\/\/euroshorts-filmfestival.eu\/fr\/elementor-282\/maruja-insta\/\">Maruja Insta<\/a><\/div><\/h2><\/div><\/div><\/div><\/div><\/div><\/div><\/div><\/article><article class=\"wpr-grid-item elementor-clearfix post-617 attachment type-attachment status-inherit hentry\"><div class=\"wpr-grid-item-inner\"><div class=\"wpr-grid-media-wrap wpr-effect-size-small\"><div class=\"wpr-grid-image-wrap\" data-src=\"https:\/\/euroshorts-filmfestival.eu\/wp-content\/uploads\/2025\/05\/Tango-to-go.png\"><img decoding=\"async\" src=\"https:\/\/euroshorts-filmfestival.eu\/wp-content\/uploads\/2025\/05\/Tango-to-go.png\" alt=\"Tango to go\" class=\"wpr-anim-timing-ease-default\"><\/div><div class=\"wpr-grid-media-hover wpr-animation-wrap\"><div class=\"wpr-grid-media-hover-bg  wpr-overlay-fade-in wpr-anim-size-large wpr-anim-timing-ease-default wpr-anim-transparency\" data-url=\"https:\/\/euroshorts-filmfestival.eu\/fr\/elementor-282\/tango-to-go\/\"><\/div><div class=\"wpr-cv-container\"><div class=\"wpr-cv-outer\"><div class=\"wpr-cv-inner\"><div class=\"wpr-grid-media-hover-middle elementor-clearfix\"><div class=\"wpr-grid-item-lightbox elementor-repeater-item-9fff957 wpr-grid-item-display-block wpr-grid-item-align-center wpr-element-fade-in wpr-anim-size-large wpr-anim-timing-ease-default wpr-anim-transparency\"><div class=\"inner-block\"><span data-src=\"https:\/\/euroshorts-filmfestival.eu\/wp-content\/uploads\/2025\/05\/Tango-to-go.png\"><i class=\"fas fa-search\"><\/i><\/span><div class=\"wpr-grid-lightbox-overlay\"><\/div><\/div><\/div><h2 class=\"wpr-grid-item-title elementor-repeater-item-d364075 wpr-grid-item-display-block wpr-grid-item-align-center wpr-element-fade-in wpr-anim-size-large wpr-anim-timing-ease-default wpr-anim-transparency wpr-pointer-none wpr-pointer-line-fx wpr-pointer-fx-slide\"><div class=\"inner-block\"><a  href=\"https:\/\/euroshorts-filmfestival.eu\/fr\/elementor-282\/tango-to-go\/\">Tango \u00e0 emporter<\/a><\/div><\/h2><\/div><\/div><\/div><\/div><\/div><\/div><\/div><\/article><article class=\"wpr-grid-item elementor-clearfix post-614 attachment type-attachment status-inherit hentry\"><div class=\"wpr-grid-item-inner\"><div class=\"wpr-grid-media-wrap wpr-effect-size-small\"><div class=\"wpr-grid-image-wrap\" data-src=\"https:\/\/euroshorts-filmfestival.eu\/wp-content\/uploads\/2025\/05\/Nichtschwimmer.jpg\"><img decoding=\"async\" src=\"https:\/\/euroshorts-filmfestival.eu\/wp-content\/uploads\/2025\/05\/Nichtschwimmer.jpg\" alt=\"Nichtschwimmer\" class=\"wpr-anim-timing-ease-default\"><\/div><div class=\"wpr-grid-media-hover wpr-animation-wrap\"><div class=\"wpr-grid-media-hover-bg  wpr-overlay-fade-in wpr-anim-size-large wpr-anim-timing-ease-default wpr-anim-transparency\" data-url=\"https:\/\/euroshorts-filmfestival.eu\/fr\/elementor-282\/nichtschwimmer\/\"><\/div><div class=\"wpr-cv-container\"><div class=\"wpr-cv-outer\"><div class=\"wpr-cv-inner\"><div class=\"wpr-grid-media-hover-middle elementor-clearfix\"><div class=\"wpr-grid-item-lightbox elementor-repeater-item-9fff957 wpr-grid-item-display-block wpr-grid-item-align-center wpr-element-fade-in wpr-anim-size-large wpr-anim-timing-ease-default wpr-anim-transparency\"><div class=\"inner-block\"><span data-src=\"https:\/\/euroshorts-filmfestival.eu\/wp-content\/uploads\/2025\/05\/Nichtschwimmer.jpg\"><i class=\"fas fa-search\"><\/i><\/span><div class=\"wpr-grid-lightbox-overlay\"><\/div><\/div><\/div><h2 class=\"wpr-grid-item-title elementor-repeater-item-d364075 wpr-grid-item-display-block wpr-grid-item-align-center wpr-element-fade-in wpr-anim-size-large wpr-anim-timing-ease-default wpr-anim-transparency wpr-pointer-none wpr-pointer-line-fx wpr-pointer-fx-slide\"><div class=\"inner-block\"><a  href=\"https:\/\/euroshorts-filmfestival.eu\/fr\/elementor-282\/nichtschwimmer\/\">Non-nageurs<\/a><\/div><\/h2><\/div><\/div><\/div><\/div><\/div><\/div><\/div><\/article><article class=\"wpr-grid-item elementor-clearfix post-618 attachment type-attachment status-inherit hentry\"><div class=\"wpr-grid-item-inner\"><div class=\"wpr-grid-media-wrap wpr-effect-size-small\"><div class=\"wpr-grid-image-wrap\" data-src=\"https:\/\/euroshorts-filmfestival.eu\/wp-content\/uploads\/2025\/05\/Amber-and-green.jpg\"><img decoding=\"async\" src=\"https:\/\/euroshorts-filmfestival.eu\/wp-content\/uploads\/2025\/05\/Amber-and-green.jpg\" alt=\"Amber and green\" class=\"wpr-anim-timing-ease-default\"><\/div><div class=\"wpr-grid-media-hover wpr-animation-wrap\"><div class=\"wpr-grid-media-hover-bg  wpr-overlay-fade-in wpr-anim-size-large wpr-anim-timing-ease-default wpr-anim-transparency\" data-url=\"https:\/\/euroshorts-filmfestival.eu\/fr\/elementor-282\/amber-and-green\/\"><\/div><div class=\"wpr-cv-container\"><div class=\"wpr-cv-outer\"><div class=\"wpr-cv-inner\"><div class=\"wpr-grid-media-hover-middle elementor-clearfix\"><div class=\"wpr-grid-item-lightbox elementor-repeater-item-9fff957 wpr-grid-item-display-block wpr-grid-item-align-center wpr-element-fade-in wpr-anim-size-large wpr-anim-timing-ease-default wpr-anim-transparency\"><div class=\"inner-block\"><span data-src=\"https:\/\/euroshorts-filmfestival.eu\/wp-content\/uploads\/2025\/05\/Amber-and-green.jpg\"><i class=\"fas fa-search\"><\/i><\/span><div class=\"wpr-grid-lightbox-overlay\"><\/div><\/div><\/div><h2 class=\"wpr-grid-item-title elementor-repeater-item-d364075 wpr-grid-item-display-block wpr-grid-item-align-center wpr-element-fade-in wpr-anim-size-large wpr-anim-timing-ease-default wpr-anim-transparency wpr-pointer-none wpr-pointer-line-fx wpr-pointer-fx-slide\"><div class=\"inner-block\"><a  href=\"https:\/\/euroshorts-filmfestival.eu\/fr\/elementor-282\/amber-and-green\/\">Ambre et vert<\/a><\/div><\/h2><\/div><\/div><\/div><\/div><\/div><\/div><\/div><\/article><article class=\"wpr-grid-item elementor-clearfix post-615 attachment type-attachment status-inherit hentry\"><div class=\"wpr-grid-item-inner\"><div class=\"wpr-grid-media-wrap wpr-effect-size-small\"><div class=\"wpr-grid-image-wrap\" data-src=\"https:\/\/euroshorts-filmfestival.eu\/wp-content\/uploads\/2025\/05\/Sanctum-Insta.png\"><img decoding=\"async\" src=\"https:\/\/euroshorts-filmfestival.eu\/wp-content\/uploads\/2025\/05\/Sanctum-Insta.png\" alt=\"Sanctum Insta\" class=\"wpr-anim-timing-ease-default\"><\/div><div class=\"wpr-grid-media-hover wpr-animation-wrap\"><div class=\"wpr-grid-media-hover-bg  wpr-overlay-fade-in wpr-anim-size-large wpr-anim-timing-ease-default wpr-anim-transparency\" data-url=\"https:\/\/euroshorts-filmfestival.eu\/fr\/elementor-282\/sanctum-insta\/\"><\/div><div class=\"wpr-cv-container\"><div class=\"wpr-cv-outer\"><div class=\"wpr-cv-inner\"><div class=\"wpr-grid-media-hover-middle elementor-clearfix\"><div class=\"wpr-grid-item-lightbox elementor-repeater-item-9fff957 wpr-grid-item-display-block wpr-grid-item-align-center wpr-element-fade-in wpr-anim-size-large wpr-anim-timing-ease-default wpr-anim-transparency\"><div class=\"inner-block\"><span data-src=\"https:\/\/euroshorts-filmfestival.eu\/wp-content\/uploads\/2025\/05\/Sanctum-Insta.png\"><i class=\"fas fa-search\"><\/i><\/span><div class=\"wpr-grid-lightbox-overlay\"><\/div><\/div><\/div><h2 class=\"wpr-grid-item-title elementor-repeater-item-d364075 wpr-grid-item-display-block wpr-grid-item-align-center wpr-element-fade-in wpr-anim-size-large wpr-anim-timing-ease-default wpr-anim-transparency wpr-pointer-none wpr-pointer-line-fx wpr-pointer-fx-slide\"><div class=\"inner-block\"><a  href=\"https:\/\/euroshorts-filmfestival.eu\/fr\/elementor-282\/sanctum-insta\/\">Instagram de Sanctum<\/a><\/div><\/h2><\/div><\/div><\/div><\/div><\/div><\/div><\/div><\/article><article class=\"wpr-grid-item elementor-clearfix post-619 attachment type-attachment status-inherit hentry\"><div class=\"wpr-grid-item-inner\"><div class=\"wpr-grid-media-wrap wpr-effect-size-small\"><div class=\"wpr-grid-image-wrap\" data-src=\"https:\/\/euroshorts-filmfestival.eu\/wp-content\/uploads\/2025\/05\/Cooections.png\"><img decoding=\"async\" src=\"https:\/\/euroshorts-filmfestival.eu\/wp-content\/uploads\/2025\/05\/Cooections.png\" alt=\"Cooections\" class=\"wpr-anim-timing-ease-default\"><\/div><div class=\"wpr-grid-media-hover wpr-animation-wrap\"><div class=\"wpr-grid-media-hover-bg  wpr-overlay-fade-in wpr-anim-size-large wpr-anim-timing-ease-default wpr-anim-transparency\" data-url=\"https:\/\/euroshorts-filmfestival.eu\/fr\/elementor-282\/cooections\/\"><\/div><div class=\"wpr-cv-container\"><div class=\"wpr-cv-outer\"><div class=\"wpr-cv-inner\"><div class=\"wpr-grid-media-hover-middle elementor-clearfix\"><div class=\"wpr-grid-item-lightbox elementor-repeater-item-9fff957 wpr-grid-item-display-block wpr-grid-item-align-center wpr-element-fade-in wpr-anim-size-large wpr-anim-timing-ease-default wpr-anim-transparency\"><div class=\"inner-block\"><span data-src=\"https:\/\/euroshorts-filmfestival.eu\/wp-content\/uploads\/2025\/05\/Cooections.png\"><i class=\"fas fa-search\"><\/i><\/span><div class=\"wpr-grid-lightbox-overlay\"><\/div><\/div><\/div><h2 class=\"wpr-grid-item-title elementor-repeater-item-d364075 wpr-grid-item-display-block wpr-grid-item-align-center wpr-element-fade-in wpr-anim-size-large wpr-anim-timing-ease-default wpr-anim-transparency wpr-pointer-none wpr-pointer-line-fx wpr-pointer-fx-slide\"><div class=\"inner-block\"><a  href=\"https:\/\/euroshorts-filmfestival.eu\/fr\/elementor-282\/cooections\/\">Cooections<\/a><\/div><\/h2><\/div><\/div><\/div><\/div><\/div><\/div><\/div><\/article><article class=\"wpr-grid-item elementor-clearfix post-620 attachment type-attachment status-inherit hentry\"><div class=\"wpr-grid-item-inner\"><div class=\"wpr-grid-media-wrap wpr-effect-size-small\"><div class=\"wpr-grid-image-wrap\" data-src=\"https:\/\/euroshorts-filmfestival.eu\/wp-content\/uploads\/2025\/05\/Das-letzte-Stu\u0308ck-insta.png\"><img decoding=\"async\" src=\"https:\/\/euroshorts-filmfestival.eu\/wp-content\/uploads\/2025\/05\/Das-letzte-Stu\u0308ck-insta.png\" alt=\"Das letzte Stu\u0308ck insta\" class=\"wpr-anim-timing-ease-default\"><\/div><div class=\"wpr-grid-media-hover wpr-animation-wrap\"><div class=\"wpr-grid-media-hover-bg  wpr-overlay-fade-in wpr-anim-size-large wpr-anim-timing-ease-default wpr-anim-transparency\" data-url=\"https:\/\/euroshorts-filmfestival.eu\/fr\/elementor-282\/das-letzte-stu%cc%88ck-insta\/\"><\/div><div class=\"wpr-cv-container\"><div class=\"wpr-cv-outer\"><div class=\"wpr-cv-inner\"><div class=\"wpr-grid-media-hover-middle elementor-clearfix\"><div class=\"wpr-grid-item-lightbox elementor-repeater-item-9fff957 wpr-grid-item-display-block wpr-grid-item-align-center wpr-element-fade-in wpr-anim-size-large wpr-anim-timing-ease-default wpr-anim-transparency\"><div class=\"inner-block\"><span data-src=\"https:\/\/euroshorts-filmfestival.eu\/wp-content\/uploads\/2025\/05\/Das-letzte-Stu\u0308ck-insta.png\"><i class=\"fas fa-search\"><\/i><\/span><div class=\"wpr-grid-lightbox-overlay\"><\/div><\/div><\/div><h2 class=\"wpr-grid-item-title elementor-repeater-item-d364075 wpr-grid-item-display-block wpr-grid-item-align-center wpr-element-fade-in wpr-anim-size-large wpr-anim-timing-ease-default wpr-anim-transparency wpr-pointer-none wpr-pointer-line-fx wpr-pointer-fx-slide\"><div class=\"inner-block\"><a  href=\"https:\/\/euroshorts-filmfestival.eu\/fr\/elementor-282\/das-letzte-stu%cc%88ck-insta\/\">Le dernier morceau insta<\/a><\/div><\/h2><\/div><\/div><\/div><\/div><\/div><\/div><\/div><\/article><article class=\"wpr-grid-item elementor-clearfix post-621 attachment type-attachment status-inherit hentry\"><div class=\"wpr-grid-item-inner\"><div class=\"wpr-grid-media-wrap wpr-effect-size-small\"><div class=\"wpr-grid-image-wrap\" data-src=\"https:\/\/euroshorts-filmfestival.eu\/wp-content\/uploads\/2025\/05\/Fred-Pauline.png\"><img decoding=\"async\" src=\"https:\/\/euroshorts-filmfestival.eu\/wp-content\/uploads\/2025\/05\/Fred-Pauline.png\" alt=\"Fred &#038;Pauline\" class=\"wpr-anim-timing-ease-default\"><\/div><div class=\"wpr-grid-media-hover wpr-animation-wrap\"><div class=\"wpr-grid-media-hover-bg  wpr-overlay-fade-in wpr-anim-size-large wpr-anim-timing-ease-default wpr-anim-transparency\" data-url=\"https:\/\/euroshorts-filmfestival.eu\/fr\/elementor-282\/fred-pauline\/\"><\/div><div class=\"wpr-cv-container\"><div class=\"wpr-cv-outer\"><div class=\"wpr-cv-inner\"><div class=\"wpr-grid-media-hover-middle elementor-clearfix\"><div class=\"wpr-grid-item-lightbox elementor-repeater-item-9fff957 wpr-grid-item-display-block wpr-grid-item-align-center wpr-element-fade-in wpr-anim-size-large wpr-anim-timing-ease-default wpr-anim-transparency\"><div class=\"inner-block\"><span data-src=\"https:\/\/euroshorts-filmfestival.eu\/wp-content\/uploads\/2025\/05\/Fred-Pauline.png\"><i class=\"fas fa-search\"><\/i><\/span><div class=\"wpr-grid-lightbox-overlay\"><\/div><\/div><\/div><h2 class=\"wpr-grid-item-title elementor-repeater-item-d364075 wpr-grid-item-display-block wpr-grid-item-align-center wpr-element-fade-in wpr-anim-size-large wpr-anim-timing-ease-default wpr-anim-transparency wpr-pointer-none wpr-pointer-line-fx wpr-pointer-fx-slide\"><div class=\"inner-block\"><a  href=\"https:\/\/euroshorts-filmfestival.eu\/fr\/elementor-282\/fred-pauline\/\">Fred et Pauline<\/a><\/div><\/h2><\/div><\/div><\/div><\/div><\/div><\/div><\/div><\/article><\/section>\t\t\t\t<\/div>\n\t\t\t\t<\/div>\n\t\t\t\t<div class=\"elementor-element elementor-element-5dd1367 elementor-headline--style-highlight elementor-widget elementor-widget-animated-headline\" data-id=\"5dd1367\" data-element_type=\"widget\" data-settings=\"{&quot;marker&quot;:&quot;double_underline&quot;,&quot;highlighted_text&quot;:&quot;Euroshorts Filmfestival&quot;,&quot;headline_style&quot;:&quot;highlight&quot;,&quot;loop&quot;:&quot;yes&quot;,&quot;highlight_animation_duration&quot;:1200,&quot;highlight_iteration_delay&quot;:8000}\" data-widget_type=\"animated-headline.default\">\n\t\t\t\t<div class=\"elementor-widget-container\">\n\t\t\t\t\t\t\t<h3 class=\"elementor-headline\">\n\t\t\t\t\t<span class=\"elementor-headline-plain-text elementor-headline-text-wrapper\">Les mod\u00e9rateurs de la<\/span>\n\t\t\t\t<span class=\"elementor-headline-dynamic-wrapper elementor-headline-text-wrapper\">\n\t\t\t\t\t<span class=\"elementor-headline-dynamic-text elementor-headline-text-active\">Festival du film Euroshorts<\/span>\n\t\t\t\t<\/span>\n\t\t\t\t<\/h3>\n\t\t\t\t\t\t<\/div>\n\t\t\t\t<\/div>\n\t\t<div class=\"elementor-element elementor-element-8f98a4d e-grid e-con-full wpr-particle-no wpr-jarallax-no wpr-parallax-no wpr-sticky-section-no e-con e-child\" data-id=\"8f98a4d\" data-element_type=\"container\">\n\t\t\t\t<div class=\"elementor-element elementor-element-cb856b1 wpr-team-member-divider-center wpr-team-member-social-media-center elementor-widget elementor-widget-wpr-team-member\" data-id=\"cb856b1\" data-element_type=\"widget\" data-widget_type=\"wpr-team-member.default\">\n\t\t\t\t<div class=\"elementor-widget-container\">\n\t\t\t\t\t\n\t<div class=\"wpr-team-member\">\n\t\t\t\t\t\n\t\t\t<div class=\"wpr-member-media\">\n\t\t\t\t<div class=\"wpr-member-image\">\n\t\t\t\t\t<img decoding=\"async\" src=\"https:\/\/euroshorts-filmfestival.eu\/wp-content\/uploads\/2025\/05\/LeaGanzek-scaled.png\" alt=\"Lea Ganzek\">\n\t\t\t\t<\/div>\n\t\t\t\t\t\t\t<\/div>\n\t\t\t\t\n\t\t\n\t\t<div class=\"wpr-member-content\">\n\t\t\t<h3 class=\"wpr-member-name\">L\u00e9a Ganzek<\/h3>\n\t\t\t\n\t\t\t\t\t\t\t<div class=\"wpr-member-job\">mod\u00e8re \u00ab Colorit\u00e9 \u00bb et \u00ab Responsabilit\u00e9 europ\u00e9enne \u00bb<\/div>\n\t\t\t\n\t\t\t\t\t\t\t<div class=\"wpr-member-divider\"><\/div>\n\t\t\t\n\t\t\t\t\t\t\t<div class=\"wpr-member-description\">Bonjour, je m\u2019appelle Lea \u2013 n\u00e9e dans la r\u00e9gion de la Ruhr, cin\u00e9aste et \u00e9tudiante en master de cin\u00e9ma \u00e0 la FH Dortmund. Apr\u00e8s avoir obtenu mon baccalaur\u00e9at, j&#039;ai r\u00e9alis\u00e9 plusieurs courts m\u00e9trages, dont D\u00e4mmerstatus, qui a \u00e9t\u00e9 soutenu par la Fondation du film et des m\u00e9dias NRW. <br \/> En mati\u00e8re de narration, je m\u2019int\u00e9resse particuli\u00e8rement aux sujets fantastiques et aux perspectives non conventionnelles, notamment du point de vue f\u00e9minin. C\u2019est pr\u00e9cis\u00e9ment cette perspective ouverte et curieuse que j\u2019apporte sur sc\u00e8ne.<br \/> En tant que mod\u00e9rateur du Festival Euroshorts, j&#039;ai h\u00e2te de rencontrer des cin\u00e9astes, de susciter des conversations et de fournir au public des informations passionnantes - sans aucun protocole rigide, mais avec beaucoup de c\u0153ur et d&#039;int\u00e9r\u00eat pour les histoires vraies.<\/div>\n\t\t\t\t\t\t\n\t\t\t\t\t<\/div>\n\n\t\t\t<\/div>\n\n\t\t\t\t\t<\/div>\n\t\t\t\t<\/div>\n\t\t\t\t<div class=\"elementor-element elementor-element-27b9390 wpr-team-member-divider-center wpr-team-member-social-media-center elementor-widget elementor-widget-wpr-team-member\" data-id=\"27b9390\" data-element_type=\"widget\" data-widget_type=\"wpr-team-member.default\">\n\t\t\t\t<div class=\"elementor-widget-container\">\n\t\t\t\t\t\n\t<div class=\"wpr-team-member\">\n\t\t\t\t\t\n\t\t\t<div class=\"wpr-member-media\">\n\t\t\t\t<div class=\"wpr-member-image\">\n\t\t\t\t\t<img decoding=\"async\" src=\"https:\/\/euroshorts-filmfestival.eu\/wp-content\/uploads\/2025\/05\/ANNA-Heyne.jpeg\" alt=\"Anna Maria Heyne\">\n\t\t\t\t<\/div>\n\t\t\t\t\t\t\t<\/div>\n\t\t\t\t\n\t\t\n\t\t<div class=\"wpr-member-content\">\n\t\t\t<h3 class=\"wpr-member-name\">Anna Maria Heyne<\/h3>\n\t\t\t\n\t\t\t\t\t\t\t<div class=\"wpr-member-job\">a accueilli \u00ab Laughing Across the Borders \u00bb et \u00ab United in Friendship \u00bb au Schauburg et au Roxy<\/div>\n\t\t\t\n\t\t\t\t\t\t\t<div class=\"wpr-member-divider\"><\/div>\n\t\t\t\n\t\t\t\t\t\t\t<div class=\"wpr-member-description\">Salut tout le monde ! <br \/>\nJe suis Anna Maria \u2013 actrice et votre pr\u00e9sentatrice au Festival Euroshorts pendant deux soir\u00e9es cette ann\u00e9e. Ayant moi-m\u00eame \u00e9t\u00e9 sur sc\u00e8ne et devant la cam\u00e9ra, je sais combien de c\u0153ur, d\u2019\u00e2me, de courage et de passion sont mis dans chaque film. <br \/>\nC&#039;est pr\u00e9cis\u00e9ment pourquoi je me r\u00e9jouis particuli\u00e8rement d&#039;accompagner vos \u0153uvres, de partager l&#039;enthousiasme avec vous et de cr\u00e9er un espace pour de v\u00e9ritables rencontres - \u00e0 hauteur d&#039;\u0153il, avec curiosit\u00e9 et beaucoup d&#039;enthousiasme pour ce qui rend le cin\u00e9ma si sp\u00e9cial. <br \/>\nJ\u2019ai h\u00e2te de participer \u00e0 des conversations inspirantes, de d\u00e9couvrir de nouvelles impulsions cr\u00e9atives \u2013 et bien s\u00fbr de vous rencontrer tous !<\/div>\n\t\t\t\t\t\t\n\t\t\t\t\t<\/div>\n\n\t\t\t<\/div>\n\n\t\t\t\t\t<\/div>\n\t\t\t\t<\/div>\n\t\t\t\t<div class=\"elementor-element elementor-element-082fba7 wpr-team-member-divider-center wpr-team-member-social-media-center elementor-widget elementor-widget-wpr-team-member\" data-id=\"082fba7\" data-element_type=\"widget\" data-widget_type=\"wpr-team-member.default\">\n\t\t\t\t<div class=\"elementor-widget-container\">\n\t\t\t\t\t\n\t<div class=\"wpr-team-member\">\n\t\t\t\t\t\n\t\t\t<div class=\"wpr-member-media\">\n\t\t\t\t<div class=\"wpr-member-image\">\n\t\t\t\t\t<img decoding=\"async\" src=\"https:\/\/euroshorts-filmfestival.eu\/wp-content\/uploads\/2025\/05\/Britt-Lorenzen-klein-e1746878807202.jpg\" alt=\"Britt Lorenzen\">\n\t\t\t\t<\/div>\n\t\t\t\t\t\t\t<\/div>\n\t\t\t\t\n\t\t\n\t\t<div class=\"wpr-member-content\">\n\t\t\t<h3 class=\"wpr-member-name\">Britt Lorenzen<\/h3>\n\t\t\t\n\t\t\t\t\t\t\t<div class=\"wpr-member-job\">mod\u00e8re le gala de cl\u00f4ture, la finale au Th\u00e9\u00e2tre de Dortmund<\/div>\n\t\t\t\n\t\t\t\t\t\t\t<div class=\"wpr-member-divider\"><\/div>\n\t\t\t\n\t\t\t\t\t\t\t<div class=\"wpr-member-description\">Je suis Britt - originaire de Flensburg, une personne de c\u0153ur et j&#039;ai trouv\u00e9 ma vocation il y a plus de 20 ans : construire des ponts dans les projets et sur les sc\u00e8nes, agir comme traductrice entre le podium et le public (professionnel) et, surtout, \u00e9couter attentivement (ce qui est beaucoup plus difficile que de parler). <br \/>\nPourquoi cette triade est-elle particuli\u00e8rement marquante pour moi et pour le Festival du Film Euroshorts ? Nous avons tous une passion pour quelque chose. Mon r\u00f4le est de donner ma voix aux id\u00e9es, aux histoires et aux projets et de poser les bonnes questions. Ma question pr\u00e9f\u00e9r\u00e9e : qu&#039;est-ce que cela signifie exactement ? Au d\u00e9but de la curiosit\u00e9, il y a un secret. Le point d\u2019interrogation est le symbole le plus s\u00e9duisant que nous connaissions. La transmission du savoir doit \u00eatre myst\u00e9rieuse \u2013 un cadeau soigneusement emball\u00e9 que l\u2019on prend plaisir \u00e0 d\u00e9baller. Un bon m\u00e9diateur de connaissance doit cr\u00e9er la faim et \u00e9veiller la soif de connaissance. Transmettre des connaissances est un art de s\u00e9duction, le plus ancien du monde. Parce que transmettre, c&#039;est \u00eatre humain. Vous transmettez cela avec vos films. Vos images (en mouvement) et vos histoires sont ce qui reste dans l\u2019esprit des gens \u2013 quelle synergie g\u00e9niale. <br \/>\nVoici ce qui va arriver \u2013 continuons ensemble !<\/div>\n\t\t\t\t\t\t\n\t\t\t\t\t<\/div>\n\n\t\t\t<\/div>\n\n\t\t\t\t\t<\/div>\n\t\t\t\t<\/div>\n\t\t\t\t<\/div>\n\t\t\t\t<div class=\"elementor-element elementor-element-3abe895 elementor-headline--style-highlight elementor-widget elementor-widget-animated-headline\" data-id=\"3abe895\" data-element_type=\"widget\" data-settings=\"{&quot;marker&quot;:&quot;double_underline&quot;,&quot;highlighted_text&quot;:&quot;Euroshorts Filmfestival&quot;,&quot;headline_style&quot;:&quot;highlight&quot;,&quot;loop&quot;:&quot;yes&quot;,&quot;highlight_animation_duration&quot;:1200,&quot;highlight_iteration_delay&quot;:8000}\" data-widget_type=\"animated-headline.default\">\n\t\t\t\t<div class=\"elementor-widget-container\">\n\t\t\t\t\t\t\t<h3 class=\"elementor-headline\">\n\t\t\t\t\t<span class=\"elementor-headline-plain-text elementor-headline-text-wrapper\">Le jury de la<\/span>\n\t\t\t\t<span class=\"elementor-headline-dynamic-wrapper elementor-headline-text-wrapper\">\n\t\t\t\t\t<span class=\"elementor-headline-dynamic-text elementor-headline-text-active\">Festival du film Euroshorts<\/span>\n\t\t\t\t<\/span>\n\t\t\t\t<\/h3>\n\t\t\t\t\t\t<\/div>\n\t\t\t\t<\/div>\n\t\t<div class=\"elementor-element elementor-element-2b38de8 e-grid e-con-full wpr-particle-no wpr-jarallax-no wpr-parallax-no wpr-sticky-section-no e-con e-child\" data-id=\"2b38de8\" data-element_type=\"container\">\n\t\t\t\t<div class=\"elementor-element elementor-element-00c032b wpr-team-member-divider-center wpr-team-member-social-media-center elementor-widget elementor-widget-wpr-team-member\" data-id=\"00c032b\" data-element_type=\"widget\" data-widget_type=\"wpr-team-member.default\">\n\t\t\t\t<div class=\"elementor-widget-container\">\n\t\t\t\t\t\n\t<div class=\"wpr-team-member\">\n\t\t\t\t\n\t\t\n\t\t<div class=\"wpr-member-content\">\n\t\t\t<h3 class=\"wpr-member-name\">Robert Pfeffer<\/h3>\n\t\t\t\n\t\t\t\t\t\t\t<div class=\"wpr-member-job\">Bienvenue au jury, Robert !<\/div>\n\t\t\t\n\t\t\t\t\t\t\t<div class=\"wpr-member-divider\"><\/div>\n\t\t\t\n\t\t\t\t\t\t\t<div class=\"wpr-member-description\">Nous sommes tr\u00e8s heureux d\u2019accueillir Robert Pfeffer comme membre du jury ! Il travaille comme monteur de films et de s\u00e9ries depuis plus de 20 ans et travaille toujours pour RTL, l&#039;un des plus grands diffuseurs de t\u00e9l\u00e9vision allemands. <br \/>\nRobert a fait ses premiers pas sur la sc\u00e8ne du th\u00e9\u00e2tre d\u00e8s son plus jeune \u00e2ge et a d\u00e9couvert tr\u00e8s t\u00f4t sa passion pour la dramaturgie et les histoires. <br \/>\nAvec son exp\u00e9rience et son \u0153il exerc\u00e9, il enrichit notre jury d&#039;une mani\u00e8re toute particuli\u00e8re.<\/div>\n\t\t\t\t\t\t\n\t\t\t\t\t<\/div>\n\n\t\t\t<\/div>\n\n\t\t\t\t\t<\/div>\n\t\t\t\t<\/div>\n\t\t\t\t<div class=\"elementor-element elementor-element-82b3674 wpr-team-member-divider-center wpr-team-member-social-media-center elementor-widget elementor-widget-wpr-team-member\" data-id=\"82b3674\" data-element_type=\"widget\" data-widget_type=\"wpr-team-member.default\">\n\t\t\t\t<div class=\"elementor-widget-container\">\n\t\t\t\t\t\n\t<div class=\"wpr-team-member\">\n\t\t\t\t\n\t\t\n\t\t<div class=\"wpr-member-content\">\n\t\t\t<h3 class=\"wpr-member-name\">Giuliana Barthel<\/h3>\n\t\t\t\n\t\t\t\t\t\t\t<div class=\"wpr-member-job\">Bienvenue au jury, Giuliana !<\/div>\n\t\t\t\n\t\t\t\t\t\t\t<div class=\"wpr-member-divider\"><\/div>\n\t\t\t\n\t\t\t\t\t\t\t<div class=\"wpr-member-description\">a d\u00e9j\u00e0 r\u00e9alis\u00e9 plusieurs courts m\u00e9trages, dont Mother\u2019s Wish, Star et 10,119. <br \/>\nDepuis 2022, elle travaille comme productrice junior chez 5.9 Filmproduktion et a fond\u00e9 la m\u00eame ann\u00e9e le Cconnectfilmfestival, qui se consacre \u00e0 la promotion des jeunes talents du cin\u00e9ma en NRW. <br \/>\nAvec une perspective nouvelle, une \u00e9nergie cr\u00e9ative et un sens aigu des nouvelles voix, elle apporte une perspective jeune \u00e0 notre jury au Festival du film Euroshorts 2025. <br \/>\nNous attendons avec impatience votre point de vue sur le cin\u00e9ma court m\u00e9trage europ\u00e9en !<\/div>\n\t\t\t\t\t\t\n\t\t\t\t\t<\/div>\n\n\t\t\t<\/div>\n\n\t\t\t\t\t<\/div>\n\t\t\t\t<\/div>\n\t\t\t\t<div class=\"elementor-element elementor-element-e37360c wpr-team-member-divider-center wpr-team-member-social-media-center elementor-widget elementor-widget-wpr-team-member\" data-id=\"e37360c\" data-element_type=\"widget\" data-widget_type=\"wpr-team-member.default\">\n\t\t\t\t<div class=\"elementor-widget-container\">\n\t\t\t\t\t\n\t<div class=\"wpr-team-member\">\n\t\t\t\t\n\t\t\n\t\t<div class=\"wpr-member-content\">\n\t\t\t<h3 class=\"wpr-member-name\">Bettina Bergmann<\/h3>\n\t\t\t\n\t\t\t\t\t\t\t<div class=\"wpr-member-job\">Bienvenue au jury, Bettina !<\/div>\n\t\t\t\n\t\t\t\t\t\t\t<div class=\"wpr-member-divider\"><\/div>\n\t\t\t\n\t\t\t\t\t\t\t<div class=\"wpr-member-description\">Bettina Bergmann est \u00e9ditrice et conna\u00eet bien les histoires fortes, les personnages originaux et les rebondissements surprenants. <br \/>\nElle ne se contente pas de lire : elle sent quand un texte fonctionne. <br \/>\nC\u2019est d\u2019autant plus merveilleux qu\u2019elle lise d\u00e9sormais \u00e9galement avec nous au sein du jury. <br \/>\nNous attendons avec impatience votre point de vue perspicace et vos paroles claires !<\/div>\n\t\t\t\t\t\t\n\t\t\t\t\t<\/div>\n\n\t\t\t<\/div>\n\n\t\t\t\t\t<\/div>\n\t\t\t\t<\/div>\n\t\t\t\t<div class=\"elementor-element elementor-element-a95fb00 wpr-team-member-divider-center wpr-team-member-social-media-center elementor-widget elementor-widget-wpr-team-member\" data-id=\"a95fb00\" data-element_type=\"widget\" data-widget_type=\"wpr-team-member.default\">\n\t\t\t\t<div class=\"elementor-widget-container\">\n\t\t\t\t\t\n\t<div class=\"wpr-team-member\">\n\t\t\t\t\n\t\t\n\t\t<div class=\"wpr-member-content\">\n\t\t\t<h3 class=\"wpr-member-name\">Florian Linke<\/h3>\n\t\t\t\n\t\t\t\t\t\t\t<div class=\"wpr-member-job\">Bienvenue au jury, Florian !<\/div>\n\t\t\t\n\t\t\t\t\t\t\t<div class=\"wpr-member-divider\"><\/div>\n\t\t\t\n\t\t\t\t\t\t\t<div class=\"wpr-member-description\">Florian Linke est n\u00e9 pour laisser parler les images. Il a su tr\u00e8s t\u00f4t que sa passion r\u00e9sidait derri\u00e8re la cam\u00e9ra. <br \/>\nAujourd\u2019hui, il est l\u2019un des cameramen les plus renomm\u00e9s d\u2019Allemagne. <br \/>\nNous sommes tr\u00e8s heureux de l\u2019accueillir en tant que jur\u00e9 au Festival du Film Euroshorts 2025. <br \/>\nAvec son \u0153il exerc\u00e9 et son expertise visuelle, il est un atout pr\u00e9cieux pour notre jury. <br \/>\nRavi de t&#039;avoir ici, Florian !<\/div>\n\t\t\t\t\t\t\n\t\t\t\t\t<\/div>\n\n\t\t\t<\/div>\n\n\t\t\t\t\t<\/div>\n\t\t\t\t<\/div>\n\t\t\t\t<\/div>\n\t\t\t\t\t<\/div>\n\t\t\t\t<\/div>\n\t\t<div class=\"elementor-element elementor-element-20a29b4 e-flex e-con-boxed wpr-particle-no wpr-jarallax-no wpr-parallax-no wpr-sticky-section-no e-con e-parent\" data-id=\"20a29b4\" data-element_type=\"container\" data-settings=\"{&quot;background_background&quot;:&quot;classic&quot;}\">\n\t\t\t\t\t<div class=\"e-con-inner\">\n\t\t\t\t<div class=\"elementor-element elementor-element-42b2021 elementor-widget elementor-widget-text-editor\" data-id=\"42b2021\" data-element_type=\"widget\" data-widget_type=\"text-editor.default\">\n\t\t\t\t<div class=\"elementor-widget-container\">\n\t\t\t\t\t\t\t\t\t<p>Nous, de Bildrausch eV, sommes heureux d&#039;avoir re\u00e7u la confiance et la responsabilit\u00e9 d&#039;accueillir ce festival du film. Nous pensons qu\u2019il est pr\u00e9f\u00e9rable de construire des ponts plut\u00f4t que d\u2019\u00e9tablir des fronti\u00e8res. Nous sommes \u00e9galement impatients d\u2019accueillir de nombreux visiteurs pour passer un agr\u00e9able moment ensemble !<\/p><p>Si vous avez des questions ou des suggestions, veuillez nous \u00e9crire \u00e0 : info@euroshorts-filmfestival.eu<\/p>\t\t\t\t\t\t\t\t<\/div>\n\t\t\t\t<\/div>\n\t\t\t\t<div class=\"elementor-element elementor-element-b823c60 elementor-widget elementor-widget-text-editor\" data-id=\"b823c60\" data-element_type=\"widget\" data-widget_type=\"text-editor.default\">\n\t\t\t\t<div class=\"elementor-widget-container\">\n\t\t\t\t\t\t\t\t\t<p><strong>La date limite de soumission des films est pass\u00e9e.<\/strong><\/p>\t\t\t\t\t\t\t\t<\/div>\n\t\t\t\t<\/div>\n\t\t<div class=\"elementor-element elementor-element-1a224eb e-grid e-con-full wpr-particle-no wpr-jarallax-no wpr-parallax-no wpr-sticky-section-no e-con e-child\" data-id=\"1a224eb\" data-element_type=\"container\">\n\t\t\t\t<div class=\"elementor-element elementor-element-309b0f5 elementor-widget elementor-widget-image\" data-id=\"309b0f5\" data-element_type=\"widget\" data-widget_type=\"image.default\">\n\t\t\t\t<div class=\"elementor-widget-container\">\n\t\t\t\t\t\t\t\t\t\t\t\t\t\t\t<img loading=\"lazy\" decoding=\"async\" width=\"960\" height=\"450\" src=\"https:\/\/euroshorts-filmfestival.eu\/wp-content\/uploads\/2025\/04\/Dortmundervolksbank-1024x480.png\" class=\"attachment-large size-large wp-image-499\" alt=\"\" srcset=\"https:\/\/euroshorts-filmfestival.eu\/wp-content\/uploads\/2025\/04\/Dortmundervolksbank-1024x480.png 1024w, https:\/\/euroshorts-filmfestival.eu\/wp-content\/uploads\/2025\/04\/Dortmundervolksbank-300x141.png 300w, https:\/\/euroshorts-filmfestival.eu\/wp-content\/uploads\/2025\/04\/Dortmundervolksbank-768x360.png 768w, https:\/\/euroshorts-filmfestival.eu\/wp-content\/uploads\/2025\/04\/Dortmundervolksbank-18x8.png 18w, https:\/\/euroshorts-filmfestival.eu\/wp-content\/uploads\/2025\/04\/Dortmundervolksbank.png 1280w\" sizes=\"(max-width: 960px) 100vw, 960px\" \/>\t\t\t\t\t\t\t\t\t\t\t\t\t\t\t<\/div>\n\t\t\t\t<\/div>\n\t\t\t\t<div class=\"elementor-element elementor-element-2bd1cf1 elementor-widget elementor-widget-image\" data-id=\"2bd1cf1\" data-element_type=\"widget\" data-widget_type=\"image.default\">\n\t\t\t\t<div class=\"elementor-widget-container\">\n\t\t\t\t\t\t\t\t\t\t\t\t\t\t\t<img loading=\"lazy\" decoding=\"async\" width=\"1\" height=\"1\" src=\"https:\/\/euroshorts-filmfestival.eu\/wp-content\/uploads\/2025\/04\/Logo_Europaschecks_RGB.svg\" class=\"attachment-large size-large wp-image-486\" alt=\"\" \/>\t\t\t\t\t\t\t\t\t\t\t\t\t\t\t<\/div>\n\t\t\t\t<\/div>\n\t\t\t\t<div class=\"elementor-element elementor-element-4944f23 elementor-widget elementor-widget-image\" data-id=\"4944f23\" data-element_type=\"widget\" data-widget_type=\"image.default\">\n\t\t\t\t<div class=\"elementor-widget-container\">\n\t\t\t\t\t\t\t\t\t\t\t\t\t\t\t<img loading=\"lazy\" decoding=\"async\" width=\"960\" height=\"312\" src=\"https:\/\/euroshorts-filmfestival.eu\/wp-content\/uploads\/2025\/04\/EW_CMYK_Logo_Jahreszahl_25-1-1024x333.png\" class=\"attachment-large size-large wp-image-488\" alt=\"\" srcset=\"https:\/\/euroshorts-filmfestival.eu\/wp-content\/uploads\/2025\/04\/EW_CMYK_Logo_Jahreszahl_25-1-1024x333.png 1024w, https:\/\/euroshorts-filmfestival.eu\/wp-content\/uploads\/2025\/04\/EW_CMYK_Logo_Jahreszahl_25-1-300x98.png 300w, https:\/\/euroshorts-filmfestival.eu\/wp-content\/uploads\/2025\/04\/EW_CMYK_Logo_Jahreszahl_25-1-768x250.png 768w, https:\/\/euroshorts-filmfestival.eu\/wp-content\/uploads\/2025\/04\/EW_CMYK_Logo_Jahreszahl_25-1-1536x500.png 1536w, https:\/\/euroshorts-filmfestival.eu\/wp-content\/uploads\/2025\/04\/EW_CMYK_Logo_Jahreszahl_25-1-18x6.png 18w, https:\/\/euroshorts-filmfestival.eu\/wp-content\/uploads\/2025\/04\/EW_CMYK_Logo_Jahreszahl_25-1.png 2000w\" sizes=\"(max-width: 960px) 100vw, 960px\" \/>\t\t\t\t\t\t\t\t\t\t\t\t\t\t\t<\/div>\n\t\t\t\t<\/div>\n\t\t\t\t<div class=\"elementor-element elementor-element-a510598 elementor-widget elementor-widget-image\" data-id=\"a510598\" data-element_type=\"widget\" data-widget_type=\"image.default\">\n\t\t\t\t<div class=\"elementor-widget-container\">\n\t\t\t\t\t\t\t\t\t\t\t\t\t\t\t<img loading=\"lazy\" decoding=\"async\" width=\"960\" height=\"153\" src=\"https:\/\/euroshorts-filmfestival.eu\/wp-content\/uploads\/2025\/04\/AK_MBEIM-CdS_RGB-1-1024x163.png\" class=\"attachment-large size-large wp-image-485\" alt=\"\" srcset=\"https:\/\/euroshorts-filmfestival.eu\/wp-content\/uploads\/2025\/04\/AK_MBEIM-CdS_RGB-1-1024x163.png 1024w, https:\/\/euroshorts-filmfestival.eu\/wp-content\/uploads\/2025\/04\/AK_MBEIM-CdS_RGB-1-300x48.png 300w, https:\/\/euroshorts-filmfestival.eu\/wp-content\/uploads\/2025\/04\/AK_MBEIM-CdS_RGB-1-768x122.png 768w, https:\/\/euroshorts-filmfestival.eu\/wp-content\/uploads\/2025\/04\/AK_MBEIM-CdS_RGB-1-1536x244.png 1536w, https:\/\/euroshorts-filmfestival.eu\/wp-content\/uploads\/2025\/04\/AK_MBEIM-CdS_RGB-1-2048x326.png 2048w, https:\/\/euroshorts-filmfestival.eu\/wp-content\/uploads\/2025\/04\/AK_MBEIM-CdS_RGB-1-18x3.png 18w\" sizes=\"(max-width: 960px) 100vw, 960px\" \/>\t\t\t\t\t\t\t\t\t\t\t\t\t\t\t<\/div>\n\t\t\t\t<\/div>\n\t\t\t\t<div class=\"elementor-element elementor-element-1250664 elementor-widget elementor-widget-image\" data-id=\"1250664\" data-element_type=\"widget\" data-widget_type=\"image.default\">\n\t\t\t\t<div class=\"elementor-widget-container\">\n\t\t\t\t\t\t\t\t\t\t\t\t\t\t\t<img loading=\"lazy\" decoding=\"async\" width=\"320\" height=\"129\" src=\"https:\/\/euroshorts-filmfestival.eu\/wp-content\/uploads\/2025\/05\/Logo-WF-schwarz.png\" class=\"attachment-large size-large wp-image-599\" alt=\"\" srcset=\"https:\/\/euroshorts-filmfestival.eu\/wp-content\/uploads\/2025\/05\/Logo-WF-schwarz.png 320w, https:\/\/euroshorts-filmfestival.eu\/wp-content\/uploads\/2025\/05\/Logo-WF-schwarz-300x121.png 300w, https:\/\/euroshorts-filmfestival.eu\/wp-content\/uploads\/2025\/05\/Logo-WF-schwarz-18x7.png 18w\" sizes=\"(max-width: 320px) 100vw, 320px\" \/>\t\t\t\t\t\t\t\t\t\t\t\t\t\t\t<\/div>\n\t\t\t\t<\/div>\n\t\t\t\t<\/div>\n\t\t\t\t\t<\/div>\n\t\t\t\t<\/div>\n\t\t<div class=\"elementor-element elementor-element-00fe6e0 e-flex e-con-boxed wpr-particle-no wpr-jarallax-no wpr-parallax-no wpr-sticky-section-no e-con e-parent\" data-id=\"00fe6e0\" data-element_type=\"container\" data-settings=\"{&quot;background_background&quot;:&quot;gradient&quot;}\">\n\t\t\t\t\t<div class=\"e-con-inner\">\n\t\t<div class=\"elementor-element elementor-element-61a669a e-grid e-con-full wpr-particle-no wpr-jarallax-no wpr-parallax-no wpr-sticky-section-no e-con e-child\" data-id=\"61a669a\" data-element_type=\"container\">\n\t\t\t\t<div class=\"elementor-element elementor-element-95a875f elementor-widget elementor-widget-image\" data-id=\"95a875f\" data-element_type=\"widget\" data-widget_type=\"image.default\">\n\t\t\t\t<div class=\"elementor-widget-container\">\n\t\t\t\t\t\t\t\t\t\t\t\t\t\t\t<img loading=\"lazy\" decoding=\"async\" width=\"960\" height=\"104\" src=\"https:\/\/euroshorts-filmfestival.eu\/wp-content\/uploads\/2025\/03\/Dortmunder_U_01_Wortmarke_01_ohne_Zusatz_RGB_weiss-1024x111.png\" class=\"attachment-large size-large wp-image-388\" alt=\"\" srcset=\"https:\/\/euroshorts-filmfestival.eu\/wp-content\/uploads\/2025\/03\/Dortmunder_U_01_Wortmarke_01_ohne_Zusatz_RGB_weiss-1024x111.png 1024w, https:\/\/euroshorts-filmfestival.eu\/wp-content\/uploads\/2025\/03\/Dortmunder_U_01_Wortmarke_01_ohne_Zusatz_RGB_weiss-300x33.png 300w, https:\/\/euroshorts-filmfestival.eu\/wp-content\/uploads\/2025\/03\/Dortmunder_U_01_Wortmarke_01_ohne_Zusatz_RGB_weiss-768x83.png 768w, https:\/\/euroshorts-filmfestival.eu\/wp-content\/uploads\/2025\/03\/Dortmunder_U_01_Wortmarke_01_ohne_Zusatz_RGB_weiss-1536x167.png 1536w, https:\/\/euroshorts-filmfestival.eu\/wp-content\/uploads\/2025\/03\/Dortmunder_U_01_Wortmarke_01_ohne_Zusatz_RGB_weiss-2048x222.png 2048w\" sizes=\"(max-width: 960px) 100vw, 960px\" \/>\t\t\t\t\t\t\t\t\t\t\t\t\t\t\t<\/div>\n\t\t\t\t<\/div>\n\t\t\t\t<div class=\"elementor-element elementor-element-8cdb066 elementor-widget elementor-widget-image\" data-id=\"8cdb066\" data-element_type=\"widget\" data-widget_type=\"image.default\">\n\t\t\t\t<div class=\"elementor-widget-container\">\n\t\t\t\t\t\t\t\t\t\t\t\t\t\t\t<img loading=\"lazy\" decoding=\"async\" width=\"706\" height=\"240\" src=\"https:\/\/euroshorts-filmfestival.eu\/wp-content\/uploads\/2025\/02\/308625652_461430249338656_4277463132029065821_n2.png\" class=\"attachment-large size-large wp-image-331\" alt=\"\" srcset=\"https:\/\/euroshorts-filmfestival.eu\/wp-content\/uploads\/2025\/02\/308625652_461430249338656_4277463132029065821_n2.png 706w, https:\/\/euroshorts-filmfestival.eu\/wp-content\/uploads\/2025\/02\/308625652_461430249338656_4277463132029065821_n2-300x102.png 300w\" sizes=\"(max-width: 706px) 100vw, 706px\" \/>\t\t\t\t\t\t\t\t\t\t\t\t\t\t\t<\/div>\n\t\t\t\t<\/div>\n\t\t\t\t<div class=\"elementor-element elementor-element-eaf0aff elementor-widget elementor-widget-image\" data-id=\"eaf0aff\" data-element_type=\"widget\" data-widget_type=\"image.default\">\n\t\t\t\t<div class=\"elementor-widget-container\">\n\t\t\t\t\t\t\t\t\t\t\t\t\t\t\t<img loading=\"lazy\" decoding=\"async\" width=\"280\" height=\"70\" src=\"https:\/\/euroshorts-filmfestival.eu\/wp-content\/uploads\/2025\/02\/NpthXNPXbDkmF3Zro9lNdafgeJOAYY5hzF28C3Vd.png\" class=\"attachment-large size-large wp-image-325\" alt=\"\" \/>\t\t\t\t\t\t\t\t\t\t\t\t\t\t\t<\/div>\n\t\t\t\t<\/div>\n\t\t\t\t<div class=\"elementor-element elementor-element-2ede466 elementor-widget elementor-widget-image\" data-id=\"2ede466\" data-element_type=\"widget\" data-widget_type=\"image.default\">\n\t\t\t\t<div class=\"elementor-widget-container\">\n\t\t\t\t\t\t\t\t\t\t\t\t\t\t\t<img loading=\"lazy\" decoding=\"async\" width=\"350\" height=\"250\" src=\"https:\/\/euroshorts-filmfestival.eu\/wp-content\/uploads\/2025\/03\/tdo-logo_1_RGB-wei\u251c\u0192.png\" class=\"attachment-large size-large wp-image-427\" alt=\"\" srcset=\"https:\/\/euroshorts-filmfestival.eu\/wp-content\/uploads\/2025\/03\/tdo-logo_1_RGB-wei\u251c\u0192.png 350w, https:\/\/euroshorts-filmfestival.eu\/wp-content\/uploads\/2025\/03\/tdo-logo_1_RGB-wei\u251c\u0192-300x214.png 300w\" sizes=\"(max-width: 350px) 100vw, 350px\" \/>\t\t\t\t\t\t\t\t\t\t\t\t\t\t\t<\/div>\n\t\t\t\t<\/div>\n\t\t\t\t<div class=\"elementor-element elementor-element-57309f9 elementor-widget elementor-widget-image\" data-id=\"57309f9\" data-element_type=\"widget\" data-widget_type=\"image.default\">\n\t\t\t\t<div class=\"elementor-widget-container\">\n\t\t\t\t\t\t\t\t\t\t\t\t\t\t\t<img loading=\"lazy\" decoding=\"async\" width=\"427\" height=\"171\" src=\"https:\/\/euroshorts-filmfestival.eu\/wp-content\/uploads\/2025\/03\/RoxyNeuNeu1.png\" class=\"attachment-large size-large wp-image-423\" alt=\"\" srcset=\"https:\/\/euroshorts-filmfestival.eu\/wp-content\/uploads\/2025\/03\/RoxyNeuNeu1.png 427w, https:\/\/euroshorts-filmfestival.eu\/wp-content\/uploads\/2025\/03\/RoxyNeuNeu1-300x120.png 300w\" sizes=\"(max-width: 427px) 100vw, 427px\" \/>\t\t\t\t\t\t\t\t\t\t\t\t\t\t\t<\/div>\n\t\t\t\t<\/div>\n\t\t\t\t<\/div>\n\t\t\t\t\t<\/div>\n\t\t\t\t<\/div>\n\t\t\t\t<\/div>","protected":false},"excerpt":{"rendered":"<p>Festival du court m\u00e9trage EUROSHORTS Cr\u00e9ativit\u00e9 \u00c9change culturel Libert\u00e9 artistique Diversit\u00e9 | Festival du court m\u00e9trage EUROSHORTS Cr\u00e9ativit\u00e9 \u00c9change culturel Libert\u00e9 artistique Diversit\u00e9 | 31 mai 2025 Finale du festival du film Euroshorts \u00e0 partir de 19h au Schauspielhaus Dortmund Plus d&#039;informations Acheter des billets Hiltropwall 15, 44137 Dortmund Arr\u00eat Stadtgarten Les billets individuels pour l&#039;\u00e9v\u00e9nement peuvent \u00e9galement \u00eatre achet\u00e9s \u00e0 la billetterie https:\/\/vimeo.com\/1088003729 Festival du film Euroshorts Pour la toute premi\u00e8re fois, Dortmund invite l&#039;Europe au festival du film EuroShorts ! Une semaine pleine d&#039;\u00e9motions, de rires et de films stimulants vous attend - un divertissement fantastique de cin\u00e9astes europ\u00e9ens. L&#039;Europe se fait des amis - une expression souvent utilis\u00e9e qui sonne bien en termes publicitaires. Mais \u00e0 Dortmund, cela se vit ! 81 nations diff\u00e9rentes se sentent chez elles ici au c\u0153ur de la Rh\u00e9nanie-du-Nord-Westphalie. Dortmund est diverse, pleine de couleurs et de diversit\u00e9 v\u00e9cue. M\u00eame si certains \u00e9trangers associent encore Dortmund \u00e0 l&#039;acier et au charbon, notre ville est tout sauf grise ! Pendant la Semaine de l&#039;Europe, des festivals de cin\u00e9ma aux th\u00e8mes vari\u00e9s sont propos\u00e9s dans quatre cin\u00e9mas d&#039;art et d&#039;essai diff\u00e9rents. Chaque soir, le public a l&#039;embarras du choix : il s\u00e9lectionne les deux meilleurs films du jour. Ceux-ci sont \u00e0 nouveau pr\u00e9sent\u00e9s le dernier soir au Th\u00e9\u00e2tre de Dortmund et jug\u00e9s par un jury d&#039;experts issus des milieux politique, m\u00e9diatique et culturel. Les festivals sont : 2025 27 mai 2025 Sweet Sixteen Colourity - C\u00e9l\u00e9brer la diversit\u00e9 europ\u00e9enne en couleurs et en cultures La diversit\u00e9 nous rend uniques. Nous sommes tous diff\u00e9rents, et c&#039;est pr\u00e9cis\u00e9ment ce que nous devons pr\u00e9server et c\u00e9l\u00e9brer. L&#039;Europe est color\u00e9e et nous partageons des valeurs communes : libert\u00e9, ouverture et polyvalence. La diversit\u00e9 et l&#039;inclusion sont au c\u0153ur de tout ce que nous faisons, que ce soit en termes de culture, de genre, de sexualit\u00e9 ou d&#039;histoires personnelles. Inspirons-nous ensemble, construisons des ponts et c\u00e9l\u00e9brons la diversit\u00e9 de l&#039;Europe. Plus d&#039;informations sur les \u00e9v\u00e9nements au Sweet Sixteen Cinema sont disponibles ici : LIEN 28.05.2025 Dortmunder U Responsabilit\u00e9 europ\u00e9enne \u2013 Ensemble pour un avenir meilleur Nous n&#039;avons qu&#039;une seule plan\u00e8te \u2013 et la responsabilit\u00e9 de la prot\u00e9ger. Mais la durabilit\u00e9 signifie plus que la protection de l&#039;environnement. Il s&#039;agit aussi de la fa\u00e7on dont nous nous traitons les uns les autres en tant que soci\u00e9t\u00e9. Comment pouvons-nous rendre nos vies plus conscientes, plus justes et plus durables ? Ce festival recherche des courts m\u00e9trages inspirants qui pr\u00e9sentent des solutions, stimulent la r\u00e9flexion et ouvrent de nouvelles perspectives \u2013 pour un monde durable dans lequel l&#039;environnement et la communaut\u00e9 sont en harmonie. 29.05.2025 Schauburg Rire au-del\u00e0 des fronti\u00e8res \u2013 Les courts m\u00e9trages les plus dr\u00f4les d&#039;Europe Le rire est le langage universel qui nous relie tous \u2013 le meilleur rem\u00e8de contre le quotidien, contre les soucis, contre les fronti\u00e8res. Nous recherchons les courts m\u00e9trages les plus dr\u00f4les et les plus charmants d&#039;Europe ! Qu&#039;il s&#039;agisse d&#039;humour fran\u00e7ais subtil, de burlesque italienne pleine d&#039;entrain ou de punchlines merveilleusement d\u00e9cal\u00e9es de Scandinavie, vous \u00eates assur\u00e9 de ne pas avoir les yeux secs ce soir. Pr\u00eat pour un voyage humoristique \u00e0 travers l&#039;Europe ? Alors, faisons travailler vos os dr\u00f4les ensemble ! 30 mai 2025 Roxy United in Friendship - Stories of Togetherness \u00ab Un ami, un bon ami \u00bb - ainsi chantait Heinz R\u00fchmann, et cela ne pouvait pas \u00eatre plus appropri\u00e9. L&#039;amiti\u00e9 est le fondement de notre unit\u00e9. Elle ne conna\u00eet pas de fronti\u00e8res, pas de diff\u00e9rences, seulement des connexions. Que serions-nous sans amis ? Sans les moments qui nous unissent, sans les rires que nous partageons ? Nous recherchons des films qui c\u00e9l\u00e8brent exactement cela : \u00eatre ensemble, le pouvoir de la communaut\u00e9 et le sens de la v\u00e9ritable amiti\u00e9 - au-del\u00e0 de toutes les fronti\u00e8res. Parce que l&#039;amiti\u00e9 n&#039;est pas seulement un sentiment, c&#039;est un lien qui nous unit. Vous trouverez plus d&#039;informations sur les \u00e9v\u00e9nements au Roxy Lichtspielhaus ici : LIEN 31 mai 2025 Finale du Th\u00e9\u00e2tre de Dortmund Les billets pour la finale de la Semaine du Festival du Film Europ\u00e9en au Th\u00e9\u00e2tre de Dortmund peuvent \u00e9galement \u00eatre achet\u00e9s ici : LIEN Les films suivants seront pr\u00e9sent\u00e9s \u00e0 Sweet Sixteen le 27 mai \u00e0 partir de 18h30. Lettre d&#039;amour au restaurant asiatique The Exchange \u00c9tait-il plus facile d&#039;aimer insta Unerreichbar Nah Who am i Now (publication Instagram (45)) Gloria Insta Going to be Dutch Insta Little tto much Foam In the Darkened Rooms Fred &amp;Pauline Das letzte St\u00fcck insta Cooections Iam glitching Les films suivants seront pr\u00e9sent\u00e9s le 28 mai \u00e0 partir de 18h30 au Dortmunder U. BONNE CHANCE RASTGELE galerie2 galerie10 galerie4 galerie5 galerie6 galerie7 galerie8 galerie9 galerie3 Les films suivants seront pr\u00e9sent\u00e9s le 29 mai \u00e0 partir de 18h30 au Schauburg. Les films suivants seront pr\u00e9sent\u00e9s le 30 mai \u00e0 partir de 18h30 au Roxy. Fran\u00e7ais R\u00f4tisseur de sardines Maruja Insta Tango \u00e0 emporter Non-nageurs Ambre et vert Sanctum Insta Cooections La derni\u00e8re pi\u00e8ce insta Fred &amp; Pauline Les pr\u00e9sentateurs du Festival du film Euroshorts Lea Ganzek pr\u00e9sente &quot;Colorfulity&quot; et &quot;European Responsibility&quot; Salut, je suis Lea - je suis n\u00e9e dans la r\u00e9gion de la Ruhr, cin\u00e9aste et \u00e9tudiante en cin\u00e9ma en master \u00e0 l&#039;Universit\u00e9 des sciences appliqu\u00e9es et des arts de Dortmund. Apr\u00e8s avoir obtenu ma licence, j&#039;ai r\u00e9alis\u00e9 plusieurs courts m\u00e9trages, dont D\u00e4mmerstatus, qui a \u00e9t\u00e9 soutenu par la Film- und Medienstiftung NRW. En mati\u00e8re de narration, je m&#039;int\u00e9resse particuli\u00e8rement au mat\u00e9riel fantastique et aux perspectives non conventionnelles - en particulier d&#039;un point de vue f\u00e9minin. C&#039;est pr\u00e9cis\u00e9ment ce regard ouvert et curieux que j&#039;apporte sur sc\u00e8ne. En tant que pr\u00e9sentatrice au Festival Euroshorts, j&#039;ai h\u00e2te de faire connaissance avec des cin\u00e9astes, de susciter des discussions et de donner au public des aper\u00e7us passionnants - sans aucun protocole rigide, mais avec beaucoup de c\u0153ur et d&#039;int\u00e9r\u00eat pour les histoires vraies. Anna Maria Heyne pr\u00e9sente \u00ab\u00a0Rires au-del\u00e0 des fronti\u00e8res\u00a0\u00bb et \u00ab\u00a0Unis dans l&#039;amiti\u00e9\u00a0\u00bb au Schauburg et au Roxy. Bonjour \u00e0 tous\u00a0! Je suis Anna Maria, actrice et votre h\u00f4te pour deux soir\u00e9es cette ann\u00e9e au festival Euroshorts. Ayant moi-m\u00eame \u00e9t\u00e9 sur sc\u00e8ne et devant la cam\u00e9ra, je sais combien de c\u0153ur, d&#039;\u00e2me, de courage et de passion se cachent dans chaque film. C&#039;est pourquoi je suis si heureuse d&#039;accompagner vos \u0153uvres, de partager votre enthousiasme et de cr\u00e9er un espace de rencontres authentiques \u2013 sur un pied d&#039;\u00e9galit\u00e9, avec curiosit\u00e9 et un grand enthousiasme pour ce qui fait le cin\u00e9ma. J&#039;ai h\u00e2te de partager des \u00e9changes inspirants, de nouvelles impulsions cr\u00e9atives \u2013 et, bien s\u00fbr, de vous accueillir tous\u00a0! Britt Lorenzen pr\u00e9sentera le gala de cl\u00f4ture, la finale au Th\u00e9\u00e2tre de Dortmund. Je m&#039;appelle Britt, je suis originaire de Flensburg, j&#039;ai du c\u0153ur et j&#039;ai trouv\u00e9 ma vocation il y a plus de 20 ans\u00a0: cr\u00e9er des ponts dans les projets et sur sc\u00e8ne, servir d&#039;interm\u00e9diaire entre le podium et le public (professionnel), et surtout, \u00e9couter attentivement (ce qui est bien plus difficile que de parler). Pourquoi ce trio est-il si particulier pour moi et pour le Festival Euroshorts\u00a0? Nous avons tous une passion. La mienne est de donner voix \u00e0 des id\u00e9es, des histoires et des projets et de poser les bonnes questions. Ma question pr\u00e9f\u00e9r\u00e9e\u00a0: qu&#039;est-ce que cela signifie concr\u00e8tement\u00a0? \u00c0 la racine de la curiosit\u00e9 se trouve un myst\u00e8re. Le point d&#039;interrogation.<\/p>","protected":false},"author":1,"featured_media":0,"parent":0,"menu_order":0,"comment_status":"closed","ping_status":"closed","template":"","meta":{"footnotes":""},"class_list":["post-282","page","type-page","status-publish","hentry"],"_links":{"self":[{"href":"https:\/\/euroshorts-filmfestival.eu\/fr\/wp-json\/wp\/v2\/pages\/282","targetHints":{"allow":["GET"]}}],"collection":[{"href":"https:\/\/euroshorts-filmfestival.eu\/fr\/wp-json\/wp\/v2\/pages"}],"about":[{"href":"https:\/\/euroshorts-filmfestival.eu\/fr\/wp-json\/wp\/v2\/types\/page"}],"author":[{"embeddable":true,"href":"https:\/\/euroshorts-filmfestival.eu\/fr\/wp-json\/wp\/v2\/users\/1"}],"replies":[{"embeddable":true,"href":"https:\/\/euroshorts-filmfestival.eu\/fr\/wp-json\/wp\/v2\/comments?post=282"}],"version-history":[{"count":218,"href":"https:\/\/euroshorts-filmfestival.eu\/fr\/wp-json\/wp\/v2\/pages\/282\/revisions"}],"predecessor-version":[{"id":681,"href":"https:\/\/euroshorts-filmfestival.eu\/fr\/wp-json\/wp\/v2\/pages\/282\/revisions\/681"}],"wp:attachment":[{"href":"https:\/\/euroshorts-filmfestival.eu\/fr\/wp-json\/wp\/v2\/media?parent=282"}],"curies":[{"name":"wp","href":"https:\/\/api.w.org\/{rel}","templated":true}]}}